{"id":2808,"date":"2018-04-22T21:09:44","date_gmt":"2018-04-22T21:09:44","guid":{"rendered":"http:\/\/web.auger.org.ar\/visitantes\/animus\/?p=2808"},"modified":"2025-12-16T21:47:50","modified_gmt":"2025-12-17T00:47:50","slug":"personal-de-malargue","status":"publish","type":"page","link":"https:\/\/visitantes.auger.org.ar\/index.php\/personal-de-malargue\/","title":{"rendered":"Personal de Malarg\u00fce"},"content":{"rendered":"\t\t<div data-elementor-type=\"wp-post\" data-elementor-id=\"2808\" class=\"elementor elementor-2808\">\n\t\t\t\t\t\t<section class=\"elementor-section elementor-top-section elementor-element elementor-element-beab8f3 elementor-section-full_width elementor-section-height-min-height elementor-section-height-default elementor-section-items-middle\" data-id=\"beab8f3\" data-element_type=\"section\" data-e-type=\"section\" data-settings=\"{&quot;background_background&quot;:&quot;classic&quot;}\">\n\t\t\t\t\t\t\t<div class=\"elementor-background-overlay\"><\/div>\n\t\t\t\t\t\t\t<div class=\"elementor-container elementor-column-gap-default\">\n\t\t\t\t\t<div class=\"elementor-column elementor-col-100 elementor-top-column elementor-element elementor-element-4c08e9d4\" data-id=\"4c08e9d4\" data-element_type=\"column\" data-e-type=\"column\">\n\t\t\t<div class=\"elementor-widget-wrap elementor-element-populated\">\n\t\t\t\t\t\t<div class=\"elementor-element elementor-element-464a741f elementor-widget elementor-widget-heading\" data-id=\"464a741f\" data-element_type=\"widget\" data-e-type=\"widget\" data-widget_type=\"heading.default\">\n\t\t\t\t<div class=\"elementor-widget-container\">\n\t\t\t\t\t<h2 class=\"elementor-heading-title elementor-size-default\">Personal de Malarg\u00fce\n<\/h2>\t\t\t\t<\/div>\n\t\t\t\t<\/div>\n\t\t\t\t\t<\/div>\n\t\t<\/div>\n\t\t\t\t\t<\/div>\n\t\t<\/section>\n\t\t\t\t<section class=\"elementor-section elementor-top-section elementor-element elementor-element-83e9705 elementor-section-boxed elementor-section-height-default elementor-section-height-default\" data-id=\"83e9705\" data-element_type=\"section\" data-e-type=\"section\">\n\t\t\t\t\t\t<div class=\"elementor-container elementor-column-gap-default\">\n\t\t\t\t\t<div class=\"elementor-column elementor-col-100 elementor-top-column elementor-element elementor-element-9183372\" data-id=\"9183372\" data-element_type=\"column\" data-e-type=\"column\">\n\t\t\t<div class=\"elementor-widget-wrap elementor-element-populated\">\n\t\t\t\t\t\t<div class=\"elementor-element elementor-element-545c00d elementor-widget elementor-widget-image-gallery\" data-id=\"545c00d\" data-element_type=\"widget\" data-e-type=\"widget\" data-widget_type=\"image-gallery.default\">\n\t\t\t\t<div class=\"elementor-widget-container\">\n\t\t\t\t\t\t\t<div class=\"elementor-image-gallery\">\n\t\t\t<div id='gallery-1' class='gallery galleryid-2808 gallery-columns-4 gallery-size-thumbnail'><figure class='gallery-item'>\n\t\t\t<div class='gallery-icon portrait'>\n\t\t\t\t<a data-elementor-open-lightbox=\"yes\" data-elementor-lightbox-slideshow=\"545c00d\" data-elementor-lightbox-title=\"DUB_7249 (Small)\" data-e-action-hash=\"#elementor-action%3Aaction%3Dlightbox%26settings%3DeyJpZCI6MzM2NywidXJsIjoiaHR0cHM6XC9cL3Zpc2l0YW50ZXMuYXVnZXIub3JnLmFyXC93cC1jb250ZW50XC91cGxvYWRzXC8yMDE4XC8wNFwvRFVCXzcyNDktU21hbGwuanBnIiwic2xpZGVzaG93IjoiNTQ1YzAwZCJ9\" href='https:\/\/visitantes.auger.org.ar\/wp-content\/uploads\/2018\/04\/DUB_7249-Small.jpg'><img fetchpriority=\"high\" decoding=\"async\" width=\"250\" height=\"250\" src=\"https:\/\/visitantes.auger.org.ar\/wp-content\/uploads\/2018\/04\/DUB_7249-Small-250x250.jpg\" class=\"attachment-thumbnail size-thumbnail\" alt=\"\" aria-describedby=\"gallery-1-3367\" srcset=\"https:\/\/visitantes.auger.org.ar\/wp-content\/uploads\/2018\/04\/DUB_7249-Small-250x250.jpg 250w, https:\/\/visitantes.auger.org.ar\/wp-content\/uploads\/2018\/04\/DUB_7249-Small-85x85.jpg 85w, https:\/\/visitantes.auger.org.ar\/wp-content\/uploads\/2018\/04\/DUB_7249-Small-80x80.jpg 80w, https:\/\/visitantes.auger.org.ar\/wp-content\/uploads\/2018\/04\/DUB_7249-Small-480x480.jpg 480w\" sizes=\"(max-width: 250px) 100vw, 250px\" \/><\/a>\n\t\t\t<\/div>\n\t\t\t\t<figcaption class='wp-caption-text gallery-caption' id='gallery-1-3367'>\n\t\t\t\t Gualberto \u00c1vila &#8211; ex-Gerente de Sitio\n\t\t\t\t<\/figcaption><\/figure><figure class='gallery-item'>\n\t\t\t<div class='gallery-icon portrait'>\n\t\t\t\t<a data-elementor-open-lightbox=\"yes\" data-elementor-lightbox-slideshow=\"545c00d\" data-elementor-lightbox-title=\"DUB_7119 (Small)\" data-e-action-hash=\"#elementor-action%3Aaction%3Dlightbox%26settings%3DeyJpZCI6MzM0NiwidXJsIjoiaHR0cHM6XC9cL3Zpc2l0YW50ZXMuYXVnZXIub3JnLmFyXC93cC1jb250ZW50XC91cGxvYWRzXC8yMDE4XC8wNFwvRFVCXzcxMTktU21hbGwuanBnIiwic2xpZGVzaG93IjoiNTQ1YzAwZCJ9\" href='https:\/\/visitantes.auger.org.ar\/wp-content\/uploads\/2018\/04\/DUB_7119-Small.jpg'><img decoding=\"async\" width=\"250\" height=\"250\" src=\"https:\/\/visitantes.auger.org.ar\/wp-content\/uploads\/2018\/04\/DUB_7119-Small-250x250.jpg\" class=\"attachment-thumbnail size-thumbnail\" alt=\"\" aria-describedby=\"gallery-1-3346\" srcset=\"https:\/\/visitantes.auger.org.ar\/wp-content\/uploads\/2018\/04\/DUB_7119-Small-250x250.jpg 250w, https:\/\/visitantes.auger.org.ar\/wp-content\/uploads\/2018\/04\/DUB_7119-Small-85x85.jpg 85w, https:\/\/visitantes.auger.org.ar\/wp-content\/uploads\/2018\/04\/DUB_7119-Small-80x80.jpg 80w, https:\/\/visitantes.auger.org.ar\/wp-content\/uploads\/2018\/04\/DUB_7119-Small-480x480.jpg 480w\" sizes=\"(max-width: 250px) 100vw, 250px\" \/><\/a>\n\t\t\t<\/div>\n\t\t\t\t<figcaption class='wp-caption-text gallery-caption' id='gallery-1-3346'>\n\t\t\t\tNicol\u00e1s Leal &#8211; Gerente de Sitio\n\t\t\t\t<\/figcaption><\/figure><figure class='gallery-item'>\n\t\t\t<div class='gallery-icon portrait'>\n\t\t\t\t<a data-elementor-open-lightbox=\"yes\" data-elementor-lightbox-slideshow=\"545c00d\" data-elementor-lightbox-title=\"DUB_7285 (Small)\" data-e-action-hash=\"#elementor-action%3Aaction%3Dlightbox%26settings%3DeyJpZCI6MzM3MiwidXJsIjoiaHR0cHM6XC9cL3Zpc2l0YW50ZXMuYXVnZXIub3JnLmFyXC93cC1jb250ZW50XC91cGxvYWRzXC8yMDE4XC8wNFwvRFVCXzcyODUtU21hbGwuanBnIiwic2xpZGVzaG93IjoiNTQ1YzAwZCJ9\" href='https:\/\/visitantes.auger.org.ar\/wp-content\/uploads\/2018\/04\/DUB_7285-Small.jpg'><img decoding=\"async\" width=\"250\" height=\"250\" src=\"https:\/\/visitantes.auger.org.ar\/wp-content\/uploads\/2018\/04\/DUB_7285-Small-250x250.jpg\" class=\"attachment-thumbnail size-thumbnail\" alt=\"\" aria-describedby=\"gallery-1-3372\" srcset=\"https:\/\/visitantes.auger.org.ar\/wp-content\/uploads\/2018\/04\/DUB_7285-Small-250x250.jpg 250w, https:\/\/visitantes.auger.org.ar\/wp-content\/uploads\/2018\/04\/DUB_7285-Small-85x85.jpg 85w, https:\/\/visitantes.auger.org.ar\/wp-content\/uploads\/2018\/04\/DUB_7285-Small-80x80.jpg 80w, https:\/\/visitantes.auger.org.ar\/wp-content\/uploads\/2018\/04\/DUB_7285-Small-480x480.jpg 480w\" sizes=\"(max-width: 250px) 100vw, 250px\" \/><\/a>\n\t\t\t<\/div>\n\t\t\t\t<figcaption class='wp-caption-text gallery-caption' id='gallery-1-3372'>\n\t\t\t\tRosa Pacheco &#8211; Secretaria de Gerencia\n\t\t\t\t<\/figcaption><\/figure><figure class='gallery-item'>\n\t\t\t<div class='gallery-icon portrait'>\n\t\t\t\t<a data-elementor-open-lightbox=\"yes\" data-elementor-lightbox-slideshow=\"545c00d\" data-elementor-lightbox-title=\"DUB_7295 (Small)\" data-e-action-hash=\"#elementor-action%3Aaction%3Dlightbox%26settings%3DeyJpZCI6MzM3MywidXJsIjoiaHR0cHM6XC9cL3Zpc2l0YW50ZXMuYXVnZXIub3JnLmFyXC93cC1jb250ZW50XC91cGxvYWRzXC8yMDE4XC8wNFwvRFVCXzcyOTUtU21hbGwuanBnIiwic2xpZGVzaG93IjoiNTQ1YzAwZCJ9\" href='https:\/\/visitantes.auger.org.ar\/wp-content\/uploads\/2018\/04\/DUB_7295-Small.jpg'><img loading=\"lazy\" decoding=\"async\" width=\"250\" height=\"250\" src=\"https:\/\/visitantes.auger.org.ar\/wp-content\/uploads\/2018\/04\/DUB_7295-Small-250x250.jpg\" class=\"attachment-thumbnail size-thumbnail\" alt=\"\" aria-describedby=\"gallery-1-3373\" srcset=\"https:\/\/visitantes.auger.org.ar\/wp-content\/uploads\/2018\/04\/DUB_7295-Small-250x250.jpg 250w, https:\/\/visitantes.auger.org.ar\/wp-content\/uploads\/2018\/04\/DUB_7295-Small-85x85.jpg 85w, https:\/\/visitantes.auger.org.ar\/wp-content\/uploads\/2018\/04\/DUB_7295-Small-80x80.jpg 80w, https:\/\/visitantes.auger.org.ar\/wp-content\/uploads\/2018\/04\/DUB_7295-Small-480x480.jpg 480w\" sizes=\"(max-width: 250px) 100vw, 250px\" \/><\/a>\n\t\t\t<\/div>\n\t\t\t\t<figcaption class='wp-caption-text gallery-caption' id='gallery-1-3373'>\n\t\t\t\tYamila Gimenez &#8211; Contadora\n\t\t\t\t<\/figcaption><\/figure><figure class='gallery-item'>\n\t\t\t<div class='gallery-icon portrait'>\n\t\t\t\t<a data-elementor-open-lightbox=\"yes\" data-elementor-lightbox-slideshow=\"545c00d\" data-elementor-lightbox-title=\"46_00000 copia\" data-e-action-hash=\"#elementor-action%3Aaction%3Dlightbox%26settings%3DeyJpZCI6NTY5OCwidXJsIjoiaHR0cHM6XC9cL3Zpc2l0YW50ZXMuYXVnZXIub3JnLmFyXC93cC1jb250ZW50XC91cGxvYWRzXC8yMDIzXC8wN1wvNDZfMDAwMDAtY29waWEtc2NhbGVkLmpwZyIsInNsaWRlc2hvdyI6IjU0NWMwMGQifQ%3D%3D\" href='https:\/\/visitantes.auger.org.ar\/wp-content\/uploads\/2023\/07\/46_00000-copia-scaled.jpg'><img loading=\"lazy\" decoding=\"async\" width=\"250\" height=\"250\" src=\"https:\/\/visitantes.auger.org.ar\/wp-content\/uploads\/2023\/07\/46_00000-copia-250x250.jpg\" class=\"attachment-thumbnail size-thumbnail\" alt=\"\" aria-describedby=\"gallery-1-5698\" \/><\/a>\n\t\t\t<\/div>\n\t\t\t\t<figcaption class='wp-caption-text gallery-caption' id='gallery-1-5698'>\n\t\t\t\tYancarlos Guerra &#8211; Administrador de Sistemas y Adquisici\u00f3n de Datos (CDAS)\n\t\t\t\t<\/figcaption><\/figure><figure class='gallery-item'>\n\t\t\t<div class='gallery-icon portrait'>\n\t\t\t\t<a data-elementor-open-lightbox=\"yes\" data-elementor-lightbox-slideshow=\"545c00d\" data-elementor-lightbox-title=\"DUB_7168 (Small)\" data-e-action-hash=\"#elementor-action%3Aaction%3Dlightbox%26settings%3DeyJpZCI6MzM1NCwidXJsIjoiaHR0cHM6XC9cL3Zpc2l0YW50ZXMuYXVnZXIub3JnLmFyXC93cC1jb250ZW50XC91cGxvYWRzXC8yMDE4XC8wNFwvRFVCXzcxNjgtU21hbGwuanBnIiwic2xpZGVzaG93IjoiNTQ1YzAwZCJ9\" href='https:\/\/visitantes.auger.org.ar\/wp-content\/uploads\/2018\/04\/DUB_7168-Small.jpg'><img loading=\"lazy\" decoding=\"async\" width=\"250\" height=\"250\" src=\"https:\/\/visitantes.auger.org.ar\/wp-content\/uploads\/2018\/04\/DUB_7168-Small-250x250.jpg\" class=\"attachment-thumbnail size-thumbnail\" alt=\"\" aria-describedby=\"gallery-1-3354\" srcset=\"https:\/\/visitantes.auger.org.ar\/wp-content\/uploads\/2018\/04\/DUB_7168-Small-250x250.jpg 250w, https:\/\/visitantes.auger.org.ar\/wp-content\/uploads\/2018\/04\/DUB_7168-Small-85x85.jpg 85w, https:\/\/visitantes.auger.org.ar\/wp-content\/uploads\/2018\/04\/DUB_7168-Small-80x80.jpg 80w, https:\/\/visitantes.auger.org.ar\/wp-content\/uploads\/2018\/04\/DUB_7168-Small-480x480.jpg 480w\" sizes=\"(max-width: 250px) 100vw, 250px\" \/><\/a>\n\t\t\t<\/div>\n\t\t\t\t<figcaption class='wp-caption-text gallery-caption' id='gallery-1-3354'>\n\t\t\t\tJesica Velazquez &#8211; Base de datos SD &#8211; Soporte \u00e1rea de sistemas &#8211; Back-up Outreach\n\t\t\t\t<\/figcaption><\/figure><figure class='gallery-item'>\n\t\t\t<div class='gallery-icon portrait'>\n\t\t\t\t<a data-elementor-open-lightbox=\"yes\" data-elementor-lightbox-slideshow=\"545c00d\" data-elementor-lightbox-title=\"Juan Pablo Behler\" data-e-action-hash=\"#elementor-action%3Aaction%3Dlightbox%26settings%3DeyJpZCI6ODQ2NSwidXJsIjoiaHR0cHM6XC9cL3Zpc2l0YW50ZXMuYXVnZXIub3JnLmFyXC93cC1jb250ZW50XC91cGxvYWRzXC8yMDI0XC8xMVwvSnVhbi1QYWJsby1CZWhsZXIuanBnIiwic2xpZGVzaG93IjoiNTQ1YzAwZCJ9\" href='https:\/\/visitantes.auger.org.ar\/wp-content\/uploads\/2024\/11\/Juan-Pablo-Behler.jpg'><img loading=\"lazy\" decoding=\"async\" width=\"250\" height=\"250\" src=\"https:\/\/visitantes.auger.org.ar\/wp-content\/uploads\/2024\/11\/Juan-Pablo-Behler-250x250.jpg\" class=\"attachment-thumbnail size-thumbnail\" alt=\"\" aria-describedby=\"gallery-1-8465\" \/><\/a>\n\t\t\t<\/div>\n\t\t\t\t<figcaption class='wp-caption-text gallery-caption' id='gallery-1-8465'>\n\t\t\t\tJuan Pablo Behler &#8211; Sistemas\n\t\t\t\t<\/figcaption><\/figure><figure class='gallery-item'>\n\t\t\t<div class='gallery-icon portrait'>\n\t\t\t\t<a data-elementor-open-lightbox=\"yes\" data-elementor-lightbox-slideshow=\"545c00d\" data-elementor-lightbox-title=\"DUB_7070 (Small)\" data-e-action-hash=\"#elementor-action%3Aaction%3Dlightbox%26settings%3DeyJpZCI6MzM0MCwidXJsIjoiaHR0cHM6XC9cL3Zpc2l0YW50ZXMuYXVnZXIub3JnLmFyXC93cC1jb250ZW50XC91cGxvYWRzXC8yMDE4XC8wNFwvRFVCXzcwNzAtU21hbGwuanBnIiwic2xpZGVzaG93IjoiNTQ1YzAwZCJ9\" href='https:\/\/visitantes.auger.org.ar\/wp-content\/uploads\/2018\/04\/DUB_7070-Small.jpg'><img loading=\"lazy\" decoding=\"async\" width=\"250\" height=\"250\" src=\"https:\/\/visitantes.auger.org.ar\/wp-content\/uploads\/2018\/04\/DUB_7070-Small-250x250.jpg\" class=\"attachment-thumbnail size-thumbnail\" alt=\"\" aria-describedby=\"gallery-1-3340\" srcset=\"https:\/\/visitantes.auger.org.ar\/wp-content\/uploads\/2018\/04\/DUB_7070-Small-250x250.jpg 250w, https:\/\/visitantes.auger.org.ar\/wp-content\/uploads\/2018\/04\/DUB_7070-Small-85x85.jpg 85w, https:\/\/visitantes.auger.org.ar\/wp-content\/uploads\/2018\/04\/DUB_7070-Small-80x80.jpg 80w, https:\/\/visitantes.auger.org.ar\/wp-content\/uploads\/2018\/04\/DUB_7070-Small-480x480.jpg 480w\" sizes=\"(max-width: 250px) 100vw, 250px\" \/><\/a>\n\t\t\t<\/div>\n\t\t\t\t<figcaption class='wp-caption-text gallery-caption' id='gallery-1-3340'>\n\t\t\t\tJorge Rodr\u00edguez &#8211; Sistemas de Monitoreos Atmosf\u00e9ricos\n\t\t\t\t<\/figcaption><\/figure><figure class='gallery-item'>\n\t\t\t<div class='gallery-icon portrait'>\n\t\t\t\t<a data-elementor-open-lightbox=\"yes\" data-elementor-lightbox-slideshow=\"545c00d\" data-elementor-lightbox-title=\"Yosel Balibrea\" data-e-action-hash=\"#elementor-action%3Aaction%3Dlightbox%26settings%3DeyJpZCI6ODQ1OSwidXJsIjoiaHR0cHM6XC9cL3Zpc2l0YW50ZXMuYXVnZXIub3JnLmFyXC93cC1jb250ZW50XC91cGxvYWRzXC8yMDI0XC8xMVwvWW9zZWwtQmFsaWJyZWEuanBnIiwic2xpZGVzaG93IjoiNTQ1YzAwZCJ9\" href='https:\/\/visitantes.auger.org.ar\/wp-content\/uploads\/2024\/11\/Yosel-Balibrea.jpg'><img loading=\"lazy\" decoding=\"async\" width=\"250\" height=\"250\" src=\"https:\/\/visitantes.auger.org.ar\/wp-content\/uploads\/2024\/11\/Yosel-Balibrea-250x250.jpg\" class=\"attachment-thumbnail size-thumbnail\" alt=\"\" aria-describedby=\"gallery-1-8459\" \/><\/a>\n\t\t\t<\/div>\n\t\t\t\t<figcaption class='wp-caption-text gallery-caption' id='gallery-1-8459'>\n\t\t\t\tYosel Balibrea &#8211; Detectores de Fluorescencia\n\t\t\t\t<\/figcaption><\/figure><figure class='gallery-item'>\n\t\t\t<div class='gallery-icon portrait'>\n\t\t\t\t<a data-elementor-open-lightbox=\"yes\" data-elementor-lightbox-slideshow=\"545c00d\" data-elementor-lightbox-title=\"DUB_7039 (Small)\" data-e-action-hash=\"#elementor-action%3Aaction%3Dlightbox%26settings%3DeyJpZCI6MzMzNCwidXJsIjoiaHR0cHM6XC9cL3Zpc2l0YW50ZXMuYXVnZXIub3JnLmFyXC93cC1jb250ZW50XC91cGxvYWRzXC8yMDE4XC8wNFwvRFVCXzcwMzktU21hbGwuanBnIiwic2xpZGVzaG93IjoiNTQ1YzAwZCJ9\" href='https:\/\/visitantes.auger.org.ar\/wp-content\/uploads\/2018\/04\/DUB_7039-Small.jpg'><img loading=\"lazy\" decoding=\"async\" width=\"250\" height=\"250\" src=\"https:\/\/visitantes.auger.org.ar\/wp-content\/uploads\/2018\/04\/DUB_7039-Small-250x250.jpg\" class=\"attachment-thumbnail size-thumbnail\" alt=\"\" aria-describedby=\"gallery-1-3334\" srcset=\"https:\/\/visitantes.auger.org.ar\/wp-content\/uploads\/2018\/04\/DUB_7039-Small-250x250.jpg 250w, https:\/\/visitantes.auger.org.ar\/wp-content\/uploads\/2018\/04\/DUB_7039-Small-85x85.jpg 85w, https:\/\/visitantes.auger.org.ar\/wp-content\/uploads\/2018\/04\/DUB_7039-Small-80x80.jpg 80w, https:\/\/visitantes.auger.org.ar\/wp-content\/uploads\/2018\/04\/DUB_7039-Small-480x480.jpg 480w\" sizes=\"(max-width: 250px) 100vw, 250px\" \/><\/a>\n\t\t\t<\/div>\n\t\t\t\t<figcaption class='wp-caption-text gallery-caption' id='gallery-1-3334'>\n\t\t\t\tMarcos Cerda &#8211; Observer detectores de fluorescencia &#8211; Proyecto AERA\n\t\t\t\t<\/figcaption><\/figure><figure class='gallery-item'>\n\t\t\t<div class='gallery-icon portrait'>\n\t\t\t\t<a data-elementor-open-lightbox=\"yes\" data-elementor-lightbox-slideshow=\"545c00d\" data-elementor-lightbox-title=\"DUB_7059 (Small)\" data-e-action-hash=\"#elementor-action%3Aaction%3Dlightbox%26settings%3DeyJpZCI6MzMzOCwidXJsIjoiaHR0cHM6XC9cL3Zpc2l0YW50ZXMuYXVnZXIub3JnLmFyXC93cC1jb250ZW50XC91cGxvYWRzXC8yMDE4XC8wNFwvRFVCXzcwNTktU21hbGwuanBnIiwic2xpZGVzaG93IjoiNTQ1YzAwZCJ9\" href='https:\/\/visitantes.auger.org.ar\/wp-content\/uploads\/2018\/04\/DUB_7059-Small.jpg'><img loading=\"lazy\" decoding=\"async\" width=\"250\" height=\"250\" src=\"https:\/\/visitantes.auger.org.ar\/wp-content\/uploads\/2018\/04\/DUB_7059-Small-250x250.jpg\" class=\"attachment-thumbnail size-thumbnail\" alt=\"\" aria-describedby=\"gallery-1-3338\" srcset=\"https:\/\/visitantes.auger.org.ar\/wp-content\/uploads\/2018\/04\/DUB_7059-Small-250x250.jpg 250w, https:\/\/visitantes.auger.org.ar\/wp-content\/uploads\/2018\/04\/DUB_7059-Small-85x85.jpg 85w, https:\/\/visitantes.auger.org.ar\/wp-content\/uploads\/2018\/04\/DUB_7059-Small-80x80.jpg 80w, https:\/\/visitantes.auger.org.ar\/wp-content\/uploads\/2018\/04\/DUB_7059-Small-480x480.jpg 480w\" sizes=\"(max-width: 250px) 100vw, 250px\" \/><\/a>\n\t\t\t<\/div>\n\t\t\t\t<figcaption class='wp-caption-text gallery-caption' id='gallery-1-3338'>\n\t\t\t\tPrimo Fabi\u00e1n Vitale &#8211; Electr\u00f3nica Detectores de Fluorescencia\n\t\t\t\t<\/figcaption><\/figure><figure class='gallery-item'>\n\t\t\t<div class='gallery-icon portrait'>\n\t\t\t\t<a data-elementor-open-lightbox=\"yes\" data-elementor-lightbox-slideshow=\"545c00d\" data-elementor-lightbox-title=\"DUB_7105 (Small)\" data-e-action-hash=\"#elementor-action%3Aaction%3Dlightbox%26settings%3DeyJpZCI6MzM0NCwidXJsIjoiaHR0cHM6XC9cL3Zpc2l0YW50ZXMuYXVnZXIub3JnLmFyXC93cC1jb250ZW50XC91cGxvYWRzXC8yMDE4XC8wNFwvRFVCXzcxMDUtU21hbGwuanBnIiwic2xpZGVzaG93IjoiNTQ1YzAwZCJ9\" href='https:\/\/visitantes.auger.org.ar\/wp-content\/uploads\/2018\/04\/DUB_7105-Small.jpg'><img loading=\"lazy\" decoding=\"async\" width=\"250\" height=\"250\" src=\"https:\/\/visitantes.auger.org.ar\/wp-content\/uploads\/2018\/04\/DUB_7105-Small-250x250.jpg\" class=\"attachment-thumbnail size-thumbnail\" alt=\"\" aria-describedby=\"gallery-1-3344\" srcset=\"https:\/\/visitantes.auger.org.ar\/wp-content\/uploads\/2018\/04\/DUB_7105-Small-250x250.jpg 250w, https:\/\/visitantes.auger.org.ar\/wp-content\/uploads\/2018\/04\/DUB_7105-Small-85x85.jpg 85w, https:\/\/visitantes.auger.org.ar\/wp-content\/uploads\/2018\/04\/DUB_7105-Small-80x80.jpg 80w, https:\/\/visitantes.auger.org.ar\/wp-content\/uploads\/2018\/04\/DUB_7105-Small-480x480.jpg 480w\" sizes=\"(max-width: 250px) 100vw, 250px\" \/><\/a>\n\t\t\t<\/div>\n\t\t\t\t<figcaption class='wp-caption-text gallery-caption' id='gallery-1-3344'>\n\t\t\t\tLeandro G\u00f3mez &#8211; Electr\u00f3nica Detectores de Fluorescencia\n\t\t\t\t<\/figcaption><\/figure><figure class='gallery-item'>\n\t\t\t<div class='gallery-icon portrait'>\n\t\t\t\t<a data-elementor-open-lightbox=\"yes\" data-elementor-lightbox-slideshow=\"545c00d\" data-elementor-lightbox-title=\"DUB_7182 (Small)\" data-e-action-hash=\"#elementor-action%3Aaction%3Dlightbox%26settings%3DeyJpZCI6MzM1NywidXJsIjoiaHR0cHM6XC9cL3Zpc2l0YW50ZXMuYXVnZXIub3JnLmFyXC93cC1jb250ZW50XC91cGxvYWRzXC8yMDE4XC8wNFwvRFVCXzcxODItU21hbGwuanBnIiwic2xpZGVzaG93IjoiNTQ1YzAwZCJ9\" href='https:\/\/visitantes.auger.org.ar\/wp-content\/uploads\/2018\/04\/DUB_7182-Small.jpg'><img loading=\"lazy\" decoding=\"async\" width=\"250\" height=\"250\" src=\"https:\/\/visitantes.auger.org.ar\/wp-content\/uploads\/2018\/04\/DUB_7182-Small-250x250.jpg\" class=\"attachment-thumbnail size-thumbnail\" alt=\"\" aria-describedby=\"gallery-1-3357\" srcset=\"https:\/\/visitantes.auger.org.ar\/wp-content\/uploads\/2018\/04\/DUB_7182-Small-250x250.jpg 250w, https:\/\/visitantes.auger.org.ar\/wp-content\/uploads\/2018\/04\/DUB_7182-Small-85x85.jpg 85w, https:\/\/visitantes.auger.org.ar\/wp-content\/uploads\/2018\/04\/DUB_7182-Small-80x80.jpg 80w, https:\/\/visitantes.auger.org.ar\/wp-content\/uploads\/2018\/04\/DUB_7182-Small-480x480.jpg 480w\" sizes=\"(max-width: 250px) 100vw, 250px\" \/><\/a>\n\t\t\t<\/div>\n\t\t\t\t<figcaption class='wp-caption-text gallery-caption' id='gallery-1-3357'>\n\t\t\t\tRicardo Sato &#8211; Coordinador de Operaciones Cient\u00edficas de los Detectores de Superficie\n\t\t\t\t<\/figcaption><\/figure><figure class='gallery-item'>\n\t\t\t<div class='gallery-icon portrait'>\n\t\t\t\t<a data-elementor-open-lightbox=\"yes\" data-elementor-lightbox-slideshow=\"545c00d\" data-elementor-lightbox-title=\"DUB_7221 (Small)\" data-e-action-hash=\"#elementor-action%3Aaction%3Dlightbox%26settings%3DeyJpZCI6MzM2NCwidXJsIjoiaHR0cHM6XC9cL3Zpc2l0YW50ZXMuYXVnZXIub3JnLmFyXC93cC1jb250ZW50XC91cGxvYWRzXC8yMDE4XC8wNFwvRFVCXzcyMjEtU21hbGwuanBnIiwic2xpZGVzaG93IjoiNTQ1YzAwZCJ9\" href='https:\/\/visitantes.auger.org.ar\/wp-content\/uploads\/2018\/04\/DUB_7221-Small.jpg'><img loading=\"lazy\" decoding=\"async\" width=\"250\" height=\"250\" src=\"https:\/\/visitantes.auger.org.ar\/wp-content\/uploads\/2018\/04\/DUB_7221-Small-250x250.jpg\" class=\"attachment-thumbnail size-thumbnail\" alt=\"\" aria-describedby=\"gallery-1-3364\" srcset=\"https:\/\/visitantes.auger.org.ar\/wp-content\/uploads\/2018\/04\/DUB_7221-Small-250x250.jpg 250w, https:\/\/visitantes.auger.org.ar\/wp-content\/uploads\/2018\/04\/DUB_7221-Small-85x85.jpg 85w, https:\/\/visitantes.auger.org.ar\/wp-content\/uploads\/2018\/04\/DUB_7221-Small-80x80.jpg 80w, https:\/\/visitantes.auger.org.ar\/wp-content\/uploads\/2018\/04\/DUB_7221-Small-480x480.jpg 480w\" sizes=\"(max-width: 250px) 100vw, 250px\" \/><\/a>\n\t\t\t<\/div>\n\t\t\t\t<figcaption class='wp-caption-text gallery-caption' id='gallery-1-3364'>\n\t\t\t\tAndr\u00e9s Travaini &#8211; Ingeniero Electr\u00f3nico de Detectores de Superficie\n\t\t\t\t<\/figcaption><\/figure><figure class='gallery-item'>\n\t\t\t<div class='gallery-icon portrait'>\n\t\t\t\t<a data-elementor-open-lightbox=\"yes\" data-elementor-lightbox-slideshow=\"545c00d\" data-elementor-lightbox-title=\"DUB_7214 (Small)\" data-e-action-hash=\"#elementor-action%3Aaction%3Dlightbox%26settings%3DeyJpZCI6MzM2MywidXJsIjoiaHR0cHM6XC9cL3Zpc2l0YW50ZXMuYXVnZXIub3JnLmFyXC93cC1jb250ZW50XC91cGxvYWRzXC8yMDE4XC8wNFwvRFVCXzcyMTQtU21hbGwuanBnIiwic2xpZGVzaG93IjoiNTQ1YzAwZCJ9\" href='https:\/\/visitantes.auger.org.ar\/wp-content\/uploads\/2018\/04\/DUB_7214-Small.jpg'><img loading=\"lazy\" decoding=\"async\" width=\"250\" height=\"250\" src=\"https:\/\/visitantes.auger.org.ar\/wp-content\/uploads\/2018\/04\/DUB_7214-Small-250x250.jpg\" class=\"attachment-thumbnail size-thumbnail\" alt=\"\" aria-describedby=\"gallery-1-3363\" srcset=\"https:\/\/visitantes.auger.org.ar\/wp-content\/uploads\/2018\/04\/DUB_7214-Small-250x250.jpg 250w, https:\/\/visitantes.auger.org.ar\/wp-content\/uploads\/2018\/04\/DUB_7214-Small-85x85.jpg 85w, https:\/\/visitantes.auger.org.ar\/wp-content\/uploads\/2018\/04\/DUB_7214-Small-80x80.jpg 80w, https:\/\/visitantes.auger.org.ar\/wp-content\/uploads\/2018\/04\/DUB_7214-Small-480x480.jpg 480w\" sizes=\"(max-width: 250px) 100vw, 250px\" \/><\/a>\n\t\t\t<\/div>\n\t\t\t\t<figcaption class='wp-caption-text gallery-caption' id='gallery-1-3363'>\n\t\t\t\tJuan Pablo Gongora &#8211; Electr\u00f3nico Detectores de Superficie &#8211; SDECO\n\t\t\t\t<\/figcaption><\/figure><figure class='gallery-item'>\n\t\t\t<div class='gallery-icon portrait'>\n\t\t\t\t<a data-elementor-open-lightbox=\"yes\" data-elementor-lightbox-slideshow=\"545c00d\" data-elementor-lightbox-title=\"DUB_7173 (Small)\" data-e-action-hash=\"#elementor-action%3Aaction%3Dlightbox%26settings%3DeyJpZCI6MzM1NSwidXJsIjoiaHR0cHM6XC9cL3Zpc2l0YW50ZXMuYXVnZXIub3JnLmFyXC93cC1jb250ZW50XC91cGxvYWRzXC8yMDE4XC8wNFwvRFVCXzcxNzMtU21hbGwuanBnIiwic2xpZGVzaG93IjoiNTQ1YzAwZCJ9\" href='https:\/\/visitantes.auger.org.ar\/wp-content\/uploads\/2018\/04\/DUB_7173-Small.jpg'><img loading=\"lazy\" decoding=\"async\" width=\"250\" height=\"250\" src=\"https:\/\/visitantes.auger.org.ar\/wp-content\/uploads\/2018\/04\/DUB_7173-Small-250x250.jpg\" class=\"attachment-thumbnail size-thumbnail\" alt=\"\" aria-describedby=\"gallery-1-3355\" srcset=\"https:\/\/visitantes.auger.org.ar\/wp-content\/uploads\/2018\/04\/DUB_7173-Small-250x250.jpg 250w, https:\/\/visitantes.auger.org.ar\/wp-content\/uploads\/2018\/04\/DUB_7173-Small-85x85.jpg 85w, https:\/\/visitantes.auger.org.ar\/wp-content\/uploads\/2018\/04\/DUB_7173-Small-80x80.jpg 80w, https:\/\/visitantes.auger.org.ar\/wp-content\/uploads\/2018\/04\/DUB_7173-Small-480x480.jpg 480w\" sizes=\"(max-width: 250px) 100vw, 250px\" \/><\/a>\n\t\t\t<\/div>\n\t\t\t\t<figcaption class='wp-caption-text gallery-caption' id='gallery-1-3355'>\n\t\t\t\tMauro Gajardo &#8211; Electr\u00f3nico Detectores de Superficie &#8211; SDECO\n\t\t\t\t<\/figcaption><\/figure><figure class='gallery-item'>\n\t\t\t<div class='gallery-icon portrait'>\n\t\t\t\t<a data-elementor-open-lightbox=\"yes\" data-elementor-lightbox-slideshow=\"545c00d\" data-elementor-lightbox-title=\"DUB_7055 (Small)\" data-e-action-hash=\"#elementor-action%3Aaction%3Dlightbox%26settings%3DeyJpZCI6MzMzNywidXJsIjoiaHR0cHM6XC9cL3Zpc2l0YW50ZXMuYXVnZXIub3JnLmFyXC93cC1jb250ZW50XC91cGxvYWRzXC8yMDE4XC8wNFwvRFVCXzcwNTUtU21hbGwuanBnIiwic2xpZGVzaG93IjoiNTQ1YzAwZCJ9\" href='https:\/\/visitantes.auger.org.ar\/wp-content\/uploads\/2018\/04\/DUB_7055-Small.jpg'><img loading=\"lazy\" decoding=\"async\" width=\"250\" height=\"250\" src=\"https:\/\/visitantes.auger.org.ar\/wp-content\/uploads\/2018\/04\/DUB_7055-Small-250x250.jpg\" class=\"attachment-thumbnail size-thumbnail\" alt=\"\" aria-describedby=\"gallery-1-3337\" srcset=\"https:\/\/visitantes.auger.org.ar\/wp-content\/uploads\/2018\/04\/DUB_7055-Small-250x250.jpg 250w, https:\/\/visitantes.auger.org.ar\/wp-content\/uploads\/2018\/04\/DUB_7055-Small-85x85.jpg 85w, https:\/\/visitantes.auger.org.ar\/wp-content\/uploads\/2018\/04\/DUB_7055-Small-80x80.jpg 80w, https:\/\/visitantes.auger.org.ar\/wp-content\/uploads\/2018\/04\/DUB_7055-Small-480x480.jpg 480w\" sizes=\"(max-width: 250px) 100vw, 250px\" \/><\/a>\n\t\t\t<\/div>\n\t\t\t\t<figcaption class='wp-caption-text gallery-caption' id='gallery-1-3337'>\n\t\t\t\tOscar Saez &#8211; Electr\u00f3nico Detectores de Superficie\n\t\t\t\t<\/figcaption><\/figure><figure class='gallery-item'>\n\t\t\t<div class='gallery-icon portrait'>\n\t\t\t\t<a data-elementor-open-lightbox=\"yes\" data-elementor-lightbox-slideshow=\"545c00d\" data-elementor-lightbox-title=\"DUB_7044 (Small)\" data-e-action-hash=\"#elementor-action%3Aaction%3Dlightbox%26settings%3DeyJpZCI6MzMzNSwidXJsIjoiaHR0cHM6XC9cL3Zpc2l0YW50ZXMuYXVnZXIub3JnLmFyXC93cC1jb250ZW50XC91cGxvYWRzXC8yMDE4XC8wNFwvRFVCXzcwNDQtU21hbGwuanBnIiwic2xpZGVzaG93IjoiNTQ1YzAwZCJ9\" href='https:\/\/visitantes.auger.org.ar\/wp-content\/uploads\/2018\/04\/DUB_7044-Small.jpg'><img loading=\"lazy\" decoding=\"async\" width=\"250\" height=\"250\" src=\"https:\/\/visitantes.auger.org.ar\/wp-content\/uploads\/2018\/04\/DUB_7044-Small-250x250.jpg\" class=\"attachment-thumbnail size-thumbnail\" alt=\"\" aria-describedby=\"gallery-1-3335\" srcset=\"https:\/\/visitantes.auger.org.ar\/wp-content\/uploads\/2018\/04\/DUB_7044-Small-250x250.jpg 250w, https:\/\/visitantes.auger.org.ar\/wp-content\/uploads\/2018\/04\/DUB_7044-Small-85x85.jpg 85w, https:\/\/visitantes.auger.org.ar\/wp-content\/uploads\/2018\/04\/DUB_7044-Small-80x80.jpg 80w, https:\/\/visitantes.auger.org.ar\/wp-content\/uploads\/2018\/04\/DUB_7044-Small-480x480.jpg 480w\" sizes=\"(max-width: 250px) 100vw, 250px\" \/><\/a>\n\t\t\t<\/div>\n\t\t\t\t<figcaption class='wp-caption-text gallery-caption' id='gallery-1-3335'>\n\t\t\t\tRa\u00fal Vidal &#8211; Mantenimiento Detectores de Superficie\n\t\t\t\t<\/figcaption><\/figure><figure class='gallery-item'>\n\t\t\t<div class='gallery-icon portrait'>\n\t\t\t\t<a data-elementor-open-lightbox=\"yes\" data-elementor-lightbox-slideshow=\"545c00d\" data-elementor-lightbox-title=\"Sebastian Villar\" data-e-action-hash=\"#elementor-action%3Aaction%3Dlightbox%26settings%3DeyJpZCI6ODQ2MiwidXJsIjoiaHR0cHM6XC9cL3Zpc2l0YW50ZXMuYXVnZXIub3JnLmFyXC93cC1jb250ZW50XC91cGxvYWRzXC8yMDI0XC8xMVwvU2ViYXN0aWFuLVZpbGxhci5qcGciLCJzbGlkZXNob3ciOiI1NDVjMDBkIn0%3D\" href='https:\/\/visitantes.auger.org.ar\/wp-content\/uploads\/2024\/11\/Sebastian-Villar.jpg'><img loading=\"lazy\" decoding=\"async\" width=\"250\" height=\"250\" src=\"https:\/\/visitantes.auger.org.ar\/wp-content\/uploads\/2024\/11\/Sebastian-Villar-250x250.jpg\" class=\"attachment-thumbnail size-thumbnail\" alt=\"\" aria-describedby=\"gallery-1-8462\" \/><\/a>\n\t\t\t<\/div>\n\t\t\t\t<figcaption class='wp-caption-text gallery-caption' id='gallery-1-8462'>\n\t\t\t\tSebasti\u00e1n Villar &#8211; Detectores de Superficie\n\t\t\t\t<\/figcaption><\/figure><figure class='gallery-item'>\n\t\t\t<div class='gallery-icon portrait'>\n\t\t\t\t<a data-elementor-open-lightbox=\"yes\" data-elementor-lightbox-slideshow=\"545c00d\" data-elementor-lightbox-title=\"DUB_7194 (Small)\" data-e-action-hash=\"#elementor-action%3Aaction%3Dlightbox%26settings%3DeyJpZCI6MzM1OSwidXJsIjoiaHR0cHM6XC9cL3Zpc2l0YW50ZXMuYXVnZXIub3JnLmFyXC93cC1jb250ZW50XC91cGxvYWRzXC8yMDE4XC8wNFwvRFVCXzcxOTQtU21hbGwuanBnIiwic2xpZGVzaG93IjoiNTQ1YzAwZCJ9\" href='https:\/\/visitantes.auger.org.ar\/wp-content\/uploads\/2018\/04\/DUB_7194-Small.jpg'><img loading=\"lazy\" decoding=\"async\" width=\"250\" height=\"250\" src=\"https:\/\/visitantes.auger.org.ar\/wp-content\/uploads\/2018\/04\/DUB_7194-Small-250x250.jpg\" class=\"attachment-thumbnail size-thumbnail\" alt=\"\" aria-describedby=\"gallery-1-3359\" srcset=\"https:\/\/visitantes.auger.org.ar\/wp-content\/uploads\/2018\/04\/DUB_7194-Small-250x250.jpg 250w, https:\/\/visitantes.auger.org.ar\/wp-content\/uploads\/2018\/04\/DUB_7194-Small-85x85.jpg 85w, https:\/\/visitantes.auger.org.ar\/wp-content\/uploads\/2018\/04\/DUB_7194-Small-80x80.jpg 80w, https:\/\/visitantes.auger.org.ar\/wp-content\/uploads\/2018\/04\/DUB_7194-Small-480x480.jpg 480w\" sizes=\"(max-width: 250px) 100vw, 250px\" \/><\/a>\n\t\t\t<\/div>\n\t\t\t\t<figcaption class='wp-caption-text gallery-caption' id='gallery-1-3359'>\n\t\t\t\tFabi\u00e1n Gobbi &#8211; Coordinador de los m\u00f3dulos SSD y Observer de los Detectores de Superfice\n\t\t\t\t<\/figcaption><\/figure><figure class='gallery-item'>\n\t\t\t<div class='gallery-icon portrait'>\n\t\t\t\t<a data-elementor-open-lightbox=\"yes\" data-elementor-lightbox-slideshow=\"545c00d\" data-elementor-lightbox-title=\"DUB_7067 (Small)\" data-e-action-hash=\"#elementor-action%3Aaction%3Dlightbox%26settings%3DeyJpZCI6MzMzOSwidXJsIjoiaHR0cHM6XC9cL3Zpc2l0YW50ZXMuYXVnZXIub3JnLmFyXC93cC1jb250ZW50XC91cGxvYWRzXC8yMDE4XC8wNFwvRFVCXzcwNjctU21hbGwuanBnIiwic2xpZGVzaG93IjoiNTQ1YzAwZCJ9\" href='https:\/\/visitantes.auger.org.ar\/wp-content\/uploads\/2018\/04\/DUB_7067-Small.jpg'><img loading=\"lazy\" decoding=\"async\" width=\"250\" height=\"250\" src=\"https:\/\/visitantes.auger.org.ar\/wp-content\/uploads\/2018\/04\/DUB_7067-Small-250x250.jpg\" class=\"attachment-thumbnail size-thumbnail\" alt=\"\" aria-describedby=\"gallery-1-3339\" srcset=\"https:\/\/visitantes.auger.org.ar\/wp-content\/uploads\/2018\/04\/DUB_7067-Small-250x250.jpg 250w, https:\/\/visitantes.auger.org.ar\/wp-content\/uploads\/2018\/04\/DUB_7067-Small-85x85.jpg 85w, https:\/\/visitantes.auger.org.ar\/wp-content\/uploads\/2018\/04\/DUB_7067-Small-80x80.jpg 80w, https:\/\/visitantes.auger.org.ar\/wp-content\/uploads\/2018\/04\/DUB_7067-Small-480x480.jpg 480w\" sizes=\"(max-width: 250px) 100vw, 250px\" \/><\/a>\n\t\t\t<\/div>\n\t\t\t\t<figcaption class='wp-caption-text gallery-caption' id='gallery-1-3339'>\n\t\t\t\tMiguel Salvadores &#8211; Coordinador de los m\u00f3dulos SSD y Mantenimiento Detectores de Superficie\n\t\t\t\t<\/figcaption><\/figure><figure class='gallery-item'>\n\t\t\t<div class='gallery-icon portrait'>\n\t\t\t\t<a data-elementor-open-lightbox=\"yes\" data-elementor-lightbox-slideshow=\"545c00d\" data-elementor-lightbox-title=\"DUB_7049 (Small)\" data-e-action-hash=\"#elementor-action%3Aaction%3Dlightbox%26settings%3DeyJpZCI6MzMzNiwidXJsIjoiaHR0cHM6XC9cL3Zpc2l0YW50ZXMuYXVnZXIub3JnLmFyXC93cC1jb250ZW50XC91cGxvYWRzXC8yMDE4XC8wNFwvRFVCXzcwNDktU21hbGwuanBnIiwic2xpZGVzaG93IjoiNTQ1YzAwZCJ9\" href='https:\/\/visitantes.auger.org.ar\/wp-content\/uploads\/2018\/04\/DUB_7049-Small.jpg'><img loading=\"lazy\" decoding=\"async\" width=\"250\" height=\"250\" src=\"https:\/\/visitantes.auger.org.ar\/wp-content\/uploads\/2018\/04\/DUB_7049-Small-250x250.jpg\" class=\"attachment-thumbnail size-thumbnail\" alt=\"\" aria-describedby=\"gallery-1-3336\" srcset=\"https:\/\/visitantes.auger.org.ar\/wp-content\/uploads\/2018\/04\/DUB_7049-Small-250x250.jpg 250w, https:\/\/visitantes.auger.org.ar\/wp-content\/uploads\/2018\/04\/DUB_7049-Small-85x85.jpg 85w, https:\/\/visitantes.auger.org.ar\/wp-content\/uploads\/2018\/04\/DUB_7049-Small-80x80.jpg 80w, https:\/\/visitantes.auger.org.ar\/wp-content\/uploads\/2018\/04\/DUB_7049-Small-480x480.jpg 480w\" sizes=\"(max-width: 250px) 100vw, 250px\" \/><\/a>\n\t\t\t<\/div>\n\t\t\t\t<figcaption class='wp-caption-text gallery-caption' id='gallery-1-3336'>\n\t\t\t\tPedro Barraza &#8211; Mantenimiento Detectores de Superficie y SSD\n\t\t\t\t<\/figcaption><\/figure><figure class='gallery-item'>\n\t\t\t<div class='gallery-icon portrait'>\n\t\t\t\t<a data-elementor-open-lightbox=\"yes\" data-elementor-lightbox-slideshow=\"545c00d\" data-elementor-lightbox-title=\"DUB_7155 (Small)\" data-e-action-hash=\"#elementor-action%3Aaction%3Dlightbox%26settings%3DeyJpZCI6MzM1MiwidXJsIjoiaHR0cHM6XC9cL3Zpc2l0YW50ZXMuYXVnZXIub3JnLmFyXC93cC1jb250ZW50XC91cGxvYWRzXC8yMDE4XC8wNFwvRFVCXzcxNTUtU21hbGwuanBnIiwic2xpZGVzaG93IjoiNTQ1YzAwZCJ9\" href='https:\/\/visitantes.auger.org.ar\/wp-content\/uploads\/2018\/04\/DUB_7155-Small.jpg'><img loading=\"lazy\" decoding=\"async\" width=\"250\" height=\"250\" src=\"https:\/\/visitantes.auger.org.ar\/wp-content\/uploads\/2018\/04\/DUB_7155-Small-250x250.jpg\" class=\"attachment-thumbnail size-thumbnail\" alt=\"\" aria-describedby=\"gallery-1-3352\" srcset=\"https:\/\/visitantes.auger.org.ar\/wp-content\/uploads\/2018\/04\/DUB_7155-Small-250x250.jpg 250w, https:\/\/visitantes.auger.org.ar\/wp-content\/uploads\/2018\/04\/DUB_7155-Small-85x85.jpg 85w, https:\/\/visitantes.auger.org.ar\/wp-content\/uploads\/2018\/04\/DUB_7155-Small-80x80.jpg 80w, https:\/\/visitantes.auger.org.ar\/wp-content\/uploads\/2018\/04\/DUB_7155-Small-480x480.jpg 480w\" sizes=\"(max-width: 250px) 100vw, 250px\" \/><\/a>\n\t\t\t<\/div>\n\t\t\t\t<figcaption class='wp-caption-text gallery-caption' id='gallery-1-3352'>\n\t\t\t\tGustavo R\u00edos &#8211; Proyecto AMIGA\n\t\t\t\t<\/figcaption><\/figure><figure class='gallery-item'>\n\t\t\t<div class='gallery-icon portrait'>\n\t\t\t\t<a data-elementor-open-lightbox=\"yes\" data-elementor-lightbox-slideshow=\"545c00d\" data-elementor-lightbox-title=\"DUB_7190 (Small)\" data-e-action-hash=\"#elementor-action%3Aaction%3Dlightbox%26settings%3DeyJpZCI6MzM1OCwidXJsIjoiaHR0cHM6XC9cL3Zpc2l0YW50ZXMuYXVnZXIub3JnLmFyXC93cC1jb250ZW50XC91cGxvYWRzXC8yMDE4XC8wNFwvRFVCXzcxOTAtU21hbGwuanBnIiwic2xpZGVzaG93IjoiNTQ1YzAwZCJ9\" href='https:\/\/visitantes.auger.org.ar\/wp-content\/uploads\/2018\/04\/DUB_7190-Small.jpg'><img loading=\"lazy\" decoding=\"async\" width=\"250\" height=\"250\" src=\"https:\/\/visitantes.auger.org.ar\/wp-content\/uploads\/2018\/04\/DUB_7190-Small-250x250.jpg\" class=\"attachment-thumbnail size-thumbnail\" alt=\"\" aria-describedby=\"gallery-1-3358\" srcset=\"https:\/\/visitantes.auger.org.ar\/wp-content\/uploads\/2018\/04\/DUB_7190-Small-250x250.jpg 250w, https:\/\/visitantes.auger.org.ar\/wp-content\/uploads\/2018\/04\/DUB_7190-Small-85x85.jpg 85w, https:\/\/visitantes.auger.org.ar\/wp-content\/uploads\/2018\/04\/DUB_7190-Small-80x80.jpg 80w, https:\/\/visitantes.auger.org.ar\/wp-content\/uploads\/2018\/04\/DUB_7190-Small-480x480.jpg 480w\" sizes=\"(max-width: 250px) 100vw, 250px\" \/><\/a>\n\t\t\t<\/div>\n\t\t\t\t<figcaption class='wp-caption-text gallery-caption' id='gallery-1-3358'>\n\t\t\t\tGabriel Morales &#8211;  Proyecto AMIGA\n\t\t\t\t<\/figcaption><\/figure><figure class='gallery-item'>\n\t\t\t<div class='gallery-icon portrait'>\n\t\t\t\t<a data-elementor-open-lightbox=\"yes\" data-elementor-lightbox-slideshow=\"545c00d\" data-elementor-lightbox-title=\"DUB_7122 (Small)\" data-e-action-hash=\"#elementor-action%3Aaction%3Dlightbox%26settings%3DeyJpZCI6MzM0NywidXJsIjoiaHR0cHM6XC9cL3Zpc2l0YW50ZXMuYXVnZXIub3JnLmFyXC93cC1jb250ZW50XC91cGxvYWRzXC8yMDE4XC8wNFwvRFVCXzcxMjItU21hbGwuanBnIiwic2xpZGVzaG93IjoiNTQ1YzAwZCJ9\" href='https:\/\/visitantes.auger.org.ar\/wp-content\/uploads\/2018\/04\/DUB_7122-Small.jpg'><img loading=\"lazy\" decoding=\"async\" width=\"250\" height=\"250\" src=\"https:\/\/visitantes.auger.org.ar\/wp-content\/uploads\/2018\/04\/DUB_7122-Small-250x250.jpg\" class=\"attachment-thumbnail size-thumbnail\" alt=\"\" aria-describedby=\"gallery-1-3347\" srcset=\"https:\/\/visitantes.auger.org.ar\/wp-content\/uploads\/2018\/04\/DUB_7122-Small-250x250.jpg 250w, https:\/\/visitantes.auger.org.ar\/wp-content\/uploads\/2018\/04\/DUB_7122-Small-85x85.jpg 85w, https:\/\/visitantes.auger.org.ar\/wp-content\/uploads\/2018\/04\/DUB_7122-Small-80x80.jpg 80w, https:\/\/visitantes.auger.org.ar\/wp-content\/uploads\/2018\/04\/DUB_7122-Small-480x480.jpg 480w\" sizes=\"(max-width: 250px) 100vw, 250px\" \/><\/a>\n\t\t\t<\/div>\n\t\t\t\t<figcaption class='wp-caption-text gallery-caption' id='gallery-1-3347'>\n\t\t\t\tJos\u00e9 Luis Escalona &#8211; Seguridad y salud ocupacional- Seguridad y Salud Ocupacional\n\t\t\t\t<\/figcaption><\/figure><figure class='gallery-item'>\n\t\t\t<div class='gallery-icon portrait'>\n\t\t\t\t<a data-elementor-open-lightbox=\"yes\" data-elementor-lightbox-slideshow=\"545c00d\" data-elementor-lightbox-title=\"DUB_7160 (Small)\" data-e-action-hash=\"#elementor-action%3Aaction%3Dlightbox%26settings%3DeyJpZCI6MzM1MywidXJsIjoiaHR0cHM6XC9cL3Zpc2l0YW50ZXMuYXVnZXIub3JnLmFyXC93cC1jb250ZW50XC91cGxvYWRzXC8yMDE4XC8wNFwvRFVCXzcxNjAtU21hbGwuanBnIiwic2xpZGVzaG93IjoiNTQ1YzAwZCJ9\" href='https:\/\/visitantes.auger.org.ar\/wp-content\/uploads\/2018\/04\/DUB_7160-Small.jpg'><img loading=\"lazy\" decoding=\"async\" width=\"250\" height=\"250\" src=\"https:\/\/visitantes.auger.org.ar\/wp-content\/uploads\/2018\/04\/DUB_7160-Small-250x250.jpg\" class=\"attachment-thumbnail size-thumbnail\" alt=\"\" aria-describedby=\"gallery-1-3353\" srcset=\"https:\/\/visitantes.auger.org.ar\/wp-content\/uploads\/2018\/04\/DUB_7160-Small-250x250.jpg 250w, https:\/\/visitantes.auger.org.ar\/wp-content\/uploads\/2018\/04\/DUB_7160-Small-85x85.jpg 85w, https:\/\/visitantes.auger.org.ar\/wp-content\/uploads\/2018\/04\/DUB_7160-Small-80x80.jpg 80w, https:\/\/visitantes.auger.org.ar\/wp-content\/uploads\/2018\/04\/DUB_7160-Small-480x480.jpg 480w\" sizes=\"(max-width: 250px) 100vw, 250px\" \/><\/a>\n\t\t\t<\/div>\n\t\t\t\t<figcaption class='wp-caption-text gallery-caption' id='gallery-1-3353'>\n\t\t\t\tRicardo P\u00e9rez &#8211; Mantenimiento y Servicios Generales\n\t\t\t\t<\/figcaption><\/figure><figure class='gallery-item'>\n\t\t\t<div class='gallery-icon portrait'>\n\t\t\t\t<a data-elementor-open-lightbox=\"yes\" data-elementor-lightbox-slideshow=\"545c00d\" data-elementor-lightbox-title=\"DUB_7202 (Small)\" data-e-action-hash=\"#elementor-action%3Aaction%3Dlightbox%26settings%3DeyJpZCI6MzM2MSwidXJsIjoiaHR0cHM6XC9cL3Zpc2l0YW50ZXMuYXVnZXIub3JnLmFyXC93cC1jb250ZW50XC91cGxvYWRzXC8yMDE4XC8wNFwvRFVCXzcyMDItU21hbGwuanBnIiwic2xpZGVzaG93IjoiNTQ1YzAwZCJ9\" href='https:\/\/visitantes.auger.org.ar\/wp-content\/uploads\/2018\/04\/DUB_7202-Small.jpg'><img loading=\"lazy\" decoding=\"async\" width=\"250\" height=\"250\" src=\"https:\/\/visitantes.auger.org.ar\/wp-content\/uploads\/2018\/04\/DUB_7202-Small-250x250.jpg\" class=\"attachment-thumbnail size-thumbnail\" alt=\"\" aria-describedby=\"gallery-1-3361\" srcset=\"https:\/\/visitantes.auger.org.ar\/wp-content\/uploads\/2018\/04\/DUB_7202-Small-250x250.jpg 250w, https:\/\/visitantes.auger.org.ar\/wp-content\/uploads\/2018\/04\/DUB_7202-Small-85x85.jpg 85w, https:\/\/visitantes.auger.org.ar\/wp-content\/uploads\/2018\/04\/DUB_7202-Small-80x80.jpg 80w, https:\/\/visitantes.auger.org.ar\/wp-content\/uploads\/2018\/04\/DUB_7202-Small-480x480.jpg 480w\" sizes=\"(max-width: 250px) 100vw, 250px\" \/><\/a>\n\t\t\t<\/div>\n\t\t\t\t<figcaption class='wp-caption-text gallery-caption' id='gallery-1-3361'>\n\t\t\t\tJavier Salinas &#8211; Mantenimiento (veh\u00edculos)\n\t\t\t\t<\/figcaption><\/figure><figure class='gallery-item'>\n\t\t\t<div class='gallery-icon portrait'>\n\t\t\t\t<a data-elementor-open-lightbox=\"yes\" data-elementor-lightbox-slideshow=\"545c00d\" data-elementor-lightbox-title=\"DUB_7076 (Small)\" data-e-action-hash=\"#elementor-action%3Aaction%3Dlightbox%26settings%3DeyJpZCI6MzM0MSwidXJsIjoiaHR0cHM6XC9cL3Zpc2l0YW50ZXMuYXVnZXIub3JnLmFyXC93cC1jb250ZW50XC91cGxvYWRzXC8yMDE4XC8wNFwvRFVCXzcwNzYtU21hbGwuanBnIiwic2xpZGVzaG93IjoiNTQ1YzAwZCJ9\" href='https:\/\/visitantes.auger.org.ar\/wp-content\/uploads\/2018\/04\/DUB_7076-Small.jpg'><img loading=\"lazy\" decoding=\"async\" width=\"250\" height=\"250\" src=\"https:\/\/visitantes.auger.org.ar\/wp-content\/uploads\/2018\/04\/DUB_7076-Small-250x250.jpg\" class=\"attachment-thumbnail size-thumbnail\" alt=\"\" aria-describedby=\"gallery-1-3341\" srcset=\"https:\/\/visitantes.auger.org.ar\/wp-content\/uploads\/2018\/04\/DUB_7076-Small-250x250.jpg 250w, https:\/\/visitantes.auger.org.ar\/wp-content\/uploads\/2018\/04\/DUB_7076-Small-85x85.jpg 85w, https:\/\/visitantes.auger.org.ar\/wp-content\/uploads\/2018\/04\/DUB_7076-Small-80x80.jpg 80w, https:\/\/visitantes.auger.org.ar\/wp-content\/uploads\/2018\/04\/DUB_7076-Small-480x480.jpg 480w\" sizes=\"(max-width: 250px) 100vw, 250px\" \/><\/a>\n\t\t\t<\/div>\n\t\t\t\t<figcaption class='wp-caption-text gallery-caption' id='gallery-1-3341'>\n\t\t\t\tAlexis Rodr\u00edguez &#8211; Mantenimiento y Servicios Generales\n\t\t\t\t<\/figcaption><\/figure><figure class='gallery-item'>\n\t\t\t<div class='gallery-icon portrait'>\n\t\t\t\t<a data-elementor-open-lightbox=\"yes\" data-elementor-lightbox-slideshow=\"545c00d\" data-elementor-lightbox-title=\"DUB_7095 (Small)\" data-e-action-hash=\"#elementor-action%3Aaction%3Dlightbox%26settings%3DeyJpZCI6MzM0MiwidXJsIjoiaHR0cHM6XC9cL3Zpc2l0YW50ZXMuYXVnZXIub3JnLmFyXC93cC1jb250ZW50XC91cGxvYWRzXC8yMDE4XC8wNFwvRFVCXzcwOTUtU21hbGwuanBnIiwic2xpZGVzaG93IjoiNTQ1YzAwZCJ9\" href='https:\/\/visitantes.auger.org.ar\/wp-content\/uploads\/2018\/04\/DUB_7095-Small.jpg'><img loading=\"lazy\" decoding=\"async\" width=\"250\" height=\"250\" src=\"https:\/\/visitantes.auger.org.ar\/wp-content\/uploads\/2018\/04\/DUB_7095-Small-250x250.jpg\" class=\"attachment-thumbnail size-thumbnail\" alt=\"\" aria-describedby=\"gallery-1-3342\" srcset=\"https:\/\/visitantes.auger.org.ar\/wp-content\/uploads\/2018\/04\/DUB_7095-Small-250x250.jpg 250w, https:\/\/visitantes.auger.org.ar\/wp-content\/uploads\/2018\/04\/DUB_7095-Small-85x85.jpg 85w, https:\/\/visitantes.auger.org.ar\/wp-content\/uploads\/2018\/04\/DUB_7095-Small-80x80.jpg 80w, https:\/\/visitantes.auger.org.ar\/wp-content\/uploads\/2018\/04\/DUB_7095-Small-480x480.jpg 480w\" sizes=\"(max-width: 250px) 100vw, 250px\" \/><\/a>\n\t\t\t<\/div>\n\t\t\t\t<figcaption class='wp-caption-text gallery-caption' id='gallery-1-3342'>\n\t\t\t\tJuan Blanco &#8211; Mantenimiento y Servicios Generales\n\t\t\t\t<\/figcaption><\/figure><figure class='gallery-item'>\n\t\t\t<div class='gallery-icon portrait'>\n\t\t\t\t<a data-elementor-open-lightbox=\"yes\" data-elementor-lightbox-slideshow=\"545c00d\" data-elementor-lightbox-title=\"DUB_7198 (Small)\" data-e-action-hash=\"#elementor-action%3Aaction%3Dlightbox%26settings%3DeyJpZCI6MzM2MCwidXJsIjoiaHR0cHM6XC9cL3Zpc2l0YW50ZXMuYXVnZXIub3JnLmFyXC93cC1jb250ZW50XC91cGxvYWRzXC8yMDE4XC8wNFwvRFVCXzcxOTgtU21hbGwuanBnIiwic2xpZGVzaG93IjoiNTQ1YzAwZCJ9\" href='https:\/\/visitantes.auger.org.ar\/wp-content\/uploads\/2018\/04\/DUB_7198-Small.jpg'><img loading=\"lazy\" decoding=\"async\" width=\"250\" height=\"250\" src=\"https:\/\/visitantes.auger.org.ar\/wp-content\/uploads\/2018\/04\/DUB_7198-Small-250x250.jpg\" class=\"attachment-thumbnail size-thumbnail\" alt=\"\" aria-describedby=\"gallery-1-3360\" srcset=\"https:\/\/visitantes.auger.org.ar\/wp-content\/uploads\/2018\/04\/DUB_7198-Small-250x250.jpg 250w, https:\/\/visitantes.auger.org.ar\/wp-content\/uploads\/2018\/04\/DUB_7198-Small-85x85.jpg 85w, https:\/\/visitantes.auger.org.ar\/wp-content\/uploads\/2018\/04\/DUB_7198-Small-80x80.jpg 80w, https:\/\/visitantes.auger.org.ar\/wp-content\/uploads\/2018\/04\/DUB_7198-Small-480x480.jpg 480w\" sizes=\"(max-width: 250px) 100vw, 250px\" \/><\/a>\n\t\t\t<\/div>\n\t\t\t\t<figcaption class='wp-caption-text gallery-caption' id='gallery-1-3360'>\n\t\t\t\tJos\u00e9 Rojas &#8211; Mantenimiento y Servicios Generales\n\t\t\t\t<\/figcaption><\/figure><figure class='gallery-item'>\n\t\t\t<div class='gallery-icon portrait'>\n\t\t\t\t<a data-elementor-open-lightbox=\"yes\" data-elementor-lightbox-slideshow=\"545c00d\" data-elementor-lightbox-title=\"DUB_7232 (Small)\" data-e-action-hash=\"#elementor-action%3Aaction%3Dlightbox%26settings%3DeyJpZCI6MzM2NiwidXJsIjoiaHR0cHM6XC9cL3Zpc2l0YW50ZXMuYXVnZXIub3JnLmFyXC93cC1jb250ZW50XC91cGxvYWRzXC8yMDE4XC8wNFwvRFVCXzcyMzItU21hbGwuanBnIiwic2xpZGVzaG93IjoiNTQ1YzAwZCJ9\" href='https:\/\/visitantes.auger.org.ar\/wp-content\/uploads\/2018\/04\/DUB_7232-Small.jpg'><img loading=\"lazy\" decoding=\"async\" width=\"250\" height=\"250\" src=\"https:\/\/visitantes.auger.org.ar\/wp-content\/uploads\/2018\/04\/DUB_7232-Small-250x250.jpg\" class=\"attachment-thumbnail size-thumbnail\" alt=\"\" aria-describedby=\"gallery-1-3366\" srcset=\"https:\/\/visitantes.auger.org.ar\/wp-content\/uploads\/2018\/04\/DUB_7232-Small-250x250.jpg 250w, https:\/\/visitantes.auger.org.ar\/wp-content\/uploads\/2018\/04\/DUB_7232-Small-85x85.jpg 85w, https:\/\/visitantes.auger.org.ar\/wp-content\/uploads\/2018\/04\/DUB_7232-Small-80x80.jpg 80w, https:\/\/visitantes.auger.org.ar\/wp-content\/uploads\/2018\/04\/DUB_7232-Small-480x480.jpg 480w\" sizes=\"(max-width: 250px) 100vw, 250px\" \/><\/a>\n\t\t\t<\/div>\n\t\t\t\t<figcaption class='wp-caption-text gallery-caption' id='gallery-1-3366'>\n\t\t\t\tIv\u00e1n Mu\u00f1oz &#8211; Mantenimiento y Servicios Generales\n\t\t\t\t<\/figcaption><\/figure><figure class='gallery-item'>\n\t\t\t<div class='gallery-icon portrait'>\n\t\t\t\t<a data-elementor-open-lightbox=\"yes\" data-elementor-lightbox-slideshow=\"545c00d\" data-elementor-lightbox-title=\"DUB_7031 (Small)\" data-e-action-hash=\"#elementor-action%3Aaction%3Dlightbox%26settings%3DeyJpZCI6MzMzMywidXJsIjoiaHR0cHM6XC9cL3Zpc2l0YW50ZXMuYXVnZXIub3JnLmFyXC93cC1jb250ZW50XC91cGxvYWRzXC8yMDE4XC8wNFwvRFVCXzcwMzEtU21hbGwuanBnIiwic2xpZGVzaG93IjoiNTQ1YzAwZCJ9\" href='https:\/\/visitantes.auger.org.ar\/wp-content\/uploads\/2018\/04\/DUB_7031-Small.jpg'><img loading=\"lazy\" decoding=\"async\" width=\"250\" height=\"250\" src=\"https:\/\/visitantes.auger.org.ar\/wp-content\/uploads\/2018\/04\/DUB_7031-Small-250x250.jpg\" class=\"attachment-thumbnail size-thumbnail\" alt=\"\" aria-describedby=\"gallery-1-3333\" srcset=\"https:\/\/visitantes.auger.org.ar\/wp-content\/uploads\/2018\/04\/DUB_7031-Small-250x250.jpg 250w, https:\/\/visitantes.auger.org.ar\/wp-content\/uploads\/2018\/04\/DUB_7031-Small-85x85.jpg 85w, https:\/\/visitantes.auger.org.ar\/wp-content\/uploads\/2018\/04\/DUB_7031-Small-80x80.jpg 80w, https:\/\/visitantes.auger.org.ar\/wp-content\/uploads\/2018\/04\/DUB_7031-Small-480x480.jpg 480w\" sizes=\"(max-width: 250px) 100vw, 250px\" \/><\/a>\n\t\t\t<\/div>\n\t\t\t\t<figcaption class='wp-caption-text gallery-caption' id='gallery-1-3333'>\n\t\t\t\tJorge Alcalde &#8211; Mantenimiento y Servicios Generales\n\t\t\t\t<\/figcaption><\/figure><figure class='gallery-item'>\n\t\t\t<div class='gallery-icon portrait'>\n\t\t\t\t<a data-elementor-open-lightbox=\"yes\" data-elementor-lightbox-slideshow=\"545c00d\" data-elementor-lightbox-title=\"WhatsApp Image 2023-07-20 at 13.07.15\" data-e-action-hash=\"#elementor-action%3Aaction%3Dlightbox%26settings%3DeyJpZCI6NTY0NywidXJsIjoiaHR0cHM6XC9cL3Zpc2l0YW50ZXMuYXVnZXIub3JnLmFyXC93cC1jb250ZW50XC91cGxvYWRzXC8yMDIzXC8wN1wvV2hhdHNBcHAtSW1hZ2UtMjAyMy0wNy0yMC1hdC0xMy4wNy4xNS5qcGVnIiwic2xpZGVzaG93IjoiNTQ1YzAwZCJ9\" href='https:\/\/visitantes.auger.org.ar\/wp-content\/uploads\/2023\/07\/WhatsApp-Image-2023-07-20-at-13.07.15.jpeg'><img loading=\"lazy\" decoding=\"async\" width=\"250\" height=\"250\" src=\"https:\/\/visitantes.auger.org.ar\/wp-content\/uploads\/2023\/07\/WhatsApp-Image-2023-07-20-at-13.07.15-250x250.jpeg\" class=\"attachment-thumbnail size-thumbnail\" alt=\"\" aria-describedby=\"gallery-1-5647\" \/><\/a>\n\t\t\t<\/div>\n\t\t\t\t<figcaption class='wp-caption-text gallery-caption' id='gallery-1-5647'>\n\t\t\t\tIvana Arroyo &#8211; Atenci\u00f3n de Visitantes\n\t\t\t\t<\/figcaption><\/figure><figure class='gallery-item'>\n\t\t\t<div class='gallery-icon landscape'>\n\t\t\t\t<a data-elementor-open-lightbox=\"yes\" data-elementor-lightbox-slideshow=\"545c00d\" data-elementor-lightbox-title=\"WhatsApp Image 2023-07-20 at 14.26.59\" data-e-action-hash=\"#elementor-action%3Aaction%3Dlightbox%26settings%3DeyJpZCI6NTY1MCwidXJsIjoiaHR0cHM6XC9cL3Zpc2l0YW50ZXMuYXVnZXIub3JnLmFyXC93cC1jb250ZW50XC91cGxvYWRzXC8yMDIzXC8wN1wvV2hhdHNBcHAtSW1hZ2UtMjAyMy0wNy0yMC1hdC0xNC4yNi41OS5qcGVnIiwic2xpZGVzaG93IjoiNTQ1YzAwZCJ9\" href='https:\/\/visitantes.auger.org.ar\/wp-content\/uploads\/2023\/07\/WhatsApp-Image-2023-07-20-at-14.26.59.jpeg'><img loading=\"lazy\" decoding=\"async\" width=\"250\" height=\"250\" src=\"https:\/\/visitantes.auger.org.ar\/wp-content\/uploads\/2023\/07\/WhatsApp-Image-2023-07-20-at-14.26.59-250x250.jpeg\" class=\"attachment-thumbnail size-thumbnail\" alt=\"\" aria-describedby=\"gallery-1-5650\" \/><\/a>\n\t\t\t<\/div>\n\t\t\t\t<figcaption class='wp-caption-text gallery-caption' id='gallery-1-5650'>\n\t\t\t\tTania Dom\u00edngez &#8211; Atenci\u00f3n de Visitantes\n\t\t\t\t<\/figcaption><\/figure><figure class='gallery-item'>\n\t\t\t<div class='gallery-icon portrait'>\n\t\t\t\t<a data-elementor-open-lightbox=\"yes\" data-elementor-lightbox-slideshow=\"545c00d\" data-elementor-lightbox-title=\"Marcela Cogo\" data-e-action-hash=\"#elementor-action%3Aaction%3Dlightbox%26settings%3DeyJpZCI6ODQ2OCwidXJsIjoiaHR0cHM6XC9cL3Zpc2l0YW50ZXMuYXVnZXIub3JnLmFyXC93cC1jb250ZW50XC91cGxvYWRzXC8yMDI0XC8xMVwvTWFyY2VsYS1Db2dvLmpwZyIsInNsaWRlc2hvdyI6IjU0NWMwMGQifQ%3D%3D\" href='https:\/\/visitantes.auger.org.ar\/wp-content\/uploads\/2024\/11\/Marcela-Cogo.jpg'><img loading=\"lazy\" decoding=\"async\" width=\"250\" height=\"250\" src=\"https:\/\/visitantes.auger.org.ar\/wp-content\/uploads\/2024\/11\/Marcela-Cogo-250x250.jpg\" class=\"attachment-thumbnail size-thumbnail\" alt=\"\" aria-describedby=\"gallery-1-8468\" \/><\/a>\n\t\t\t<\/div>\n\t\t\t\t<figcaption class='wp-caption-text gallery-caption' id='gallery-1-8468'>\n\t\t\t\tMarcela Cogo &#8211; Atenci\u00f3n de Visitantes\n\t\t\t\t<\/figcaption><\/figure><figure class='gallery-item'>\n\t\t\t<div class='gallery-icon portrait'>\n\t\t\t\t<a data-elementor-open-lightbox=\"yes\" data-elementor-lightbox-slideshow=\"545c00d\" data-elementor-lightbox-title=\"13\" data-e-action-hash=\"#elementor-action%3Aaction%3Dlightbox%26settings%3DeyJpZCI6NTcyNSwidXJsIjoiaHR0cHM6XC9cL3Zpc2l0YW50ZXMuYXVnZXIub3JnLmFyXC93cC1jb250ZW50XC91cGxvYWRzXC8yMDIzXC8wN1wvMTMtc2NhbGVkLmpwZyIsInNsaWRlc2hvdyI6IjU0NWMwMGQifQ%3D%3D\" href='https:\/\/visitantes.auger.org.ar\/wp-content\/uploads\/2023\/07\/13-scaled.jpg'><img loading=\"lazy\" decoding=\"async\" width=\"250\" height=\"250\" src=\"https:\/\/visitantes.auger.org.ar\/wp-content\/uploads\/2023\/07\/13-250x250.jpg\" class=\"attachment-thumbnail size-thumbnail\" alt=\"\" aria-describedby=\"gallery-1-5725\" \/><\/a>\n\t\t\t<\/div>\n\t\t\t\t<figcaption class='wp-caption-text gallery-caption' id='gallery-1-5725'>\n\t\t\t\tLuciana Torres &#8211; Proyecto AMIGA\n\t\t\t\t<\/figcaption><\/figure><figure class='gallery-item'>\n\t\t\t<div class='gallery-icon portrait'>\n\t\t\t\t<a data-elementor-open-lightbox=\"yes\" data-elementor-lightbox-slideshow=\"545c00d\" data-elementor-lightbox-title=\"11\" data-e-action-hash=\"#elementor-action%3Aaction%3Dlightbox%26settings%3DeyJpZCI6NTcxOSwidXJsIjoiaHR0cHM6XC9cL3Zpc2l0YW50ZXMuYXVnZXIub3JnLmFyXC93cC1jb250ZW50XC91cGxvYWRzXC8yMDIzXC8wN1wvMTEtc2NhbGVkLmpwZyIsInNsaWRlc2hvdyI6IjU0NWMwMGQifQ%3D%3D\" href='https:\/\/visitantes.auger.org.ar\/wp-content\/uploads\/2023\/07\/11-scaled.jpg'><img loading=\"lazy\" decoding=\"async\" width=\"250\" height=\"250\" src=\"https:\/\/visitantes.auger.org.ar\/wp-content\/uploads\/2023\/07\/11-250x250.jpg\" class=\"attachment-thumbnail size-thumbnail\" alt=\"\" aria-describedby=\"gallery-1-5719\" \/><\/a>\n\t\t\t<\/div>\n\t\t\t\t<figcaption class='wp-caption-text gallery-caption' id='gallery-1-5719'>\n\t\t\t\tNicol\u00e1s Sep\u00falveda &#8211; Proyecto AMIGA\n\t\t\t\t<\/figcaption><\/figure><figure class='gallery-item'>\n\t\t\t<div class='gallery-icon portrait'>\n\t\t\t\t<a data-elementor-open-lightbox=\"yes\" data-elementor-lightbox-slideshow=\"545c00d\" data-elementor-lightbox-title=\"32\" data-e-action-hash=\"#elementor-action%3Aaction%3Dlightbox%26settings%3DeyJpZCI6NTc0NiwidXJsIjoiaHR0cHM6XC9cL3Zpc2l0YW50ZXMuYXVnZXIub3JnLmFyXC93cC1jb250ZW50XC91cGxvYWRzXC8yMDIzXC8wN1wvMzItc2NhbGVkLmpwZyIsInNsaWRlc2hvdyI6IjU0NWMwMGQifQ%3D%3D\" href='https:\/\/visitantes.auger.org.ar\/wp-content\/uploads\/2023\/07\/32-scaled.jpg'><img loading=\"lazy\" decoding=\"async\" width=\"250\" height=\"250\" src=\"https:\/\/visitantes.auger.org.ar\/wp-content\/uploads\/2023\/07\/32-250x250.jpg\" class=\"attachment-thumbnail size-thumbnail\" alt=\"\" aria-describedby=\"gallery-1-5746\" \/><\/a>\n\t\t\t<\/div>\n\t\t\t\t<figcaption class='wp-caption-text gallery-caption' id='gallery-1-5746'>\n\t\t\t\tNeiber Castro &#8211; Detector de Radio\n\t\t\t\t<\/figcaption><\/figure><figure class='gallery-item'>\n\t\t\t<div class='gallery-icon portrait'>\n\t\t\t\t<a data-elementor-open-lightbox=\"yes\" data-elementor-lightbox-slideshow=\"545c00d\" data-elementor-lightbox-title=\"15\" data-e-action-hash=\"#elementor-action%3Aaction%3Dlightbox%26settings%3DeyJpZCI6NTczMSwidXJsIjoiaHR0cHM6XC9cL3Zpc2l0YW50ZXMuYXVnZXIub3JnLmFyXC93cC1jb250ZW50XC91cGxvYWRzXC8yMDIzXC8wN1wvMTUtc2NhbGVkLmpwZyIsInNsaWRlc2hvdyI6IjU0NWMwMGQifQ%3D%3D\" href='https:\/\/visitantes.auger.org.ar\/wp-content\/uploads\/2023\/07\/15-scaled.jpg'><img loading=\"lazy\" decoding=\"async\" width=\"250\" height=\"250\" src=\"https:\/\/visitantes.auger.org.ar\/wp-content\/uploads\/2023\/07\/15-250x250.jpg\" class=\"attachment-thumbnail size-thumbnail\" alt=\"\" aria-describedby=\"gallery-1-5731\" \/><\/a>\n\t\t\t<\/div>\n\t\t\t\t<figcaption class='wp-caption-text gallery-caption' id='gallery-1-5731'>\n\t\t\t\tMatias Parasecoli &#8211; Detector de Radio\n\t\t\t\t<\/figcaption><\/figure><figure class='gallery-item'>\n\t\t\t<div class='gallery-icon portrait'>\n\t\t\t\t<a data-elementor-open-lightbox=\"yes\" data-elementor-lightbox-slideshow=\"545c00d\" data-elementor-lightbox-title=\"12\" data-e-action-hash=\"#elementor-action%3Aaction%3Dlightbox%26settings%3DeyJpZCI6NTcyMiwidXJsIjoiaHR0cHM6XC9cL3Zpc2l0YW50ZXMuYXVnZXIub3JnLmFyXC93cC1jb250ZW50XC91cGxvYWRzXC8yMDIzXC8wN1wvMTItc2NhbGVkLmpwZyIsInNsaWRlc2hvdyI6IjU0NWMwMGQifQ%3D%3D\" href='https:\/\/visitantes.auger.org.ar\/wp-content\/uploads\/2023\/07\/12-scaled.jpg'><img loading=\"lazy\" decoding=\"async\" width=\"250\" height=\"250\" src=\"https:\/\/visitantes.auger.org.ar\/wp-content\/uploads\/2023\/07\/12-250x250.jpg\" class=\"attachment-thumbnail size-thumbnail\" alt=\"\" aria-describedby=\"gallery-1-5722\" \/><\/a>\n\t\t\t<\/div>\n\t\t\t\t<figcaption class='wp-caption-text gallery-caption' id='gallery-1-5722'>\n\t\t\t\tLucas D\u00edaz &#8211; AugerPrime\n\t\t\t\t<\/figcaption><\/figure><figure class='gallery-item'>\n\t\t\t<div class='gallery-icon portrait'>\n\t\t\t\t<a data-elementor-open-lightbox=\"yes\" data-elementor-lightbox-slideshow=\"545c00d\" data-elementor-lightbox-title=\"21\" data-e-action-hash=\"#elementor-action%3Aaction%3Dlightbox%26settings%3DeyJpZCI6NTc0MCwidXJsIjoiaHR0cHM6XC9cL3Zpc2l0YW50ZXMuYXVnZXIub3JnLmFyXC93cC1jb250ZW50XC91cGxvYWRzXC8yMDIzXC8wN1wvMjEtc2NhbGVkLmpwZyIsInNsaWRlc2hvdyI6IjU0NWMwMGQifQ%3D%3D\" href='https:\/\/visitantes.auger.org.ar\/wp-content\/uploads\/2023\/07\/21-scaled.jpg'><img loading=\"lazy\" decoding=\"async\" width=\"250\" height=\"250\" src=\"https:\/\/visitantes.auger.org.ar\/wp-content\/uploads\/2023\/07\/21-250x250.jpg\" class=\"attachment-thumbnail size-thumbnail\" alt=\"\" aria-describedby=\"gallery-1-5740\" \/><\/a>\n\t\t\t<\/div>\n\t\t\t\t<figcaption class='wp-caption-text gallery-caption' id='gallery-1-5740'>\n\t\t\t\tMat\u00edas Rojas &#8211; AugerPrime\n\t\t\t\t<\/figcaption><\/figure><figure class='gallery-item'>\n\t\t\t<div class='gallery-icon portrait'>\n\t\t\t\t<a data-elementor-open-lightbox=\"yes\" data-elementor-lightbox-slideshow=\"545c00d\" data-elementor-lightbox-title=\"DUB_7278\" data-e-action-hash=\"#elementor-action%3Aaction%3Dlightbox%26settings%3DeyJpZCI6MzM3MCwidXJsIjoiaHR0cHM6XC9cL3Zpc2l0YW50ZXMuYXVnZXIub3JnLmFyXC93cC1jb250ZW50XC91cGxvYWRzXC8yMDE4XC8wNFwvRFVCXzcyNzguanBnIiwic2xpZGVzaG93IjoiNTQ1YzAwZCJ9\" href='https:\/\/visitantes.auger.org.ar\/wp-content\/uploads\/2018\/04\/DUB_7278.jpg'><img loading=\"lazy\" decoding=\"async\" width=\"250\" height=\"250\" src=\"https:\/\/visitantes.auger.org.ar\/wp-content\/uploads\/2018\/04\/DUB_7278-250x250.jpg\" class=\"attachment-thumbnail size-thumbnail\" alt=\"\" aria-describedby=\"gallery-1-3370\" srcset=\"https:\/\/visitantes.auger.org.ar\/wp-content\/uploads\/2018\/04\/DUB_7278-250x250.jpg 250w, https:\/\/visitantes.auger.org.ar\/wp-content\/uploads\/2018\/04\/DUB_7278-85x85.jpg 85w, https:\/\/visitantes.auger.org.ar\/wp-content\/uploads\/2018\/04\/DUB_7278-80x80.jpg 80w\" sizes=\"(max-width: 250px) 100vw, 250px\" \/><\/a>\n\t\t\t<\/div>\n\t\t\t\t<figcaption class='wp-caption-text gallery-caption' id='gallery-1-3370'>\n\t\t\t\tMarta Gonzalez &#8211; Mantenimiento y Servicios Generales\n\t\t\t\t<\/figcaption><\/figure><figure class='gallery-item'>\n\t\t\t<div class='gallery-icon portrait'>\n\t\t\t\t<a data-elementor-open-lightbox=\"yes\" data-elementor-lightbox-slideshow=\"545c00d\" data-elementor-lightbox-title=\"DUB_7283 (Small)\" data-e-action-hash=\"#elementor-action%3Aaction%3Dlightbox%26settings%3DeyJpZCI6MzM3MSwidXJsIjoiaHR0cHM6XC9cL3Zpc2l0YW50ZXMuYXVnZXIub3JnLmFyXC93cC1jb250ZW50XC91cGxvYWRzXC8yMDE4XC8wNFwvRFVCXzcyODMtU21hbGwuanBnIiwic2xpZGVzaG93IjoiNTQ1YzAwZCJ9\" href='https:\/\/visitantes.auger.org.ar\/wp-content\/uploads\/2018\/04\/DUB_7283-Small.jpg'><img loading=\"lazy\" decoding=\"async\" width=\"250\" height=\"250\" src=\"https:\/\/visitantes.auger.org.ar\/wp-content\/uploads\/2018\/04\/DUB_7283-Small-250x250.jpg\" class=\"attachment-thumbnail size-thumbnail\" alt=\"\" aria-describedby=\"gallery-1-3371\" srcset=\"https:\/\/visitantes.auger.org.ar\/wp-content\/uploads\/2018\/04\/DUB_7283-Small-250x250.jpg 250w, https:\/\/visitantes.auger.org.ar\/wp-content\/uploads\/2018\/04\/DUB_7283-Small-85x85.jpg 85w, https:\/\/visitantes.auger.org.ar\/wp-content\/uploads\/2018\/04\/DUB_7283-Small-80x80.jpg 80w, https:\/\/visitantes.auger.org.ar\/wp-content\/uploads\/2018\/04\/DUB_7283-Small-480x480.jpg 480w\" sizes=\"(max-width: 250px) 100vw, 250px\" \/><\/a>\n\t\t\t<\/div>\n\t\t\t\t<figcaption class='wp-caption-text gallery-caption' id='gallery-1-3371'>\n\t\t\t\tIsabel Farias &#8211; Mantenimiento y Servicios Generales\n\t\t\t\t<\/figcaption><\/figure><figure class='gallery-item'>\n\t\t\t<div class='gallery-icon portrait'>\n\t\t\t\t<a data-elementor-open-lightbox=\"yes\" data-elementor-lightbox-slideshow=\"545c00d\" data-elementor-lightbox-title=\"DUB_7226 (Small)\" data-e-action-hash=\"#elementor-action%3Aaction%3Dlightbox%26settings%3DeyJpZCI6MzM2NSwidXJsIjoiaHR0cHM6XC9cL3Zpc2l0YW50ZXMuYXVnZXIub3JnLmFyXC93cC1jb250ZW50XC91cGxvYWRzXC8yMDE4XC8wNFwvRFVCXzcyMjYtU21hbGwuanBnIiwic2xpZGVzaG93IjoiNTQ1YzAwZCJ9\" href='https:\/\/visitantes.auger.org.ar\/wp-content\/uploads\/2018\/04\/DUB_7226-Small.jpg'><img loading=\"lazy\" decoding=\"async\" width=\"250\" height=\"250\" src=\"https:\/\/visitantes.auger.org.ar\/wp-content\/uploads\/2018\/04\/DUB_7226-Small-250x250.jpg\" class=\"attachment-thumbnail size-thumbnail\" alt=\"\" aria-describedby=\"gallery-1-3365\" srcset=\"https:\/\/visitantes.auger.org.ar\/wp-content\/uploads\/2018\/04\/DUB_7226-Small-250x250.jpg 250w, https:\/\/visitantes.auger.org.ar\/wp-content\/uploads\/2018\/04\/DUB_7226-Small-85x85.jpg 85w, https:\/\/visitantes.auger.org.ar\/wp-content\/uploads\/2018\/04\/DUB_7226-Small-80x80.jpg 80w, https:\/\/visitantes.auger.org.ar\/wp-content\/uploads\/2018\/04\/DUB_7226-Small-480x480.jpg 480w\" sizes=\"(max-width: 250px) 100vw, 250px\" \/><\/a>\n\t\t\t<\/div>\n\t\t\t\t<figcaption class='wp-caption-text gallery-caption' id='gallery-1-3365'>\n\t\t\t\tDar\u00edo Villalovos &#8211; Mantenimiento y Servicios Generales\n\t\t\t\t<\/figcaption><\/figure>\n\t\t<\/div>\n\t\t<\/div>\n\t\t\t\t\t\t<\/div>\n\t\t\t\t<\/div>\n\t\t\t\t\t<\/div>\n\t\t<\/div>\n\t\t\t\t\t<\/div>\n\t\t<\/section>\n\t\t\t\t<section class=\"elementor-section elementor-top-section elementor-element elementor-element-4613f5c elementor-section-boxed elementor-section-height-default elementor-section-height-default\" data-id=\"4613f5c\" data-element_type=\"section\" data-e-type=\"section\">\n\t\t\t\t\t\t<div class=\"elementor-container elementor-column-gap-default\">\n\t\t\t\t\t<div class=\"elementor-column elementor-col-100 elementor-top-column elementor-element elementor-element-6f31b48\" data-id=\"6f31b48\" data-element_type=\"column\" data-e-type=\"column\">\n\t\t\t<div class=\"elementor-widget-wrap elementor-element-populated\">\n\t\t\t\t\t\t<div class=\"elementor-element elementor-element-081b63c elementor-widget elementor-widget-gallery\" data-id=\"081b63c\" data-element_type=\"widget\" data-e-type=\"widget\" data-widget_type=\"gallery.default\">\n\t\t\t\t<div class=\"elementor-widget-container\">\n\t\t\t\t\t \t\t\t\t<\/div>\n\t\t\t\t<\/div>\n\t\t\t\t\t<\/div>\n\t\t<\/div>\n\t\t\t\t\t<\/div>\n\t\t<\/section>\n\t\t\t\t<section class=\"elementor-section elementor-top-section elementor-element elementor-element-441a24e elementor-section-boxed elementor-section-height-default elementor-section-height-default\" data-id=\"441a24e\" data-element_type=\"section\" data-e-type=\"section\">\n\t\t\t\t\t\t<div class=\"elementor-container elementor-column-gap-default\">\n\t\t\t\t\t<div class=\"elementor-column elementor-col-100 elementor-top-column elementor-element elementor-element-62f45a9\" data-id=\"62f45a9\" data-element_type=\"column\" data-e-type=\"column\">\n\t\t\t<div class=\"elementor-widget-wrap\">\n\t\t\t\t\t\t\t<\/div>\n\t\t<\/div>\n\t\t\t\t\t<\/div>\n\t\t<\/section>\n\t\t\t\t<section class=\"elementor-section elementor-top-section elementor-element elementor-element-abfef87 elementor-section-boxed elementor-section-height-default elementor-section-height-default\" data-id=\"abfef87\" data-element_type=\"section\" data-e-type=\"section\">\n\t\t\t\t\t\t<div class=\"elementor-container elementor-column-gap-default\">\n\t\t\t\t\t<div class=\"elementor-column elementor-col-100 elementor-top-column elementor-element elementor-element-3b159e7\" data-id=\"3b159e7\" data-element_type=\"column\" data-e-type=\"column\">\n\t\t\t<div class=\"elementor-widget-wrap\">\n\t\t\t\t\t\t\t<\/div>\n\t\t<\/div>\n\t\t\t\t\t<\/div>\n\t\t<\/section>\n\t\t\t\t<\/div>\n\t\t","protected":false},"excerpt":{"rendered":"<p>Personal de Malarg\u00fce Gualberto \u00c1vila &#8211; ex-Gerente de Sitio Nicol\u00e1s Leal &#8211; Gerente de Sitio Rosa Pacheco &#8211; Secretaria de Gerencia Yamila Gimenez &#8211; Contadora Yancarlos Guerra &#8211; Administrador de Sistemas y Adquisici\u00f3n de Datos (CDAS) Jesica Velazquez &#8211; Base de datos SD &#8211; Soporte \u00e1rea de sistemas &#8211; Back-up Outreach Juan Pablo Behler &#8211; [&hellip;]<\/p>\n","protected":false},"author":1,"featured_media":3385,"parent":0,"menu_order":0,"comment_status":"closed","ping_status":"open","template":"","meta":{"footnotes":""},"class_list":["post-2808","page","type-page","status-publish","has-post-thumbnail","hentry"],"jetpack_sharing_enabled":true,"rttpg_featured_image_url":{"full":["https:\/\/visitantes.auger.org.ar\/wp-content\/uploads\/2018\/04\/DUB_7008-Small.jpg",720,480,false],"landscape":["https:\/\/visitantes.auger.org.ar\/wp-content\/uploads\/2018\/04\/DUB_7008-Small.jpg",720,480,false],"portraits":["https:\/\/visitantes.auger.org.ar\/wp-content\/uploads\/2018\/04\/DUB_7008-Small.jpg",720,480,false],"thumbnail":["https:\/\/visitantes.auger.org.ar\/wp-content\/uploads\/2018\/04\/DUB_7008-Small-250x250.jpg",250,250,true],"medium":["https:\/\/visitantes.auger.org.ar\/wp-content\/uploads\/2018\/04\/DUB_7008-Small-300x200.jpg",300,200,true],"large":["https:\/\/visitantes.auger.org.ar\/wp-content\/uploads\/2018\/04\/DUB_7008-Small.jpg",720,480,false],"1536x1536":["https:\/\/visitantes.auger.org.ar\/wp-content\/uploads\/2018\/04\/DUB_7008-Small.jpg",720,480,false],"2048x2048":["https:\/\/visitantes.auger.org.ar\/wp-content\/uploads\/2018\/04\/DUB_7008-Small.jpg",720,480,false]},"rttpg_author":{"display_name":"PierreUser","author_link":"https:\/\/visitantes.auger.org.ar\/index.php\/author\/pierreuser\/"},"rttpg_comment":0,"rttpg_category":null,"rttpg_excerpt":"Personal de Malarg\u00fce Gualberto \u00c1vila &#8211; ex-Gerente de Sitio Nicol\u00e1s Leal &#8211; Gerente de Sitio Rosa Pacheco &#8211; Secretaria de Gerencia Yamila Gimenez &#8211; Contadora Yancarlos Guerra &#8211; Administrador de Sistemas y Adquisici\u00f3n de Datos (CDAS) Jesica Velazquez &#8211; Base de datos SD &#8211; Soporte \u00e1rea de sistemas &#8211; Back-up Outreach Juan Pablo Behler &#8211;&hellip;","_links":{"self":[{"href":"https:\/\/visitantes.auger.org.ar\/index.php\/wp-json\/wp\/v2\/pages\/2808","targetHints":{"allow":["GET"]}}],"collection":[{"href":"https:\/\/visitantes.auger.org.ar\/index.php\/wp-json\/wp\/v2\/pages"}],"about":[{"href":"https:\/\/visitantes.auger.org.ar\/index.php\/wp-json\/wp\/v2\/types\/page"}],"author":[{"embeddable":true,"href":"https:\/\/visitantes.auger.org.ar\/index.php\/wp-json\/wp\/v2\/users\/1"}],"replies":[{"embeddable":true,"href":"https:\/\/visitantes.auger.org.ar\/index.php\/wp-json\/wp\/v2\/comments?post=2808"}],"version-history":[{"count":69,"href":"https:\/\/visitantes.auger.org.ar\/index.php\/wp-json\/wp\/v2\/pages\/2808\/revisions"}],"predecessor-version":[{"id":9827,"href":"https:\/\/visitantes.auger.org.ar\/index.php\/wp-json\/wp\/v2\/pages\/2808\/revisions\/9827"}],"wp:featuredmedia":[{"embeddable":true,"href":"https:\/\/visitantes.auger.org.ar\/index.php\/wp-json\/wp\/v2\/media\/3385"}],"wp:attachment":[{"href":"https:\/\/visitantes.auger.org.ar\/index.php\/wp-json\/wp\/v2\/media?parent=2808"}],"curies":[{"name":"wp","href":"https:\/\/api.w.org\/{rel}","templated":true}]}}