{"id":4467,"date":"2022-12-28T20:03:52","date_gmt":"2022-12-28T20:03:52","guid":{"rendered":"https:\/\/visitantes.auger.org.ar\/?page_id=4467"},"modified":"2024-07-17T09:33:39","modified_gmt":"2024-07-17T12:33:39","slug":"novedades","status":"publish","type":"page","link":"https:\/\/visitantes.auger.org.ar\/index.php\/novedades\/","title":{"rendered":"Novedades"},"content":{"rendered":"\t\t<div data-elementor-type=\"wp-page\" data-elementor-id=\"4467\" class=\"elementor elementor-4467\">\n\t\t\t\t\t\t<section class=\"elementor-section elementor-top-section elementor-element elementor-element-bd25e6b elementor-section-full_width elementor-section-height-min-height elementor-section-height-default elementor-section-items-middle\" data-id=\"bd25e6b\" data-element_type=\"section\" data-e-type=\"section\" data-settings=\"{&quot;background_background&quot;:&quot;classic&quot;}\">\n\t\t\t\t\t\t\t<div class=\"elementor-background-overlay\"><\/div>\n\t\t\t\t\t\t\t<div class=\"elementor-container elementor-column-gap-default\">\n\t\t\t\t\t<div class=\"elementor-column elementor-col-100 elementor-top-column elementor-element elementor-element-58b3b729\" data-id=\"58b3b729\" data-element_type=\"column\" data-e-type=\"column\">\n\t\t\t<div class=\"elementor-widget-wrap elementor-element-populated\">\n\t\t\t\t\t\t<div class=\"elementor-element elementor-element-300738ec elementor-widget elementor-widget-heading\" data-id=\"300738ec\" data-element_type=\"widget\" data-e-type=\"widget\" data-widget_type=\"heading.default\">\n\t\t\t\t<div class=\"elementor-widget-container\">\n\t\t\t\t\t<h2 class=\"elementor-heading-title elementor-size-default\">NOVEDADES<\/h2>\t\t\t\t<\/div>\n\t\t\t\t<\/div>\n\t\t\t\t<div class=\"elementor-element elementor-element-118aee51 elementor-widget elementor-widget-text-editor\" data-id=\"118aee51\" data-element_type=\"widget\" data-e-type=\"widget\" data-widget_type=\"text-editor.default\">\n\t\t\t\t<div class=\"elementor-widget-container\">\n\t\t\t\t\t\t\t\t\t<p><a href=\"https:\/\/visitantes.auger.org.ar\/\">Home <\/a>&gt; Novedades<\/p>\t\t\t\t\t\t\t\t<\/div>\n\t\t\t\t<\/div>\n\t\t\t\t\t<\/div>\n\t\t<\/div>\n\t\t\t\t\t<\/div>\n\t\t<\/section>\n\t\t\t\t<section class=\"elementor-section elementor-top-section elementor-element elementor-element-2a83b08 elementor-section-boxed elementor-section-height-default elementor-section-height-default\" data-id=\"2a83b08\" data-element_type=\"section\" data-e-type=\"section\">\n\t\t\t\t\t\t<div class=\"elementor-container elementor-column-gap-default\">\n\t\t\t\t\t<div class=\"elementor-column elementor-col-100 elementor-top-column elementor-element elementor-element-7eed5e2\" data-id=\"7eed5e2\" data-element_type=\"column\" data-e-type=\"column\">\n\t\t\t<div class=\"elementor-widget-wrap elementor-element-populated\">\n\t\t\t\t\t\t<div class=\"elementor-element elementor-element-ee89b9b elementor-widget elementor-widget-spacer\" data-id=\"ee89b9b\" data-element_type=\"widget\" data-e-type=\"widget\" data-widget_type=\"spacer.default\">\n\t\t\t\t<div class=\"elementor-widget-container\">\n\t\t\t\t\t\t\t<div class=\"elementor-spacer\">\n\t\t\t<div class=\"elementor-spacer-inner\"><\/div>\n\t\t<\/div>\n\t\t\t\t\t\t<\/div>\n\t\t\t\t<\/div>\n\t\t\t\t\t<\/div>\n\t\t<\/div>\n\t\t\t\t\t<\/div>\n\t\t<\/section>\n\t\t\t\t<section class=\"elementor-section elementor-top-section elementor-element elementor-element-efb9218 elementor-section-boxed elementor-section-height-default elementor-section-height-default\" data-id=\"efb9218\" data-element_type=\"section\" data-e-type=\"section\">\n\t\t\t\t\t\t<div class=\"elementor-container elementor-column-gap-default\">\n\t\t\t\t\t<div class=\"elementor-column elementor-col-100 elementor-top-column elementor-element elementor-element-54ff35d\" data-id=\"54ff35d\" data-element_type=\"column\" data-e-type=\"column\">\n\t\t\t<div class=\"elementor-widget-wrap elementor-element-populated\">\n\t\t\t\t\t\t<div class=\"elementor-element elementor-element-fa535bb meta-visibility-show title_position_default title_hover_border_default title-default img_hover_animation_default meta_position_default readmore-btn-default-style grid-hover-overlay-type-always tpg-el-box-border-enable tpg-border-bottom-disable elementor-widget elementor-widget-tpg-grid-layout\" data-id=\"fa535bb\" data-element_type=\"widget\" data-e-type=\"widget\" data-widget_type=\"tpg-grid-layout.default\">\n\t\t\t\t<div class=\"elementor-widget-container\">\n\t\t\t\t\t\t\t<div class=\"rt-container-fluid rt-tpg-container tpg-el-main-wrapper clearfix grid-layout1-main \"\n\t\t\t id=\"rt-tpg-container-3639714264\"\n\t\t\t data-layout=\"grid-layout1\"\n\t\t\t data-grid-style=\"tpg-full-height\"\n\t\t\t data-sc-id=\"elementor\"\n\t\t\t data-el-settings=''\n\t\t\t data-el-query=''\n\t\t\t data-el-path=''\n\t\t>\n\t\t\t\t\t\t<div class='tpg-header-wrapper '>\n\t\t\t\t\t\t\t<\/div>\n\n\t\t\t<div data-title=\"Loading ...\" class=\"rt-row rt-content-loader grid-layout1 grid-behaviour tpg-full-height grid_layout_wrapper\">\n\t\t\t\t<div class=\"rt-col-md-4 rt-col-sm-6 rt-col-xs-12 default rt-grid-item post-9959 post type-post status-publish format-standard has-post-thumbnail hentry category-uncategorized\"        data-id=\"9959\">\n    <div class=\"rt-holder tpg-post-holder \">\n        <div class=\"rt-detail rt-el-content-wrapper\">\n\t\t\t                <div class=\"rt-img-holder tpg-el-image-wrap has-thumbnail\">\n\t\t\t\t\t<a data-id=\"9959\" href=\"https:\/\/visitantes.auger.org.ar\/index.php\/mastreclass-del-observatorio-pierre-auger-en-malargue\/\" class=\"tpg-post-link\" target=\"_self\">                        <img fetchpriority=\"high\" decoding=\"async\" src=\"https:\/\/visitantes.auger.org.ar\/wp-content\/uploads\/2026\/04\/imagen-web-master-768x590.png\"\n                             class=\"rt-img-responsive\"\n                             width=\"768\"\n                             height=\"590\"\n                             alt=\"Mastreclass del Observatorio Pierre Auger en Malarg\u00fce\">\n                        \n                            \n        <\/a>\n                <div class=\"overlay grid-hover-content\"><\/div>\n                        <\/div>\n\t\t\t\n\t\t\t<div class=\"entry-title-wrapper\"><h3 class=\"entry-title\"><a data-id=\"9959\" href=\"https:\/\/visitantes.auger.org.ar\/index.php\/mastreclass-del-observatorio-pierre-auger-en-malargue\/\" class=\"tpg-post-link\" target=\"_self\">Mastreclass del Observatorio Pierre Auger en Malarg\u00fce<\/a><\/h3><\/div>\n\t\t\t                <div class=\"post-meta-tags rt-el-post-meta\">\n\t\t\t\t\t            <span class='date'>\n\t\t\t\t<i class='far fa-calendar-alt '><\/i>                                    <a href=\"https:\/\/visitantes.auger.org.ar\/index.php\/2026\/04\/12\/\">\n\t\t\t\t\tabril 12, 2026\t\t\t\t<\/a>\n                \t\t\t<\/span>\n                            <\/div>\n\t\t\t\n\n\t\t\t                <div class=\"tpg-excerpt tpg-el-excerpt\">\n\t\t\t\t\t                        <div class=\"tpg-excerpt-inner\">\n\t\t\t\t\t\t\tEl Observatorio Pierre Auger organiza anualmente Masterclasses Internacionales para estudiantes de secundaria de todo el mundo, dentro del programa de Masterclasses Internacionales (IMC) gestionado...                        <\/div>\n\t\t\t\t\t\t\t\t\t\t                <\/div>\n\t\t\t\n\t\t\t        <div class=\"post-footer\">\n            <div class=\"post-footer\">\n                <div class=\"read-more\">\n                    <a data-id=\"9959\" href=\"https:\/\/visitantes.auger.org.ar\/index.php\/mastreclass-del-observatorio-pierre-auger-en-malargue\/\" class=\"tpg-post-link\" target=\"_self\">Leer nota<\/a>                <\/div>\n            <\/div>\n        <\/div>\n                <\/div>\n    <\/div>\n<\/div>\n<div class=\"rt-col-md-4 rt-col-sm-6 rt-col-xs-12 default rt-grid-item post-9951 post type-post status-publish format-standard has-post-thumbnail hentry category-novedades\"        data-id=\"9951\">\n    <div class=\"rt-holder tpg-post-holder \">\n        <div class=\"rt-detail rt-el-content-wrapper\">\n\t\t\t                <div class=\"rt-img-holder tpg-el-image-wrap has-thumbnail\">\n\t\t\t\t\t<a data-id=\"9951\" href=\"https:\/\/visitantes.auger.org.ar\/index.php\/reunion-de-marzo-de-la-colaboracion-en-el-observatorio-pierre-auger\/\" class=\"tpg-post-link\" target=\"_self\">                        <img decoding=\"async\" src=\"https:\/\/visitantes.auger.org.ar\/wp-content\/uploads\/2026\/03\/meeing-march-768x382.png\"\n                             class=\"rt-img-responsive\"\n                             width=\"768\"\n                             height=\"382\"\n                             alt=\"Reuni\u00f3n de marzo de la Colaboraci\u00f3n en el Observatorio Pierre Auger\">\n                        \n                            \n        <\/a>\n                <div class=\"overlay grid-hover-content\"><\/div>\n                        <\/div>\n\t\t\t\n\t\t\t<div class=\"entry-title-wrapper\"><h3 class=\"entry-title\"><a data-id=\"9951\" href=\"https:\/\/visitantes.auger.org.ar\/index.php\/reunion-de-marzo-de-la-colaboracion-en-el-observatorio-pierre-auger\/\" class=\"tpg-post-link\" target=\"_self\">Reuni\u00f3n de marzo de la Colaboraci\u00f3n en el Observatorio Pierre Auger<\/a><\/h3><\/div>\n\t\t\t                <div class=\"post-meta-tags rt-el-post-meta\">\n\t\t\t\t\t            <span class='date'>\n\t\t\t\t<i class='far fa-calendar-alt '><\/i>                                    <a href=\"https:\/\/visitantes.auger.org.ar\/index.php\/2026\/03\/23\/\">\n\t\t\t\t\tmarzo 23, 2026\t\t\t\t<\/a>\n                \t\t\t<\/span>\n                            <\/div>\n\t\t\t\n\n\t\t\t                <div class=\"tpg-excerpt tpg-el-excerpt\">\n\t\t\t\t\t                        <div class=\"tpg-excerpt-inner\">\n\t\t\t\t\t\t\tEl 22 de marzo de 2026 comenz\u00f3 la reuni\u00f3n de la Colaboraci\u00f3n Internacional en el Observatorio Pierre Auger. Adem\u00e1s de la bienvenida, por parte de los directores cient\u00edficos Antonella Castellina y...                        <\/div>\n\t\t\t\t\t\t\t\t\t\t                <\/div>\n\t\t\t\n\t\t\t        <div class=\"post-footer\">\n            <div class=\"post-footer\">\n                <div class=\"read-more\">\n                    <a data-id=\"9951\" href=\"https:\/\/visitantes.auger.org.ar\/index.php\/reunion-de-marzo-de-la-colaboracion-en-el-observatorio-pierre-auger\/\" class=\"tpg-post-link\" target=\"_self\">Leer nota<\/a>                <\/div>\n            <\/div>\n        <\/div>\n                <\/div>\n    <\/div>\n<\/div>\n<div class=\"rt-col-md-4 rt-col-sm-6 rt-col-xs-12 default rt-grid-item post-9941 post type-post status-publish format-standard has-post-thumbnail hentry category-novedades\"        data-id=\"9941\">\n    <div class=\"rt-holder tpg-post-holder \">\n        <div class=\"rt-detail rt-el-content-wrapper\">\n\t\t\t                <div class=\"rt-img-holder tpg-el-image-wrap has-thumbnail\">\n\t\t\t\t\t<a data-id=\"9941\" href=\"https:\/\/visitantes.auger.org.ar\/index.php\/vistan-el-pierre-auger-estudiantes-de-la-universidad-de-michingan\/\" class=\"tpg-post-link\" target=\"_self\">                        <img decoding=\"async\" src=\"https:\/\/visitantes.auger.org.ar\/wp-content\/uploads\/2026\/03\/20260302_122558-768x432.jpg\"\n                             class=\"rt-img-responsive\"\n                             width=\"768\"\n                             height=\"432\"\n                             alt=\"Visitaron el Observatorio Pierre Auger estudiantes de la Universidad de Michingan\">\n                        \n                            \n        <\/a>\n                <div class=\"overlay grid-hover-content\"><\/div>\n                        <\/div>\n\t\t\t\n\t\t\t<div class=\"entry-title-wrapper\"><h3 class=\"entry-title\"><a data-id=\"9941\" href=\"https:\/\/visitantes.auger.org.ar\/index.php\/vistan-el-pierre-auger-estudiantes-de-la-universidad-de-michingan\/\" class=\"tpg-post-link\" target=\"_self\">Visitaron el Observatorio Pierre Auger estudiantes de la Universidad de Michingan<\/a><\/h3><\/div>\n\t\t\t                <div class=\"post-meta-tags rt-el-post-meta\">\n\t\t\t\t\t            <span class='date'>\n\t\t\t\t<i class='far fa-calendar-alt '><\/i>                                    <a href=\"https:\/\/visitantes.auger.org.ar\/index.php\/2026\/03\/18\/\">\n\t\t\t\t\tmarzo 18, 2026\t\t\t\t<\/a>\n                \t\t\t<\/span>\n                            <\/div>\n\t\t\t\n\n\t\t\t                <div class=\"tpg-excerpt tpg-el-excerpt\">\n\t\t\t\t\t                        <div class=\"tpg-excerpt-inner\">\n\t\t\t\t\t\t\tComo cada a\u00f1o, estudiantes de la Universidad de Michigan, de la mano de David Nitz, visitan el Observatorio Pierre Auger y el departamento de Malarg\u00fce. En esta oportunidad y desde el 23 de febrero al...                        <\/div>\n\t\t\t\t\t\t\t\t\t\t                <\/div>\n\t\t\t\n\t\t\t        <div class=\"post-footer\">\n            <div class=\"post-footer\">\n                <div class=\"read-more\">\n                    <a data-id=\"9941\" href=\"https:\/\/visitantes.auger.org.ar\/index.php\/vistan-el-pierre-auger-estudiantes-de-la-universidad-de-michingan\/\" class=\"tpg-post-link\" target=\"_self\">Leer nota<\/a>                <\/div>\n            <\/div>\n        <\/div>\n                <\/div>\n    <\/div>\n<\/div>\n<div class=\"rt-col-md-4 rt-col-sm-6 rt-col-xs-12 default rt-grid-item post-9927 post type-post status-publish format-standard has-post-thumbnail hentry category-novedades\"        data-id=\"9927\">\n    <div class=\"rt-holder tpg-post-holder \">\n        <div class=\"rt-detail rt-el-content-wrapper\">\n\t\t\t                <div class=\"rt-img-holder tpg-el-image-wrap has-thumbnail\">\n\t\t\t\t\t<a data-id=\"9927\" href=\"https:\/\/visitantes.auger.org.ar\/index.php\/se-publica-en-auger-en-foco-15\/\" class=\"tpg-post-link\" target=\"_self\">                        <img loading=\"lazy\" decoding=\"async\" src=\"https:\/\/visitantes.auger.org.ar\/wp-content\/uploads\/2026\/03\/tapa-1-768x562.png\"\n                             class=\"rt-img-responsive\"\n                             width=\"768\"\n                             height=\"562\"\n                             alt=\"Se publica el Auger en Foco #15\">\n                        \n                            \n        <\/a>\n                <div class=\"overlay grid-hover-content\"><\/div>\n                        <\/div>\n\t\t\t\n\t\t\t<div class=\"entry-title-wrapper\"><h3 class=\"entry-title\"><a data-id=\"9927\" href=\"https:\/\/visitantes.auger.org.ar\/index.php\/se-publica-en-auger-en-foco-15\/\" class=\"tpg-post-link\" target=\"_self\">Se publica el Auger en Foco #15<\/a><\/h3><\/div>\n\t\t\t                <div class=\"post-meta-tags rt-el-post-meta\">\n\t\t\t\t\t            <span class='date'>\n\t\t\t\t<i class='far fa-calendar-alt '><\/i>                                    <a href=\"https:\/\/visitantes.auger.org.ar\/index.php\/2026\/03\/06\/\">\n\t\t\t\t\tmarzo 6, 2026\t\t\t\t<\/a>\n                \t\t\t<\/span>\n                            <\/div>\n\t\t\t\n\n\t\t\t                <div class=\"tpg-excerpt tpg-el-excerpt\">\n\t\t\t\t\t                        <div class=\"tpg-excerpt-inner\">\n\t\t\t\t\t\t\tCada bimestre el Observatorio Pierre Auger comparte sus actividades, proyectos y descubrimientos a trav\u00e9s del bolet\u00edn de novedades &#8220;Auger en Foco&#8221;. El primer n\u00famero de 2026 est\u00e1 dedicado a...                        <\/div>\n\t\t\t\t\t\t\t\t\t\t                <\/div>\n\t\t\t\n\t\t\t        <div class=\"post-footer\">\n            <div class=\"post-footer\">\n                <div class=\"read-more\">\n                    <a data-id=\"9927\" href=\"https:\/\/visitantes.auger.org.ar\/index.php\/se-publica-en-auger-en-foco-15\/\" class=\"tpg-post-link\" target=\"_self\">Leer nota<\/a>                <\/div>\n            <\/div>\n        <\/div>\n                <\/div>\n    <\/div>\n<\/div>\n\t\t\t<\/div>\n\t\t\t<div class='rt-pagination-wrap' data-total-pages='46' data-posts-per-page='4' data-type='pagination'><div class=\"rt-pagination\"><ul class=\"pagination-list\"><li class=\"active\"><span>1<\/span><\/li><li><a data-paged='2' href='https:\/\/visitantes.auger.org.ar\/index.php\/wp-json\/wp\/v2\/pages\/4467\/page\/2\/'>2<\/a><\/li><li><a data-paged='3' href='https:\/\/visitantes.auger.org.ar\/index.php\/wp-json\/wp\/v2\/pages\/4467\/page\/3\/'>3<\/a><\/li><li><a data-paged='4' href='https:\/\/visitantes.auger.org.ar\/index.php\/wp-json\/wp\/v2\/pages\/4467\/page\/4\/'>4<\/a><\/li><li><a data-paged='5' href='https:\/\/visitantes.auger.org.ar\/index.php\/wp-json\/wp\/v2\/pages\/4467\/page\/5\/'>5<\/a><\/li><li><a data-paged='2' href=\"https:\/\/visitantes.auger.org.ar\/index.php\/wp-json\/wp\/v2\/pages\/4467\/page\/2\/\" aria-label='Next'>&rsaquo;<\/a><\/li><li><a data-paged='46' href='https:\/\/visitantes.auger.org.ar\/index.php\/wp-json\/wp\/v2\/pages\/4467\/page\/46\/' aria-label='Last'>&raquo;<\/a><\/li><\/ul><\/div><\/div>\n\t\t<\/div>\n\t\t\t\t\t\t<\/div>\n\t\t\t\t<\/div>\n\t\t\t\t\t<\/div>\n\t\t<\/div>\n\t\t\t\t\t<\/div>\n\t\t<\/section>\n\t\t\t\t<\/div>\n\t\t","protected":false},"excerpt":{"rendered":"<p>NOVEDADES Home &gt; Novedades Auger en Foco &#8211; Novedades junio 17, 2024 El Observatorio Pierre Auger recibe un promedio de 10.000 visitantes al a\u00f1o. Durante cada visita surgen una serie de preguntas que requerir\u00edan de explicaciones m\u00e1s detalladas. La selecci\u00f3n de temas&#8230; Leer nota Auger en Foco mayo 17, 2024 El Observatorio Pierre Auger recibe [&hellip;]<\/p>\n","protected":false},"author":6,"featured_media":0,"parent":0,"menu_order":0,"comment_status":"closed","ping_status":"closed","template":"","meta":{"footnotes":""},"class_list":["post-4467","page","type-page","status-publish","hentry"],"jetpack_sharing_enabled":true,"rttpg_featured_image_url":null,"rttpg_author":{"display_name":"Beatriz Garcia","author_link":"https:\/\/visitantes.auger.org.ar\/index.php\/author\/beatriz\/"},"rttpg_comment":0,"rttpg_category":"","rttpg_excerpt":"NOVEDADES Home &gt; Novedades Auger en Foco &#8211; Novedades junio 17, 2024 El Observatorio Pierre Auger recibe un promedio de 10.000 visitantes al a\u00f1o. Durante cada visita surgen una serie de preguntas que requerir\u00edan de explicaciones m\u00e1s detalladas. La selecci\u00f3n de temas&#8230; Leer nota Auger en Foco mayo 17, 2024 El Observatorio Pierre Auger recibe&hellip;","_links":{"self":[{"href":"https:\/\/visitantes.auger.org.ar\/index.php\/wp-json\/wp\/v2\/pages\/4467","targetHints":{"allow":["GET"]}}],"collection":[{"href":"https:\/\/visitantes.auger.org.ar\/index.php\/wp-json\/wp\/v2\/pages"}],"about":[{"href":"https:\/\/visitantes.auger.org.ar\/index.php\/wp-json\/wp\/v2\/types\/page"}],"author":[{"embeddable":true,"href":"https:\/\/visitantes.auger.org.ar\/index.php\/wp-json\/wp\/v2\/users\/6"}],"replies":[{"embeddable":true,"href":"https:\/\/visitantes.auger.org.ar\/index.php\/wp-json\/wp\/v2\/comments?post=4467"}],"version-history":[{"count":11,"href":"https:\/\/visitantes.auger.org.ar\/index.php\/wp-json\/wp\/v2\/pages\/4467\/revisions"}],"predecessor-version":[{"id":7760,"href":"https:\/\/visitantes.auger.org.ar\/index.php\/wp-json\/wp\/v2\/pages\/4467\/revisions\/7760"}],"wp:attachment":[{"href":"https:\/\/visitantes.auger.org.ar\/index.php\/wp-json\/wp\/v2\/media?parent=4467"}],"curies":[{"name":"wp","href":"https:\/\/api.w.org\/{rel}","templated":true}]}}