{"id":4708,"date":"2023-07-17T20:38:54","date_gmt":"2023-07-17T20:38:54","guid":{"rendered":"https:\/\/visitantes.auger.org.ar\/?page_id=4708"},"modified":"2024-08-14T11:23:01","modified_gmt":"2024-08-14T14:23:01","slug":"historia-de-la-investigacion-de-los-rayos-cosmicos","status":"publish","type":"page","link":"https:\/\/visitantes.auger.org.ar\/index.php\/historia-de-la-investigacion-de-los-rayos-cosmicos\/","title":{"rendered":"HISTORIA DE LA INVESTIGACI\u00d3N DE LOS RAYOS C\u00d3SMICOS"},"content":{"rendered":"\t\t<div data-elementor-type=\"wp-page\" data-elementor-id=\"4708\" class=\"elementor elementor-4708\">\n\t\t\t\t\t\t<section class=\"elementor-section elementor-top-section elementor-element elementor-element-a898a3e elementor-section-full_width elementor-section-height-min-height elementor-section-height-default elementor-section-items-middle\" data-id=\"a898a3e\" data-element_type=\"section\" data-e-type=\"section\" data-settings=\"{&quot;background_background&quot;:&quot;classic&quot;}\">\n\t\t\t\t\t\t\t<div class=\"elementor-background-overlay\"><\/div>\n\t\t\t\t\t\t\t<div class=\"elementor-container elementor-column-gap-default\">\n\t\t\t\t\t<div class=\"elementor-column elementor-col-100 elementor-top-column elementor-element elementor-element-1c4d37e\" data-id=\"1c4d37e\" data-element_type=\"column\" data-e-type=\"column\">\n\t\t\t<div class=\"elementor-widget-wrap elementor-element-populated\">\n\t\t\t\t\t\t<div class=\"elementor-element elementor-element-ec3f0d3 elementor-widget elementor-widget-heading\" data-id=\"ec3f0d3\" data-element_type=\"widget\" data-e-type=\"widget\" data-widget_type=\"heading.default\">\n\t\t\t\t<div class=\"elementor-widget-container\">\n\t\t\t\t\t<h2 class=\"elementor-heading-title elementor-size-default\">HISTORIA DE LA INVESTIGACI\u00d3N DE LOS RAYOS C\u00d3SMICOS<\/h2>\t\t\t\t<\/div>\n\t\t\t\t<\/div>\n\t\t\t\t\t<\/div>\n\t\t<\/div>\n\t\t\t\t\t<\/div>\n\t\t<\/section>\n\t\t\t\t<section class=\"elementor-section elementor-top-section elementor-element elementor-element-e3c42ed elementor-section-full_width elementor-section-height-default elementor-section-height-default\" data-id=\"e3c42ed\" data-element_type=\"section\" data-e-type=\"section\">\n\t\t\t\t\t\t<div class=\"elementor-container elementor-column-gap-default\">\n\t\t\t\t\t<div class=\"elementor-column elementor-col-100 elementor-top-column elementor-element elementor-element-b916b7b\" data-id=\"b916b7b\" data-element_type=\"column\" data-e-type=\"column\">\n\t\t\t<div class=\"elementor-widget-wrap elementor-element-populated\">\n\t\t\t\t\t\t<div class=\"elementor-element elementor-element-f739ecd elementor-widget elementor-widget-text-editor\" data-id=\"f739ecd\" data-element_type=\"widget\" data-e-type=\"widget\" data-widget_type=\"text-editor.default\">\n\t\t\t\t<div class=\"elementor-widget-container\">\n\t\t\t\t\t\t\t\t\t<div><div><div><div><div><div><h3 style=\"text-align: center;\"><strong>Los Rayos C\u00f3smicos De Alta Energ\u00eda<\/strong><\/h3><p style=\"text-align: center;\">La historia de la investigaci\u00f3n de los rayos c\u00f3smicos es un relato rom\u00e1ntico de aventura cient\u00edfica. Durante este siglo, investigadores de rayos c\u00f3smicos han escalado monta\u00f1as, flotado sobre globos de aire caliente y viajado a los rincones lejanos de la tierra en su pesquisa por entender a estas part\u00edculas que se mueven velozmente desde el espacio. Sus exploraciones han resuelto misterios cient\u00edficos y revelado muchos m\u00e1s. El Proyecto Pierre Auger contin\u00faa la tradici\u00f3n al comenzar la b\u00fasqueda de la fuente desconocida de los rayos c\u00f3smicos de la m\u00e1s alta energ\u00eda hasta ahora observados.<\/p><\/div><\/div><\/div><\/div><\/div><\/div><div><div><div><div><div style=\"text-align: center;\"><div><div><div><img fetchpriority=\"high\" decoding=\"async\" src=\"https:\/\/visitantes.auger.org.ar\/wp-content\/uploads\/2018\/02\/historia_1.jpg\" alt=\"historia_1\" width=\"327\" height=\"463\" \/><\/div><div><h4><strong>1912<\/strong><\/h4><div>Victor Hess, el padre de la investigaci\u00f3n de los rayos c\u00f3smicos y un intr\u00e9pido cient\u00edfico austr\u00edaco, comenz\u00f3 una serie de arriesgados vuelos en globos aerost\u00e1ticos, llegando a 5000 metros de altura. A medida que ascend\u00eda, registraba a trav\u00e9s de electroscopios un aumento significativo de cargas libres en la atm\u00f3sfera; las mol\u00e9culas de aire perd\u00edan electrones haci\u00e9ndose conductores de electricidad. Estas mediciones demostraron la existencia de lo que Hess llam\u00f3 \u201cradiaci\u00f3n penetrante proveniente del espacio\u201d, pero no aportaron claves definitivas sobre su naturaleza. El suyo fue el primero de muchos viajes audaces realizados por los f\u00edsicos para estudiar los rayos c\u00f3smicos.<\/div><div>\u00a0<\/div><\/div><\/div><\/div><\/div><div style=\"text-align: center;\"><div><h4><strong>1929<\/strong><\/h4><p>Usando la reci\u00e9n inventada c\u00e1mara de niebla, Dimitri Skobelzyn observ\u00f3 las primeras huellas fantasmales dejadas por los rayos c\u00f3smicos.<\/p><\/div><\/div><div style=\"text-align: center;\"><div><div><div><img decoding=\"async\" src=\"https:\/\/visitantes.auger.org.ar\/wp-content\/uploads\/2018\/02\/historia_2.jpg\" alt=\"historia_2\" width=\"659\" height=\"427\" \/><\/div><div><h4><strong>1932<\/strong><\/h4><div>Robert Millikan, conocido por su ingeniosa medici\u00f3n de la carga del electr\u00f3n, los bautiz\u00f3 \u201crayos c\u00f3smicos\u201d. C\u00f3smicos por su evidente origen en el espacio exterior al sistema solar, y rayos porque sospechaba que se trataba de rayos gamma, la radiaci\u00f3n electromagn\u00e9tica m\u00e1s penetrante conocida en esa \u00e9poca. Pero fue creciendo la evidencia de que los rayos c\u00f3smicos eran, en realidad, en su mayor\u00eda part\u00edculas energ\u00e9ticas con masa.<\/div><div>\u00a0<\/div><\/div><\/div><\/div><\/div><div style=\"text-align: center;\"><div><div><div><img decoding=\"async\" src=\"https:\/\/visitantes.auger.org.ar\/wp-content\/uploads\/2018\/02\/historia_3.jpg\" alt=\"historia_3\" width=\"608\" height=\"404\" \/><\/div><div><h4><strong>1932<\/strong><\/h4><div>Mientras observaba las trazas de rayos c\u00f3smicos que pasaban a trav\u00e9s de su c\u00e1mara de niebla, Carl Anderson descubri\u00f3 la antimateria bajo forma del anti-electr\u00f3n, llamado m\u00e1s tarde positr\u00f3n. Un positr\u00f3n es una part\u00edcula exactamente igual al electr\u00f3n pero con carga opuesta, positiva.<\/div><\/div><\/div><\/div><\/div><div style=\"text-align: center;\"><div><b>1937.\u00a0<\/b>Seth Neddermayer y Carl Anderson descubrieron la part\u00edcula subat\u00f3mica llamada mu\u00f3n en los rayos c\u00f3smicos. El positr\u00f3n y el mu\u00f3n fueron las primeras de una serie de part\u00edculas subat\u00f3micas descubiertas usando a los rayos c\u00f3smicos, estos descubrimientos dieron lugar al \u00e1rea de la ciencia denominada f\u00edsica de part\u00edculas elementales. Los f\u00edsicos de part\u00edculas usaron los rayos c\u00f3smicos para su investigaci\u00f3n hasta el surgimiento de los aceleradores de part\u00edculas en los a\u00f1os cincuenta.<\/div><div>\u00a0<\/div><\/div><div style=\"text-align: center;\"><div><div><div><img loading=\"lazy\" decoding=\"async\" src=\"https:\/\/visitantes.auger.org.ar\/wp-content\/uploads\/2018\/02\/historia_4.jpg\" alt=\"historia_4\" width=\"618\" height=\"429\" \/><\/div><div><h4><strong>1938<\/strong><\/h4><div>Pierre Auger, quien hab\u00eda ubicado detectores de part\u00edculas en las alturas de los Alpes, not\u00f3 que dos detectores colocados a muchos metros de separaci\u00f3n indicaron ambos la llegada de part\u00edculas exactamente al mismo tiempo. Auger hab\u00eda descubierto los &#8220;chubascos a\u00e9reos extendidos&#8221;, lluvias de part\u00edculas subat\u00f3micas secundarias causadas por la colisi\u00f3n de part\u00edculas primarias de alta energ\u00eda con mol\u00e9culas de aire. Sobre la base de sus mediciones, Auger concluy\u00f3 que hab\u00eda observado chubascos con energ\u00edas de 10<sup>15<\/sup>\u00a0eV, diez millones de veces m\u00e1s altas que cualquier conocida antes.<\/div><div>\u00a0<\/div><\/div><\/div><\/div><\/div><div style=\"text-align: center;\"><div><div><div><img loading=\"lazy\" decoding=\"async\" src=\"https:\/\/visitantes.auger.org.ar\/wp-content\/uploads\/2018\/02\/historia_5.jpg\" alt=\"historia_5\" width=\"788\" height=\"430\" \/><\/div><div><h4><strong>1949<\/strong><\/h4><div>Enrico Fermi propuso una explicaci\u00f3n para la aceleraci\u00f3n de los rayos c\u00f3smicos. En el acelerador de &#8220;choque&#8221; para los rayos c\u00f3smicos imaginado por Fermi, los protones aumentan su velocidad al rebotar sobre nubes magn\u00e9ticas que se mueven en el espacio. Se cree que estrellas que explotan (supernovas) act\u00faan como tales aceleradores c\u00f3smicos, pero ellas solas no pueden dar cuenta de los rayos c\u00f3smicos de la m\u00e1s alta energ\u00eda.<\/div><div>\u00a0<\/div><\/div><\/div><\/div><\/div><div style=\"text-align: center;\"><div><div><div><img loading=\"lazy\" decoding=\"async\" src=\"https:\/\/visitantes.auger.org.ar\/wp-content\/uploads\/2018\/02\/historia_6.jpg\" alt=\"historia_6\" width=\"704\" height=\"468\" \/><\/div><div><h4><strong>1962<\/strong><\/h4><div>El evento de Volcano Ranch. El primer rayo c\u00f3smico con energ\u00eda alrededor de 10<sup>20<\/sup>\u00a0eV fue detectado por John Linsley en el arreglo de superficie del Instituto Tecnol\u00f3gico de Massachusets ubicado en Volcano Ranch (Nuevo M\u00e9xico, EEUU), en febrero de 1962. Este singular evento aumento en un factor 50 el extremo del espectro energ\u00e9tico de los rayos c\u00f3smicos conocido hasta ese momento, y fue el primer evento registrado con energ\u00eda mayor o igual a 10<sup>20<\/sup>\u00a0eV. El arreglo de Volcano Ranch consist\u00eda en 19 detectores de centelleo cubriendo un \u00e1rea de aproximadamente 7 km<sup>2<\/sup>, y oper\u00f3 entre los a\u00f1os 1958 a 1972. Para m\u00e1s informaci\u00f3n ver: J. Linsley, Phys. Rev. Lett., 10 (1963) 146.<\/div><div>\u00a0<\/div><\/div><\/div><\/div><\/div><div style=\"text-align: center;\"><div><div><div><img loading=\"lazy\" decoding=\"async\" src=\"https:\/\/visitantes.auger.org.ar\/wp-content\/uploads\/2018\/02\/historia_7.jpg\" alt=\"historia_7\" width=\"669\" height=\"345\" \/><\/div><div><h4><strong>1964-1965<\/strong><\/h4><div>En los comienzos de los sesenta Arno Penzias y Robert Wilson descubrieron que micro-ondas de baja energ\u00eda permean el universo (la radiaci\u00f3n c\u00f3smica de fondo\u00a0 en microondas, Penzias, A.A. and Wilson, R.W. (1965) A Measurement of Excess Antenna<br \/>Temperature at 4080 Mc\/s. Astrophysical Journal, 142, 419-421, http:\/\/dx.doi.org\/10.1086\/148307).\u00a0<\/div><div>Kenneth Greisen, Vadem Kuzmin y Georgi Zatsepin (GZK) se\u00f1alaron que los rayos c\u00f3smicos de alta energ\u00eda interactuar\u00edan con el fondo de micro-ondas. La interacci\u00f3n reducir\u00eda su energ\u00eda, de modo que las part\u00edculas que viajaran a trav\u00e9s de grandes distancias intergal\u00e1cticas no podr\u00edan tener energ\u00edas mayores de 5 x 10<sup>19<\/sup>\u00a0eV.<\/div><div>\u00a0<\/div><\/div><\/div><\/div><\/div><div style=\"text-align: center;\"><div><div><div><img loading=\"lazy\" decoding=\"async\" src=\"https:\/\/visitantes.auger.org.ar\/wp-content\/uploads\/2018\/02\/historia_8.jpg\" alt=\"historia_8\" width=\"676\" height=\"438\" \/><\/div><div><h4><strong>1991<\/strong><\/h4><div>El grupo de investigaci\u00f3n de rayos c\u00f3smicos Fly&#8217;s Eye (Ojo de Mosca) en los Estados Unidos observ\u00f3 un evento de rayo c\u00f3smico con una energ\u00eda de 3 x 10<sup>20<\/sup>\u00a0eV. Algunos eventos con energ\u00edas de 10<sup>20<\/sup>\u00a0eV hab\u00edan sido encontrados 30 a\u00f1os anteriores, pero \u00e9ste era claramente el m\u00e1s energ\u00e9tico.<\/div><\/div><\/div><\/div><\/div><div style=\"text-align: center;\"><div><h4><strong>1994<\/strong><\/h4><p>El grupo AGASA en Jap\u00f3n present\u00f3 un evento con energ\u00eda de 2 x 10<sup>20<\/sup>\u00a0eV. Los eventos de Fly&#8217;s Eye y AGASA son mayores en energ\u00eda que cualquiera visto antes. \u00bfDe d\u00f3nde vienen estos dos rayos c\u00f3smicos de alta energ\u00eda? Ninguno parece apuntar hacia un objeto astrof\u00edsico que pudiera haberles impartido tales enormes energ\u00edas.<\/p><\/div><\/div><div style=\"text-align: center;\"><div><div><div><img loading=\"lazy\" decoding=\"async\" src=\"https:\/\/visitantes.auger.org.ar\/wp-content\/uploads\/2018\/02\/historia_9.jpg\" alt=\"historia_9\" width=\"400\" height=\"574\" \/><\/div><div><h4><strong>1995<\/strong><\/h4><div>Un grupo internacional de investigadores empieza a dise\u00f1ar estudios para un nuevo observatorio de rayos c\u00f3smicos, el Proyecto Pierre Auger, denominado as\u00ed en honor al descubridor de las cascadas c\u00f3smicas. El nuevo observatorio usar\u00e1 un arreglo gigante de detectores para medir grandes n\u00fameros de lluvias a partir de los rayos c\u00f3smicos de m\u00e1s alta energ\u00eda. Trazando los rayos c\u00f3smicos de alta energ\u00eda hacia su fuente desconocida, aumentar\u00e1 la comprensi\u00f3n del origen y evoluci\u00f3n del universo.<\/div><div>\u00a0<\/div><\/div><\/div><\/div><\/div><div><div><div><div style=\"text-align: center;\"><img loading=\"lazy\" decoding=\"async\" src=\"https:\/\/visitantes.auger.org.ar\/wp-content\/uploads\/2018\/02\/historia_10.jpg\" alt=\"historia_10\" width=\"437\" height=\"339\" \/><\/div><div><h4 style=\"text-align: center;\"><strong>2001.<\/strong><\/h4><div style=\"text-align: center;\">El evento de AGASA. El evento de mayor energ\u00eda reportado hasta el presente (Agosto\/2001) es el evento medido por el detector AGASA, ubicado en Jap\u00f3n, en Mayo de 2001, con una energ\u00eda asignada de 2,5 x 10<sup>20<\/sup>\u00a0eV. Para la calibraci\u00f3n de estos eventos se utilizo el programa AIRES, cuyo autor es Sergio Sciutto, del Departamento de F\u00edsica de la Universidad Nacional de La Plata, quien ha dicho: &#8220;&#8230; esto demuestra que los Argentinos tambi\u00e9n somos parte de la ciencia, y adem\u00e1s de la ciencia de la mas avanzada frontera que existe al momento&#8221;.<\/div><\/div><\/div><\/div><\/div><\/div><\/div><\/div><\/div><p>\u00a0<\/p>\t\t\t\t\t\t\t\t<\/div>\n\t\t\t\t<\/div>\n\t\t\t\t\t<\/div>\n\t\t<\/div>\n\t\t\t\t\t<\/div>\n\t\t<\/section>\n\t\t\t\t<\/div>\n\t\t","protected":false},"excerpt":{"rendered":"<p>HISTORIA DE LA INVESTIGACI\u00d3N DE LOS RAYOS C\u00d3SMICOS Los Rayos C\u00f3smicos De Alta Energ\u00eda La historia de la investigaci\u00f3n de los rayos c\u00f3smicos es un relato rom\u00e1ntico de aventura cient\u00edfica. Durante este siglo, investigadores de rayos c\u00f3smicos han escalado monta\u00f1as, flotado sobre globos de aire caliente y viajado a los rincones lejanos de la tierra [&hellip;]<\/p>\n","protected":false},"author":6,"featured_media":0,"parent":0,"menu_order":0,"comment_status":"closed","ping_status":"closed","template":"","meta":{"footnotes":""},"class_list":["post-4708","page","type-page","status-publish","hentry"],"jetpack_sharing_enabled":true,"rttpg_featured_image_url":null,"rttpg_author":{"display_name":"Beatriz Garcia","author_link":"https:\/\/visitantes.auger.org.ar\/index.php\/author\/beatriz\/"},"rttpg_comment":0,"rttpg_category":null,"rttpg_excerpt":"HISTORIA DE LA INVESTIGACI\u00d3N DE LOS RAYOS C\u00d3SMICOS Los Rayos C\u00f3smicos De Alta Energ\u00eda La historia de la investigaci\u00f3n de los rayos c\u00f3smicos es un relato rom\u00e1ntico de aventura cient\u00edfica. Durante este siglo, investigadores de rayos c\u00f3smicos han escalado monta\u00f1as, flotado sobre globos de aire caliente y viajado a los rincones lejanos de la tierra&hellip;","_links":{"self":[{"href":"https:\/\/visitantes.auger.org.ar\/index.php\/wp-json\/wp\/v2\/pages\/4708","targetHints":{"allow":["GET"]}}],"collection":[{"href":"https:\/\/visitantes.auger.org.ar\/index.php\/wp-json\/wp\/v2\/pages"}],"about":[{"href":"https:\/\/visitantes.auger.org.ar\/index.php\/wp-json\/wp\/v2\/types\/page"}],"author":[{"embeddable":true,"href":"https:\/\/visitantes.auger.org.ar\/index.php\/wp-json\/wp\/v2\/users\/6"}],"replies":[{"embeddable":true,"href":"https:\/\/visitantes.auger.org.ar\/index.php\/wp-json\/wp\/v2\/comments?post=4708"}],"version-history":[{"count":19,"href":"https:\/\/visitantes.auger.org.ar\/index.php\/wp-json\/wp\/v2\/pages\/4708\/revisions"}],"predecessor-version":[{"id":8096,"href":"https:\/\/visitantes.auger.org.ar\/index.php\/wp-json\/wp\/v2\/pages\/4708\/revisions\/8096"}],"wp:attachment":[{"href":"https:\/\/visitantes.auger.org.ar\/index.php\/wp-json\/wp\/v2\/media?parent=4708"}],"curies":[{"name":"wp","href":"https:\/\/api.w.org\/{rel}","templated":true}]}}