{"id":5038,"date":"2023-07-17T22:48:34","date_gmt":"2023-07-17T22:48:34","guid":{"rendered":"https:\/\/visitantes.auger.org.ar\/?page_id=5038"},"modified":"2024-08-15T14:48:42","modified_gmt":"2024-08-15T17:48:42","slug":"detectores-de-fluorescencia-2","status":"publish","type":"page","link":"https:\/\/visitantes.auger.org.ar\/index.php\/detectores-de-fluorescencia-2\/","title":{"rendered":"DETECTORES DE FLUORESCENCIA"},"content":{"rendered":"\t\t<div data-elementor-type=\"wp-page\" data-elementor-id=\"5038\" class=\"elementor elementor-5038\">\n\t\t\t\t\t\t<section class=\"elementor-section elementor-top-section elementor-element elementor-element-7f300f1d elementor-section-full_width elementor-section-height-min-height elementor-section-height-default elementor-section-items-middle\" data-id=\"7f300f1d\" data-element_type=\"section\" data-e-type=\"section\" data-settings=\"{&quot;background_background&quot;:&quot;classic&quot;}\">\n\t\t\t\t\t\t\t<div class=\"elementor-background-overlay\"><\/div>\n\t\t\t\t\t\t\t<div class=\"elementor-container elementor-column-gap-default\">\n\t\t\t\t\t<div class=\"elementor-column elementor-col-100 elementor-top-column elementor-element elementor-element-a300a7e\" data-id=\"a300a7e\" data-element_type=\"column\" data-e-type=\"column\">\n\t\t\t<div class=\"elementor-widget-wrap elementor-element-populated\">\n\t\t\t\t\t\t<div class=\"elementor-element elementor-element-656fd0dd elementor-widget elementor-widget-heading\" data-id=\"656fd0dd\" data-element_type=\"widget\" data-e-type=\"widget\" data-widget_type=\"heading.default\">\n\t\t\t\t<div class=\"elementor-widget-container\">\n\t\t\t\t\t<h2 class=\"elementor-heading-title elementor-size-default\">DETECTORES DE FLUORESCENCIA\n<\/h2>\t\t\t\t<\/div>\n\t\t\t\t<\/div>\n\t\t\t\t\t<\/div>\n\t\t<\/div>\n\t\t\t\t\t<\/div>\n\t\t<\/section>\n\t\t\t\t<section class=\"elementor-section elementor-top-section elementor-element elementor-element-55f7d9b elementor-section-boxed elementor-section-height-default elementor-section-height-default\" data-id=\"55f7d9b\" data-element_type=\"section\" data-e-type=\"section\">\n\t\t\t\t\t\t<div class=\"elementor-container elementor-column-gap-default\">\n\t\t\t\t\t<div class=\"elementor-column elementor-col-33 elementor-top-column elementor-element elementor-element-6311a59\" data-id=\"6311a59\" data-element_type=\"column\" data-e-type=\"column\">\n\t\t\t<div class=\"elementor-widget-wrap elementor-element-populated\">\n\t\t\t\t\t\t<div class=\"elementor-element elementor-element-2ddba09 elementor-widget elementor-widget-text-editor\" data-id=\"2ddba09\" data-element_type=\"widget\" data-e-type=\"widget\" data-widget_type=\"text-editor.default\">\n\t\t\t\t<div class=\"elementor-widget-container\">\n\t\t\t\t\t\t\t\t\t<div class=\"image_wrapper\"><img fetchpriority=\"high\" decoding=\"async\" class=\"scale-with-grid\" src=\"https:\/\/visitantes.auger.org.ar\/wp-content\/uploads\/2018\/02\/observatorio_7.jpg\" alt=\"observatorio_7\" width=\"711\" height=\"499\" \/><\/div><p class=\"wp-caption-text\"><strong>Edificio de Fluorescencia en Cerro Los Leones<\/strong><\/p>\t\t\t\t\t\t\t\t<\/div>\n\t\t\t\t<\/div>\n\t\t\t\t\t<\/div>\n\t\t<\/div>\n\t\t\t\t<div class=\"elementor-column elementor-col-66 elementor-top-column elementor-element elementor-element-942ce92\" data-id=\"942ce92\" data-element_type=\"column\" data-e-type=\"column\">\n\t\t\t<div class=\"elementor-widget-wrap elementor-element-populated\">\n\t\t\t\t\t\t<div class=\"elementor-element elementor-element-aa4c844 elementor-widget elementor-widget-text-editor\" data-id=\"aa4c844\" data-element_type=\"widget\" data-e-type=\"widget\" data-widget_type=\"text-editor.default\">\n\t\t\t\t<div class=\"elementor-widget-container\">\n\t\t\t\t\t\t\t\t\t<div class=\"section mcb-section \"><div class=\"section_wrapper mcb-section-inner\"><div class=\"wrap mcb-wrap one-second valign-top clearfix\"><div class=\"mcb-wrap-inner\"><div class=\"column mcb-column one column_column column-margin-\"><div class=\"column_attr clearfix\"><p class=\"big\">Los Detectores de Fluorescencia registran el paso de la cascada de part\u00edculas secundarias por la atm\u00f3sfera. Una lluvia de rayos c\u00f3smicos de la mayor energ\u00eda contiene aproximadamente 10<sup>11<\/sup>\u00a0(cien mil millones) de part\u00edculas, que surcan la atm\u00f3sfera a una velocidad cercana a la de la luz. Estas part\u00edculas chocan con las mol\u00e9culas del aire excitando sus estados electr\u00f3nicos los que, al desexcitarse, producen luz de la misma forma que lo hace una l\u00e1mpara de ne\u00f3n. Aproximadamente el 0,005% de la energ\u00eda de un rayo c\u00f3smico se convierte en luz fluorescente, lo que equivale a la luz emitida por un foco de unos 25 Watt, que atraviesa la atm\u00f3sfera a la velocidad de la luz en 1\/100000 de segundo. La fluorescencia producida es mayoritariamente luz ultravioleta.<\/p><p>Para detectar esta fluorescencia hay cuatro edificios de telescopios en la periferia del arreglo de superficie llamados: Los Leones, Coihueco, Los Morados y Loma Amarilla, abarcando cada uno un \u00e1ngulo de 180\u00ba con seis telescopios que observan un \u00e1ngulo de 30\u00ba cada uno.<\/p><p>En Coihueco se encuentran instalados, adem\u00e1s, 3 detectores de fluorescencia complementarios, que constituyen el proyecto HEAT.<\/p><\/div><\/div><div class=\"column mcb-column one column_divider \"><hr class=\"no_line\" \/><\/div><\/div><\/div><\/div><\/div><div class=\"section mcb-section \"><div class=\"section_wrapper mcb-section-inner\"><div class=\"wrap mcb-wrap one-second valign-top clearfix\"><div class=\"mcb-wrap-inner\"><div class=\"column mcb-column one column_column column-margin-\"><div class=\"column_attr clearfix\"><h4>\u00a0<\/h4><\/div><\/div><\/div><\/div><\/div><\/div>\t\t\t\t\t\t\t\t<\/div>\n\t\t\t\t<\/div>\n\t\t\t\t\t<\/div>\n\t\t<\/div>\n\t\t\t\t\t<\/div>\n\t\t<\/section>\n\t\t\t\t<section class=\"elementor-section elementor-top-section elementor-element elementor-element-d6331f8 elementor-section-boxed elementor-section-height-default elementor-section-height-default\" data-id=\"d6331f8\" data-element_type=\"section\" data-e-type=\"section\">\n\t\t\t\t\t\t<div class=\"elementor-container elementor-column-gap-default\">\n\t\t\t\t\t<div class=\"elementor-column elementor-col-50 elementor-top-column elementor-element elementor-element-6682d6b\" data-id=\"6682d6b\" data-element_type=\"column\" data-e-type=\"column\">\n\t\t\t<div class=\"elementor-widget-wrap elementor-element-populated\">\n\t\t\t\t\t\t<div class=\"elementor-element elementor-element-e19d66d elementor-widget elementor-widget-text-editor\" data-id=\"e19d66d\" data-element_type=\"widget\" data-e-type=\"widget\" data-widget_type=\"text-editor.default\">\n\t\t\t\t<div class=\"elementor-widget-container\">\n\t\t\t\t\t\t\t\t\t<div class=\"column mcb-column one column_column column-margin-\"><div class=\"column_attr clearfix\"><h4><strong>Cada Telescopio Consta De Un Espejo Esf\u00e9rico, Que Concentra La Luz De Su \u00c1rea De Visi\u00f3n Sobre Una C\u00e1mara. Su Principio De Funcionamiento Es Como De Una C\u00e1mara Digital: Posee 440 Pixeles, En Un Arreglo De 22\u00d720. Cada P\u00edxel Es Un Tubo Fotomultiplicador, De Unos 4,5 Cm De Di\u00e1metro, Sensible A La Luz Ultravioleta.<\/strong><\/h4><p class=\"big\">Los telescopios tienen una \u00f3ptica de tipo Schmidt, es decir, con una lente para corregir la aberraci\u00f3n por coma y un diafragma de apertura. Adem\u00e1s, en la apertura existe un filtro que solo deja pasar luz ultravioleta, para reducir la luminosidad de fondo.<\/p><p>El telescopio de fluorescencia opera cuando la luz de fondo es m\u00ednima, esto es, en noches despejadas en torno de Luna nueva. Sin embargo, la informaci\u00f3n que provee es extremadamente valiosa, ya que proporciona una medici\u00f3n directa de la luz que la lluvia deja en su paso por la atm\u00f3sfera, lo que permite reconstruir con alta precisi\u00f3n la energ\u00eda del rayo c\u00f3smico primario. Este dato permite calibrar el detector de superficie. Tambi\u00e9n proporciona una muy buena medici\u00f3n del plano formado por la direcci\u00f3n de arribo del rayo c\u00f3smico y el observatorio.<\/p><p>Para una buena determinaci\u00f3n de la energ\u00eda, es importante conocer la atenuaci\u00f3n atmosf\u00e9rica por lo que se requiere un complejo sistema de monitoreo atmosf\u00e9rico llamado Lidar (Light Detection and Ranging), basado, entre otras cosas, en un sistema de l\u00e1ser pulsado y an\u00e1lisis de la se\u00f1al dispersada por la atm\u00f3sfera.<\/p><\/div><\/div><div class=\"column mcb-column one column_divider \">\u00a0<\/div>\t\t\t\t\t\t\t\t<\/div>\n\t\t\t\t<\/div>\n\t\t\t\t\t<\/div>\n\t\t<\/div>\n\t\t\t\t<div class=\"elementor-column elementor-col-50 elementor-top-column elementor-element elementor-element-e6fc639\" data-id=\"e6fc639\" data-element_type=\"column\" data-e-type=\"column\">\n\t\t\t<div class=\"elementor-widget-wrap elementor-element-populated\">\n\t\t\t\t\t\t<div class=\"elementor-element elementor-element-e3f8990 elementor-widget elementor-widget-text-editor\" data-id=\"e3f8990\" data-element_type=\"widget\" data-e-type=\"widget\" data-widget_type=\"text-editor.default\">\n\t\t\t\t<div class=\"elementor-widget-container\">\n\t\t\t\t\t\t\t\t\t<div class=\"section mcb-section \"><div class=\"section_wrapper mcb-section-inner\"><div class=\"wrap mcb-wrap one-second valign-top clearfix\"><div class=\"mcb-wrap-inner\"><div class=\"column mcb-column one column_divider \">\u00a0<\/div><\/div><\/div><div class=\"wrap mcb-wrap one-second valign-top clearfix\"><div class=\"mcb-wrap-inner\"><div class=\"column mcb-column one column_image \"><div class=\"image_frame image_item no_link scale-with-grid aligncenter no_border\"><div class=\"image_wrapper\"><img decoding=\"async\" class=\"scale-with-grid\" src=\"https:\/\/visitantes.auger.org.ar\/wp-content\/uploads\/2018\/02\/3194-Detector-de-fuorescencia.jpg\" alt=\"3194-Detector-de-fuorescencia\" width=\"1920\" height=\"991\" \/><\/div><\/div><\/div><div class=\"column mcb-column one-third column_image \"><div class=\"image_frame image_item no_link scale-with-grid aligncenter no_border\"><div class=\"image_wrapper\"><img decoding=\"async\" class=\"scale-with-grid\" src=\"https:\/\/visitantes.auger.org.ar\/wp-content\/uploads\/2018\/05\/Corte-Edificio.jpg\" alt=\"Corte Edificio\" width=\"1002\" height=\"770\" \/><\/div><\/div><\/div><div class=\"column mcb-column one-third column_image \"><div class=\"image_frame image_item no_link scale-with-grid aligncenter no_border\"><div class=\"image_wrapper\"><img loading=\"lazy\" decoding=\"async\" class=\"scale-with-grid\" src=\"https:\/\/visitantes.auger.org.ar\/wp-content\/uploads\/2018\/05\/FD-grafico.jpg\" alt=\"FD grafico\" width=\"247\" height=\"191\" \/><\/div><\/div><\/div><div class=\"column mcb-column one-third column_image \"><div class=\"image_frame image_item no_link scale-with-grid aligncenter no_border\"><div class=\"image_wrapper\"><img loading=\"lazy\" decoding=\"async\" class=\"scale-with-grid\" src=\"https:\/\/visitantes.auger.org.ar\/wp-content\/uploads\/2018\/05\/20110402203721.jpg\" alt=\"20110402203721\" width=\"450\" height=\"335\" \/><\/div><\/div><\/div><div class=\"column mcb-column one column_divider \"><hr class=\"no_line\" \/><\/div><\/div><\/div><\/div><\/div><div class=\"section mcb-section \"><div class=\"section_wrapper mcb-section-inner\"><div class=\"wrap mcb-wrap one valign-top clearfix\"><div class=\"mcb-wrap-inner\"><div class=\"column mcb-column one column_fancy_heading \"><div class=\"fancy_heading fancy_heading_line\">\u00a0<\/div><\/div><\/div><\/div><div class=\"wrap mcb-wrap one-third valign-top clearfix\"><div class=\"mcb-wrap-inner\"><div class=\"column mcb-column one column_column column-margin-\"><div class=\"column_attr clearfix\"><p class=\"big\">\u00a0<\/p><\/div><\/div><\/div><\/div><\/div><\/div>\t\t\t\t\t\t\t\t<\/div>\n\t\t\t\t<\/div>\n\t\t\t\t\t<\/div>\n\t\t<\/div>\n\t\t\t\t\t<\/div>\n\t\t<\/section>\n\t\t\t\t<section class=\"elementor-section elementor-top-section elementor-element elementor-element-2739fd9 elementor-section-boxed elementor-section-height-default elementor-section-height-default\" data-id=\"2739fd9\" data-element_type=\"section\" data-e-type=\"section\">\n\t\t\t\t\t\t<div class=\"elementor-container elementor-column-gap-default\">\n\t\t\t\t\t<div class=\"elementor-column elementor-col-33 elementor-top-column elementor-element elementor-element-0054349\" data-id=\"0054349\" data-element_type=\"column\" data-e-type=\"column\">\n\t\t\t<div class=\"elementor-widget-wrap elementor-element-populated\">\n\t\t\t\t\t\t<div class=\"elementor-element elementor-element-2b5cc46 elementor-widget elementor-widget-text-editor\" data-id=\"2b5cc46\" data-element_type=\"widget\" data-e-type=\"widget\" data-widget_type=\"text-editor.default\">\n\t\t\t\t<div class=\"elementor-widget-container\">\n\t\t\t\t\t\t\t\t\t<div class=\"wrap mcb-wrap one valign-top clearfix\"><div class=\"mcb-wrap-inner\"><div class=\"column mcb-column one column_fancy_heading \"><div class=\"fancy_heading fancy_heading_line\"><h2 class=\"title\"><strong>LIDAR<\/strong><\/h2><\/div><\/div><\/div><\/div><div class=\"wrap mcb-wrap one-third valign-top clearfix\"><div class=\"mcb-wrap-inner\"><div class=\"column mcb-column one column_image \"><div class=\"image_frame image_item no_link scale-with-grid aligncenter no_border\"><div class=\"image_wrapper\"><img loading=\"lazy\" decoding=\"async\" class=\"scale-with-grid\" src=\"https:\/\/visitantes.auger.org.ar\/wp-content\/uploads\/2018\/02\/tele-Lidar-01.jpg\" alt=\"tele-Lidar-01\" width=\"786\" height=\"590\" \/><\/div><\/div><\/div><div class=\"column mcb-column one column_column column-margin-\"><div class=\"column_attr clearfix\"><p class=\"big\">\u00a0<\/p><\/div><\/div><\/div><\/div>\t\t\t\t\t\t\t\t<\/div>\n\t\t\t\t<\/div>\n\t\t\t\t\t<\/div>\n\t\t<\/div>\n\t\t\t\t<div class=\"elementor-column elementor-col-66 elementor-top-column elementor-element elementor-element-0a95425\" data-id=\"0a95425\" data-element_type=\"column\" data-e-type=\"column\">\n\t\t\t<div class=\"elementor-widget-wrap elementor-element-populated\">\n\t\t\t\t\t\t<div class=\"elementor-element elementor-element-b0a8a1d elementor-widget elementor-widget-text-editor\" data-id=\"b0a8a1d\" data-element_type=\"widget\" data-e-type=\"widget\" data-widget_type=\"text-editor.default\">\n\t\t\t\t<div class=\"elementor-widget-container\">\n\t\t\t\t\t\t\t\t\t<div class=\"section mcb-section \"><div class=\"section_wrapper mcb-section-inner\"><div class=\"wrap mcb-wrap one-third valign-top clearfix\"><div class=\"mcb-wrap-inner\"><div class=\"column mcb-column one column_column column-margin-\"><div class=\"column_attr clearfix\"><p class=\"big\">Junto a cada uno de los edificios de fluorescencia (Los Leones, Coihueco, Los Morados y Loma Amarilla) se encuentra instalado un LIDAR (Light Detection and Ranging). La finalidad de este instrumento es medir la opacidad de la atm\u00f3sfera debido a la presencia de aerosoles (part\u00edculas como hielo, polvo, humo, etc.) o cobertura de delgadas capas de nubes en los estratos superiores de la atm\u00f3sfera.<\/p><\/div><\/div><\/div><\/div><div class=\"wrap mcb-wrap one-third valign-top clearfix\"><div class=\"mcb-wrap-inner\"><div class=\"column mcb-column one column_image \"><div class=\"image_frame image_item no_link scale-with-grid aligncenter no_border\"><div class=\"image_wrapper\"><img loading=\"lazy\" decoding=\"async\" class=\"scale-with-grid\" src=\"https:\/\/visitantes.auger.org.ar\/wp-content\/uploads\/2018\/02\/tele-Lidar-02.jpg\" alt=\"tele-Lidar-02\" width=\"786\" height=\"590\" \/><\/div><\/div><\/div><div class=\"column mcb-column one column_column column-margin-\"><div class=\"column_attr clearfix\"><p class=\"big\">Este instrumento dispara un rayo l\u00e1ser hacia el cielo y mide los reflejos producidos por las part\u00edculas en suspensi\u00f3n. El LIDAR se encuentra barriendo el cielo nocturno, siguiendo una rutina, hasta que se produce un evento c\u00f3smico. En cuanto esto ocurre, se dispara el l\u00e1ser hacia la direcci\u00f3n de donde proviene la cascada c\u00f3smica para medir la opacidad de la atm\u00f3sfera en esa regi\u00f3n del cielo.<\/p><\/div><\/div><\/div><\/div><div class=\"wrap mcb-wrap one-third valign-top clearfix\"><div class=\"mcb-wrap-inner\"><div class=\"column mcb-column one column_image \"><div class=\"image_frame image_item no_link scale-with-grid aligncenter no_border\"><div class=\"image_wrapper\"><img loading=\"lazy\" decoding=\"async\" class=\"scale-with-grid\" src=\"https:\/\/visitantes.auger.org.ar\/wp-content\/uploads\/2018\/02\/tele-Lidar-03.jpg\" alt=\"tele-Lidar-03\" width=\"786\" height=\"590\" \/><\/div><\/div><\/div><div class=\"column mcb-column one column_column column-margin-\"><div class=\"column_attr clearfix\"><p class=\"big\">La luz que capta el Telescopio de Fluorescencia cuando se produce una lluvia de rayos c\u00f3smicos, esta directamente relacionado con la opacidad de la atm\u00f3sfera; de ah\u00ed la vital importancia de conocer su anatom\u00eda para poder reconstruir la cascada lo m\u00e1s aproximadamente posible. Todo este equipo es controlado remotamente desde el centro de adquisici\u00f3n de datos (CDAS) en Malarg\u00fce.<\/p><\/div><\/div><\/div><\/div><\/div><\/div><div class=\"section mcb-section \"><div class=\"section_wrapper mcb-section-inner\"><div class=\"wrap mcb-wrap one valign-middle clearfix\"><div class=\"mcb-wrap-inner\"><div class=\"column mcb-column one column_content \"><div class=\"the_content\"><div class=\"the_content_wrapper\"><div id=\"gallery-1\" class=\"gallery galleryid-42 gallery-columns-6 gallery-size-thumbnail file\"><dl class=\"gallery-item\"><dt class=\"gallery-icon portrait\"><div class=\"image_frame scale-with-grid\"><div class=\"image_wrapper\"><div class=\"mask\">\u00a0<\/div><\/div><\/div><\/dt><\/dl><\/div><\/div><\/div><\/div><\/div><\/div><\/div><\/div>\t\t\t\t\t\t\t\t<\/div>\n\t\t\t\t<\/div>\n\t\t\t\t\t<\/div>\n\t\t<\/div>\n\t\t\t\t\t<\/div>\n\t\t<\/section>\n\t\t\t\t<section class=\"elementor-section elementor-top-section elementor-element elementor-element-c95ddbb elementor-section-boxed elementor-section-height-default elementor-section-height-default\" data-id=\"c95ddbb\" data-element_type=\"section\" data-e-type=\"section\">\n\t\t\t\t\t\t<div class=\"elementor-container elementor-column-gap-default\">\n\t\t\t\t\t<div class=\"elementor-column elementor-col-100 elementor-top-column elementor-element elementor-element-8790301\" data-id=\"8790301\" data-element_type=\"column\" data-e-type=\"column\">\n\t\t\t<div class=\"elementor-widget-wrap elementor-element-populated\">\n\t\t\t\t\t\t<div class=\"elementor-element elementor-element-d4cac4e elementor-widget elementor-widget-image-gallery\" data-id=\"d4cac4e\" data-element_type=\"widget\" data-e-type=\"widget\" data-widget_type=\"image-gallery.default\">\n\t\t\t\t<div class=\"elementor-widget-container\">\n\t\t\t\t\t\t\t<div class=\"elementor-image-gallery\">\n\t\t\t<div id='gallery-1' class='gallery galleryid-5038 gallery-columns-4 gallery-size-thumbnail'><figure class='gallery-item'>\n\t\t\t<div class='gallery-icon landscape'>\n\t\t\t\t<a data-elementor-open-lightbox=\"yes\" data-elementor-lightbox-slideshow=\"d4cac4e\" data-elementor-lightbox-title=\"edificio coihueco 1\" data-e-action-hash=\"#elementor-action%3Aaction%3Dlightbox%26settings%3DeyJpZCI6MjczOSwidXJsIjoiaHR0cHM6XC9cL3Zpc2l0YW50ZXMuYXVnZXIub3JnLmFyXC93cC1jb250ZW50XC91cGxvYWRzXC8yMDE4XC8wNFwvZWRpZmljaW8tY29paHVlY28tMS5qcGciLCJzbGlkZXNob3ciOiJkNGNhYzRlIn0%3D\" href='https:\/\/visitantes.auger.org.ar\/wp-content\/uploads\/2018\/04\/edificio-coihueco-1.jpg'><img loading=\"lazy\" decoding=\"async\" width=\"250\" height=\"250\" src=\"https:\/\/visitantes.auger.org.ar\/wp-content\/uploads\/2018\/04\/edificio-coihueco-1-250x250.jpg\" class=\"attachment-thumbnail size-thumbnail\" alt=\"\" srcset=\"https:\/\/visitantes.auger.org.ar\/wp-content\/uploads\/2018\/04\/edificio-coihueco-1-250x250.jpg 250w, https:\/\/visitantes.auger.org.ar\/wp-content\/uploads\/2018\/04\/edificio-coihueco-1-85x85.jpg 85w, https:\/\/visitantes.auger.org.ar\/wp-content\/uploads\/2018\/04\/edificio-coihueco-1-80x80.jpg 80w\" sizes=\"(max-width: 250px) 100vw, 250px\" \/><\/a>\n\t\t\t<\/div><\/figure><figure class='gallery-item'>\n\t\t\t<div class='gallery-icon portrait'>\n\t\t\t\t<a data-elementor-open-lightbox=\"yes\" data-elementor-lightbox-slideshow=\"d4cac4e\" data-elementor-lightbox-title=\"dsc_2767\" data-e-action-hash=\"#elementor-action%3Aaction%3Dlightbox%26settings%3DeyJpZCI6MjcyNywidXJsIjoiaHR0cHM6XC9cL3Zpc2l0YW50ZXMuYXVnZXIub3JnLmFyXC93cC1jb250ZW50XC91cGxvYWRzXC8yMDE4XC8wNFwvZHNjXzI3NjcuanBnIiwic2xpZGVzaG93IjoiZDRjYWM0ZSJ9\" href='https:\/\/visitantes.auger.org.ar\/wp-content\/uploads\/2018\/04\/dsc_2767.jpg'><img loading=\"lazy\" decoding=\"async\" width=\"250\" height=\"250\" src=\"https:\/\/visitantes.auger.org.ar\/wp-content\/uploads\/2018\/04\/dsc_2767-250x250.jpg\" class=\"attachment-thumbnail size-thumbnail\" alt=\"\" srcset=\"https:\/\/visitantes.auger.org.ar\/wp-content\/uploads\/2018\/04\/dsc_2767-250x250.jpg 250w, https:\/\/visitantes.auger.org.ar\/wp-content\/uploads\/2018\/04\/dsc_2767-85x85.jpg 85w, https:\/\/visitantes.auger.org.ar\/wp-content\/uploads\/2018\/04\/dsc_2767-80x80.jpg 80w\" sizes=\"(max-width: 250px) 100vw, 250px\" \/><\/a>\n\t\t\t<\/div><\/figure><figure class='gallery-item'>\n\t\t\t<div class='gallery-icon landscape'>\n\t\t\t\t<a data-elementor-open-lightbox=\"yes\" data-elementor-lightbox-slideshow=\"d4cac4e\" data-elementor-lightbox-title=\"edificio coihueco\" data-e-action-hash=\"#elementor-action%3Aaction%3Dlightbox%26settings%3DeyJpZCI6Mjc0MCwidXJsIjoiaHR0cHM6XC9cL3Zpc2l0YW50ZXMuYXVnZXIub3JnLmFyXC93cC1jb250ZW50XC91cGxvYWRzXC8yMDE4XC8wNFwvZWRpZmljaW8tY29paHVlY28uanBnIiwic2xpZGVzaG93IjoiZDRjYWM0ZSJ9\" href='https:\/\/visitantes.auger.org.ar\/wp-content\/uploads\/2018\/04\/edificio-coihueco.jpg'><img loading=\"lazy\" decoding=\"async\" width=\"250\" height=\"250\" src=\"https:\/\/visitantes.auger.org.ar\/wp-content\/uploads\/2018\/04\/edificio-coihueco-250x250.jpg\" class=\"attachment-thumbnail size-thumbnail\" alt=\"\" srcset=\"https:\/\/visitantes.auger.org.ar\/wp-content\/uploads\/2018\/04\/edificio-coihueco-250x250.jpg 250w, https:\/\/visitantes.auger.org.ar\/wp-content\/uploads\/2018\/04\/edificio-coihueco-85x85.jpg 85w, https:\/\/visitantes.auger.org.ar\/wp-content\/uploads\/2018\/04\/edificio-coihueco-80x80.jpg 80w\" sizes=\"(max-width: 250px) 100vw, 250px\" \/><\/a>\n\t\t\t<\/div><\/figure><figure class='gallery-item'>\n\t\t\t<div class='gallery-icon landscape'>\n\t\t\t\t<a data-elementor-open-lightbox=\"yes\" data-elementor-lightbox-slideshow=\"d4cac4e\" data-elementor-lightbox-title=\"edificio los leones 1\" data-e-action-hash=\"#elementor-action%3Aaction%3Dlightbox%26settings%3DeyJpZCI6Mjc0MSwidXJsIjoiaHR0cHM6XC9cL3Zpc2l0YW50ZXMuYXVnZXIub3JnLmFyXC93cC1jb250ZW50XC91cGxvYWRzXC8yMDE4XC8wNFwvZWRpZmljaW8tbG9zLWxlb25lcy0xLmpwZyIsInNsaWRlc2hvdyI6ImQ0Y2FjNGUifQ%3D%3D\" href='https:\/\/visitantes.auger.org.ar\/wp-content\/uploads\/2018\/04\/edificio-los-leones-1.jpg'><img loading=\"lazy\" decoding=\"async\" width=\"250\" height=\"250\" src=\"https:\/\/visitantes.auger.org.ar\/wp-content\/uploads\/2018\/04\/edificio-los-leones-1-250x250.jpg\" class=\"attachment-thumbnail size-thumbnail\" alt=\"\" srcset=\"https:\/\/visitantes.auger.org.ar\/wp-content\/uploads\/2018\/04\/edificio-los-leones-1-250x250.jpg 250w, https:\/\/visitantes.auger.org.ar\/wp-content\/uploads\/2018\/04\/edificio-los-leones-1-85x85.jpg 85w, https:\/\/visitantes.auger.org.ar\/wp-content\/uploads\/2018\/04\/edificio-los-leones-1-80x80.jpg 80w\" sizes=\"(max-width: 250px) 100vw, 250px\" \/><\/a>\n\t\t\t<\/div><\/figure><figure class='gallery-item'>\n\t\t\t<div class='gallery-icon landscape'>\n\t\t\t\t<a data-elementor-open-lightbox=\"yes\" data-elementor-lightbox-slideshow=\"d4cac4e\" data-elementor-lightbox-title=\"edificio los leones 3\" data-e-action-hash=\"#elementor-action%3Aaction%3Dlightbox%26settings%3DeyJpZCI6Mjc0MiwidXJsIjoiaHR0cHM6XC9cL3Zpc2l0YW50ZXMuYXVnZXIub3JnLmFyXC93cC1jb250ZW50XC91cGxvYWRzXC8yMDE4XC8wNFwvZWRpZmljaW8tbG9zLWxlb25lcy0zLmpwZyIsInNsaWRlc2hvdyI6ImQ0Y2FjNGUifQ%3D%3D\" href='https:\/\/visitantes.auger.org.ar\/wp-content\/uploads\/2018\/04\/edificio-los-leones-3.jpg'><img loading=\"lazy\" decoding=\"async\" width=\"250\" height=\"250\" src=\"https:\/\/visitantes.auger.org.ar\/wp-content\/uploads\/2018\/04\/edificio-los-leones-3-250x250.jpg\" class=\"attachment-thumbnail size-thumbnail\" alt=\"\" srcset=\"https:\/\/visitantes.auger.org.ar\/wp-content\/uploads\/2018\/04\/edificio-los-leones-3-250x250.jpg 250w, https:\/\/visitantes.auger.org.ar\/wp-content\/uploads\/2018\/04\/edificio-los-leones-3-85x85.jpg 85w, https:\/\/visitantes.auger.org.ar\/wp-content\/uploads\/2018\/04\/edificio-los-leones-3-80x80.jpg 80w\" sizes=\"(max-width: 250px) 100vw, 250px\" \/><\/a>\n\t\t\t<\/div><\/figure><figure class='gallery-item'>\n\t\t\t<div class='gallery-icon landscape'>\n\t\t\t\t<a data-elementor-open-lightbox=\"yes\" data-elementor-lightbox-slideshow=\"d4cac4e\" data-elementor-lightbox-title=\"edificios los morados 1\" data-e-action-hash=\"#elementor-action%3Aaction%3Dlightbox%26settings%3DeyJpZCI6Mjc0NCwidXJsIjoiaHR0cHM6XC9cL3Zpc2l0YW50ZXMuYXVnZXIub3JnLmFyXC93cC1jb250ZW50XC91cGxvYWRzXC8yMDE4XC8wNFwvZWRpZmljaW9zLWxvcy1tb3JhZG9zLTEuanBnIiwic2xpZGVzaG93IjoiZDRjYWM0ZSJ9\" href='https:\/\/visitantes.auger.org.ar\/wp-content\/uploads\/2018\/04\/edificios-los-morados-1.jpg'><img loading=\"lazy\" decoding=\"async\" width=\"250\" height=\"250\" src=\"https:\/\/visitantes.auger.org.ar\/wp-content\/uploads\/2018\/04\/edificios-los-morados-1-250x250.jpg\" class=\"attachment-thumbnail size-thumbnail\" alt=\"\" srcset=\"https:\/\/visitantes.auger.org.ar\/wp-content\/uploads\/2018\/04\/edificios-los-morados-1-250x250.jpg 250w, https:\/\/visitantes.auger.org.ar\/wp-content\/uploads\/2018\/04\/edificios-los-morados-1-85x85.jpg 85w, https:\/\/visitantes.auger.org.ar\/wp-content\/uploads\/2018\/04\/edificios-los-morados-1-80x80.jpg 80w\" sizes=\"(max-width: 250px) 100vw, 250px\" \/><\/a>\n\t\t\t<\/div><\/figure><figure class='gallery-item'>\n\t\t\t<div class='gallery-icon landscape'>\n\t\t\t\t<a data-elementor-open-lightbox=\"yes\" data-elementor-lightbox-slideshow=\"d4cac4e\" data-elementor-lightbox-title=\"edifico loma amarilla 1\" data-e-action-hash=\"#elementor-action%3Aaction%3Dlightbox%26settings%3DeyJpZCI6Mjc0NSwidXJsIjoiaHR0cHM6XC9cL3Zpc2l0YW50ZXMuYXVnZXIub3JnLmFyXC93cC1jb250ZW50XC91cGxvYWRzXC8yMDE4XC8wNFwvZWRpZmljby1sb21hLWFtYXJpbGxhLTEuanBnIiwic2xpZGVzaG93IjoiZDRjYWM0ZSJ9\" href='https:\/\/visitantes.auger.org.ar\/wp-content\/uploads\/2018\/04\/edifico-loma-amarilla-1.jpg'><img loading=\"lazy\" decoding=\"async\" width=\"250\" height=\"250\" src=\"https:\/\/visitantes.auger.org.ar\/wp-content\/uploads\/2018\/04\/edifico-loma-amarilla-1-250x250.jpg\" class=\"attachment-thumbnail size-thumbnail\" alt=\"\" srcset=\"https:\/\/visitantes.auger.org.ar\/wp-content\/uploads\/2018\/04\/edifico-loma-amarilla-1-250x250.jpg 250w, https:\/\/visitantes.auger.org.ar\/wp-content\/uploads\/2018\/04\/edifico-loma-amarilla-1-85x85.jpg 85w, https:\/\/visitantes.auger.org.ar\/wp-content\/uploads\/2018\/04\/edifico-loma-amarilla-1-80x80.jpg 80w\" sizes=\"(max-width: 250px) 100vw, 250px\" \/><\/a>\n\t\t\t<\/div><\/figure><figure class='gallery-item'>\n\t\t\t<div class='gallery-icon landscape'>\n\t\t\t\t<a data-elementor-open-lightbox=\"yes\" data-elementor-lightbox-slideshow=\"d4cac4e\" data-elementor-lightbox-title=\"edifico los leones 2\" data-e-action-hash=\"#elementor-action%3Aaction%3Dlightbox%26settings%3DeyJpZCI6Mjc0NiwidXJsIjoiaHR0cHM6XC9cL3Zpc2l0YW50ZXMuYXVnZXIub3JnLmFyXC93cC1jb250ZW50XC91cGxvYWRzXC8yMDE4XC8wNFwvZWRpZmljby1sb3MtbGVvbmVzLTIuanBnIiwic2xpZGVzaG93IjoiZDRjYWM0ZSJ9\" href='https:\/\/visitantes.auger.org.ar\/wp-content\/uploads\/2018\/04\/edifico-los-leones-2.jpg'><img loading=\"lazy\" decoding=\"async\" width=\"250\" height=\"250\" src=\"https:\/\/visitantes.auger.org.ar\/wp-content\/uploads\/2018\/04\/edifico-los-leones-2-250x250.jpg\" class=\"attachment-thumbnail size-thumbnail\" alt=\"\" srcset=\"https:\/\/visitantes.auger.org.ar\/wp-content\/uploads\/2018\/04\/edifico-los-leones-2-250x250.jpg 250w, https:\/\/visitantes.auger.org.ar\/wp-content\/uploads\/2018\/04\/edifico-los-leones-2-85x85.jpg 85w, https:\/\/visitantes.auger.org.ar\/wp-content\/uploads\/2018\/04\/edifico-los-leones-2-80x80.jpg 80w\" sizes=\"(max-width: 250px) 100vw, 250px\" \/><\/a>\n\t\t\t<\/div><\/figure><figure class='gallery-item'>\n\t\t\t<div class='gallery-icon landscape'>\n\t\t\t\t<a data-elementor-open-lightbox=\"yes\" data-elementor-lightbox-slideshow=\"d4cac4e\" data-elementor-lightbox-title=\"img_0614\" data-e-action-hash=\"#elementor-action%3Aaction%3Dlightbox%26settings%3DeyJpZCI6Mjc1NSwidXJsIjoiaHR0cHM6XC9cL3Zpc2l0YW50ZXMuYXVnZXIub3JnLmFyXC93cC1jb250ZW50XC91cGxvYWRzXC8yMDE4XC8wNFwvaW1nXzA2MTQuanBnIiwic2xpZGVzaG93IjoiZDRjYWM0ZSJ9\" href='https:\/\/visitantes.auger.org.ar\/wp-content\/uploads\/2018\/04\/img_0614.jpg'><img loading=\"lazy\" decoding=\"async\" width=\"250\" height=\"250\" src=\"https:\/\/visitantes.auger.org.ar\/wp-content\/uploads\/2018\/04\/img_0614-250x250.jpg\" class=\"attachment-thumbnail size-thumbnail\" alt=\"\" srcset=\"https:\/\/visitantes.auger.org.ar\/wp-content\/uploads\/2018\/04\/img_0614-250x250.jpg 250w, https:\/\/visitantes.auger.org.ar\/wp-content\/uploads\/2018\/04\/img_0614-85x85.jpg 85w, https:\/\/visitantes.auger.org.ar\/wp-content\/uploads\/2018\/04\/img_0614-80x80.jpg 80w\" sizes=\"(max-width: 250px) 100vw, 250px\" \/><\/a>\n\t\t\t<\/div><\/figure><figure class='gallery-item'>\n\t\t\t<div class='gallery-icon landscape'>\n\t\t\t\t<a data-elementor-open-lightbox=\"yes\" data-elementor-lightbox-slideshow=\"d4cac4e\" data-elementor-lightbox-title=\"p1070524\" data-e-action-hash=\"#elementor-action%3Aaction%3Dlightbox%26settings%3DeyJpZCI6Mjc1OCwidXJsIjoiaHR0cHM6XC9cL3Zpc2l0YW50ZXMuYXVnZXIub3JnLmFyXC93cC1jb250ZW50XC91cGxvYWRzXC8yMDE4XC8wNFwvcDEwNzA1MjQuanBnIiwic2xpZGVzaG93IjoiZDRjYWM0ZSJ9\" href='https:\/\/visitantes.auger.org.ar\/wp-content\/uploads\/2018\/04\/p1070524.jpg'><img loading=\"lazy\" decoding=\"async\" width=\"250\" height=\"250\" src=\"https:\/\/visitantes.auger.org.ar\/wp-content\/uploads\/2018\/04\/p1070524-250x250.jpg\" class=\"attachment-thumbnail size-thumbnail\" alt=\"\" srcset=\"https:\/\/visitantes.auger.org.ar\/wp-content\/uploads\/2018\/04\/p1070524-250x250.jpg 250w, https:\/\/visitantes.auger.org.ar\/wp-content\/uploads\/2018\/04\/p1070524-85x85.jpg 85w, https:\/\/visitantes.auger.org.ar\/wp-content\/uploads\/2018\/04\/p1070524-80x80.jpg 80w\" sizes=\"(max-width: 250px) 100vw, 250px\" \/><\/a>\n\t\t\t<\/div><\/figure><figure class='gallery-item'>\n\t\t\t<div class='gallery-icon landscape'>\n\t\t\t\t<a data-elementor-open-lightbox=\"yes\" data-elementor-lightbox-slideshow=\"d4cac4e\" data-elementor-lightbox-title=\"p1070525\" data-e-action-hash=\"#elementor-action%3Aaction%3Dlightbox%26settings%3DeyJpZCI6Mjc1OSwidXJsIjoiaHR0cHM6XC9cL3Zpc2l0YW50ZXMuYXVnZXIub3JnLmFyXC93cC1jb250ZW50XC91cGxvYWRzXC8yMDE4XC8wNFwvcDEwNzA1MjUuanBnIiwic2xpZGVzaG93IjoiZDRjYWM0ZSJ9\" href='https:\/\/visitantes.auger.org.ar\/wp-content\/uploads\/2018\/04\/p1070525.jpg'><img loading=\"lazy\" decoding=\"async\" width=\"250\" height=\"250\" src=\"https:\/\/visitantes.auger.org.ar\/wp-content\/uploads\/2018\/04\/p1070525-250x250.jpg\" class=\"attachment-thumbnail size-thumbnail\" alt=\"\" srcset=\"https:\/\/visitantes.auger.org.ar\/wp-content\/uploads\/2018\/04\/p1070525-250x250.jpg 250w, https:\/\/visitantes.auger.org.ar\/wp-content\/uploads\/2018\/04\/p1070525-85x85.jpg 85w, https:\/\/visitantes.auger.org.ar\/wp-content\/uploads\/2018\/04\/p1070525-80x80.jpg 80w\" sizes=\"(max-width: 250px) 100vw, 250px\" \/><\/a>\n\t\t\t<\/div><\/figure><figure class='gallery-item'>\n\t\t\t<div class='gallery-icon landscape'>\n\t\t\t\t<a data-elementor-open-lightbox=\"yes\" data-elementor-lightbox-slideshow=\"d4cac4e\" data-elementor-lightbox-title=\"p1070526\" data-e-action-hash=\"#elementor-action%3Aaction%3Dlightbox%26settings%3DeyJpZCI6Mjc2MCwidXJsIjoiaHR0cHM6XC9cL3Zpc2l0YW50ZXMuYXVnZXIub3JnLmFyXC93cC1jb250ZW50XC91cGxvYWRzXC8yMDE4XC8wNFwvcDEwNzA1MjYuanBnIiwic2xpZGVzaG93IjoiZDRjYWM0ZSJ9\" href='https:\/\/visitantes.auger.org.ar\/wp-content\/uploads\/2018\/04\/p1070526.jpg'><img loading=\"lazy\" decoding=\"async\" width=\"250\" height=\"250\" src=\"https:\/\/visitantes.auger.org.ar\/wp-content\/uploads\/2018\/04\/p1070526-250x250.jpg\" class=\"attachment-thumbnail size-thumbnail\" alt=\"\" srcset=\"https:\/\/visitantes.auger.org.ar\/wp-content\/uploads\/2018\/04\/p1070526-250x250.jpg 250w, https:\/\/visitantes.auger.org.ar\/wp-content\/uploads\/2018\/04\/p1070526-85x85.jpg 85w, https:\/\/visitantes.auger.org.ar\/wp-content\/uploads\/2018\/04\/p1070526-80x80.jpg 80w\" sizes=\"(max-width: 250px) 100vw, 250px\" \/><\/a>\n\t\t\t<\/div><\/figure><figure class='gallery-item'>\n\t\t\t<div class='gallery-icon landscape'>\n\t\t\t\t<a data-elementor-open-lightbox=\"yes\" data-elementor-lightbox-slideshow=\"d4cac4e\" data-elementor-lightbox-title=\"027\" data-e-action-hash=\"#elementor-action%3Aaction%3Dlightbox%26settings%3DeyJpZCI6Mjc3MywidXJsIjoiaHR0cHM6XC9cL3Zpc2l0YW50ZXMuYXVnZXIub3JnLmFyXC93cC1jb250ZW50XC91cGxvYWRzXC8yMDE4XC8wNFwvMDI3LmpwZyIsInNsaWRlc2hvdyI6ImQ0Y2FjNGUifQ%3D%3D\" href='https:\/\/visitantes.auger.org.ar\/wp-content\/uploads\/2018\/04\/027.jpg'><img loading=\"lazy\" decoding=\"async\" width=\"250\" height=\"250\" src=\"https:\/\/visitantes.auger.org.ar\/wp-content\/uploads\/2018\/04\/027-250x250.jpg\" class=\"attachment-thumbnail size-thumbnail\" alt=\"\" srcset=\"https:\/\/visitantes.auger.org.ar\/wp-content\/uploads\/2018\/04\/027-250x250.jpg 250w, https:\/\/visitantes.auger.org.ar\/wp-content\/uploads\/2018\/04\/027-85x85.jpg 85w, https:\/\/visitantes.auger.org.ar\/wp-content\/uploads\/2018\/04\/027-80x80.jpg 80w\" sizes=\"(max-width: 250px) 100vw, 250px\" \/><\/a>\n\t\t\t<\/div><\/figure><figure class='gallery-item'>\n\t\t\t<div class='gallery-icon landscape'>\n\t\t\t\t<a data-elementor-open-lightbox=\"yes\" data-elementor-lightbox-slideshow=\"d4cac4e\" data-elementor-lightbox-title=\"028\" data-e-action-hash=\"#elementor-action%3Aaction%3Dlightbox%26settings%3DeyJpZCI6Mjc3NCwidXJsIjoiaHR0cHM6XC9cL3Zpc2l0YW50ZXMuYXVnZXIub3JnLmFyXC93cC1jb250ZW50XC91cGxvYWRzXC8yMDE4XC8wNFwvMDI4LmpwZyIsInNsaWRlc2hvdyI6ImQ0Y2FjNGUifQ%3D%3D\" href='https:\/\/visitantes.auger.org.ar\/wp-content\/uploads\/2018\/04\/028.jpg'><img loading=\"lazy\" decoding=\"async\" width=\"250\" height=\"250\" src=\"https:\/\/visitantes.auger.org.ar\/wp-content\/uploads\/2018\/04\/028-250x250.jpg\" class=\"attachment-thumbnail size-thumbnail\" alt=\"\" srcset=\"https:\/\/visitantes.auger.org.ar\/wp-content\/uploads\/2018\/04\/028-250x250.jpg 250w, https:\/\/visitantes.auger.org.ar\/wp-content\/uploads\/2018\/04\/028-85x85.jpg 85w, https:\/\/visitantes.auger.org.ar\/wp-content\/uploads\/2018\/04\/028-80x80.jpg 80w\" sizes=\"(max-width: 250px) 100vw, 250px\" \/><\/a>\n\t\t\t<\/div><\/figure><figure class='gallery-item'>\n\t\t\t<div class='gallery-icon portrait'>\n\t\t\t\t<a data-elementor-open-lightbox=\"yes\" data-elementor-lightbox-slideshow=\"d4cac4e\" data-elementor-lightbox-title=\"030\" data-e-action-hash=\"#elementor-action%3Aaction%3Dlightbox%26settings%3DeyJpZCI6Mjc3NiwidXJsIjoiaHR0cHM6XC9cL3Zpc2l0YW50ZXMuYXVnZXIub3JnLmFyXC93cC1jb250ZW50XC91cGxvYWRzXC8yMDE4XC8wNFwvMDMwLmpwZyIsInNsaWRlc2hvdyI6ImQ0Y2FjNGUifQ%3D%3D\" href='https:\/\/visitantes.auger.org.ar\/wp-content\/uploads\/2018\/04\/030.jpg'><img loading=\"lazy\" decoding=\"async\" width=\"250\" height=\"250\" src=\"https:\/\/visitantes.auger.org.ar\/wp-content\/uploads\/2018\/04\/030-250x250.jpg\" class=\"attachment-thumbnail size-thumbnail\" alt=\"\" srcset=\"https:\/\/visitantes.auger.org.ar\/wp-content\/uploads\/2018\/04\/030-250x250.jpg 250w, https:\/\/visitantes.auger.org.ar\/wp-content\/uploads\/2018\/04\/030-85x85.jpg 85w, https:\/\/visitantes.auger.org.ar\/wp-content\/uploads\/2018\/04\/030-80x80.jpg 80w\" sizes=\"(max-width: 250px) 100vw, 250px\" \/><\/a>\n\t\t\t<\/div><\/figure><figure class='gallery-item'>\n\t\t\t<div class='gallery-icon portrait'>\n\t\t\t\t<a data-elementor-open-lightbox=\"yes\" data-elementor-lightbox-slideshow=\"d4cac4e\" data-elementor-lightbox-title=\"031\" data-e-action-hash=\"#elementor-action%3Aaction%3Dlightbox%26settings%3DeyJpZCI6Mjc3NywidXJsIjoiaHR0cHM6XC9cL3Zpc2l0YW50ZXMuYXVnZXIub3JnLmFyXC93cC1jb250ZW50XC91cGxvYWRzXC8yMDE4XC8wNFwvMDMxLmpwZyIsInNsaWRlc2hvdyI6ImQ0Y2FjNGUifQ%3D%3D\" href='https:\/\/visitantes.auger.org.ar\/wp-content\/uploads\/2018\/04\/031.jpg'><img loading=\"lazy\" decoding=\"async\" width=\"250\" height=\"250\" src=\"https:\/\/visitantes.auger.org.ar\/wp-content\/uploads\/2018\/04\/031-250x250.jpg\" class=\"attachment-thumbnail size-thumbnail\" alt=\"\" srcset=\"https:\/\/visitantes.auger.org.ar\/wp-content\/uploads\/2018\/04\/031-250x250.jpg 250w, https:\/\/visitantes.auger.org.ar\/wp-content\/uploads\/2018\/04\/031-85x85.jpg 85w, https:\/\/visitantes.auger.org.ar\/wp-content\/uploads\/2018\/04\/031-80x80.jpg 80w\" sizes=\"(max-width: 250px) 100vw, 250px\" \/><\/a>\n\t\t\t<\/div><\/figure><figure class='gallery-item'>\n\t\t\t<div class='gallery-icon landscape'>\n\t\t\t\t<a data-elementor-open-lightbox=\"yes\" data-elementor-lightbox-slideshow=\"d4cac4e\" data-elementor-lightbox-title=\"032\" data-e-action-hash=\"#elementor-action%3Aaction%3Dlightbox%26settings%3DeyJpZCI6Mjc3OCwidXJsIjoiaHR0cHM6XC9cL3Zpc2l0YW50ZXMuYXVnZXIub3JnLmFyXC93cC1jb250ZW50XC91cGxvYWRzXC8yMDE4XC8wNFwvMDMyLmpwZyIsInNsaWRlc2hvdyI6ImQ0Y2FjNGUifQ%3D%3D\" href='https:\/\/visitantes.auger.org.ar\/wp-content\/uploads\/2018\/04\/032.jpg'><img loading=\"lazy\" decoding=\"async\" width=\"250\" height=\"250\" src=\"https:\/\/visitantes.auger.org.ar\/wp-content\/uploads\/2018\/04\/032-250x250.jpg\" class=\"attachment-thumbnail size-thumbnail\" alt=\"\" srcset=\"https:\/\/visitantes.auger.org.ar\/wp-content\/uploads\/2018\/04\/032-250x250.jpg 250w, https:\/\/visitantes.auger.org.ar\/wp-content\/uploads\/2018\/04\/032-85x85.jpg 85w, https:\/\/visitantes.auger.org.ar\/wp-content\/uploads\/2018\/04\/032-80x80.jpg 80w\" sizes=\"(max-width: 250px) 100vw, 250px\" \/><\/a>\n\t\t\t<\/div><\/figure><figure class='gallery-item'>\n\t\t\t<div class='gallery-icon landscape'>\n\t\t\t\t<a data-elementor-open-lightbox=\"yes\" data-elementor-lightbox-slideshow=\"d4cac4e\" data-elementor-lightbox-title=\"cerro los morados\" data-e-action-hash=\"#elementor-action%3Aaction%3Dlightbox%26settings%3DeyJpZCI6MjcyMSwidXJsIjoiaHR0cHM6XC9cL3Zpc2l0YW50ZXMuYXVnZXIub3JnLmFyXC93cC1jb250ZW50XC91cGxvYWRzXC8yMDE4XC8wNFwvY2Vycm8tbG9zLW1vcmFkb3MuanBnIiwic2xpZGVzaG93IjoiZDRjYWM0ZSJ9\" href='https:\/\/visitantes.auger.org.ar\/wp-content\/uploads\/2018\/04\/cerro-los-morados.jpg'><img loading=\"lazy\" decoding=\"async\" width=\"250\" height=\"250\" src=\"https:\/\/visitantes.auger.org.ar\/wp-content\/uploads\/2018\/04\/cerro-los-morados-250x250.jpg\" class=\"attachment-thumbnail size-thumbnail\" alt=\"\" srcset=\"https:\/\/visitantes.auger.org.ar\/wp-content\/uploads\/2018\/04\/cerro-los-morados-250x250.jpg 250w, https:\/\/visitantes.auger.org.ar\/wp-content\/uploads\/2018\/04\/cerro-los-morados-85x85.jpg 85w, https:\/\/visitantes.auger.org.ar\/wp-content\/uploads\/2018\/04\/cerro-los-morados-80x80.jpg 80w\" sizes=\"(max-width: 250px) 100vw, 250px\" \/><\/a>\n\t\t\t<\/div><\/figure><figure class='gallery-item'>\n\t\t\t<div class='gallery-icon portrait'>\n\t\t\t\t<a data-elementor-open-lightbox=\"yes\" data-elementor-lightbox-slideshow=\"d4cac4e\" data-elementor-lightbox-title=\"OLYMPUS DIGITAL CAMERA\" data-e-action-hash=\"#elementor-action%3Aaction%3Dlightbox%26settings%3DeyJpZCI6MjcyNSwidXJsIjoiaHR0cHM6XC9cL3Zpc2l0YW50ZXMuYXVnZXIub3JnLmFyXC93cC1jb250ZW50XC91cGxvYWRzXC8yMDE4XC8wNFwvZGV0ZWN0b3ItZGUtZmxvcmVzY2VuY2lhLmpwZyIsInNsaWRlc2hvdyI6ImQ0Y2FjNGUifQ%3D%3D\" href='https:\/\/visitantes.auger.org.ar\/wp-content\/uploads\/2018\/04\/detector-de-florescencia.jpg'><img loading=\"lazy\" decoding=\"async\" width=\"250\" height=\"250\" src=\"https:\/\/visitantes.auger.org.ar\/wp-content\/uploads\/2018\/04\/detector-de-florescencia-250x250.jpg\" class=\"attachment-thumbnail size-thumbnail\" alt=\"\" aria-describedby=\"gallery-1-2725\" srcset=\"https:\/\/visitantes.auger.org.ar\/wp-content\/uploads\/2018\/04\/detector-de-florescencia-250x250.jpg 250w, https:\/\/visitantes.auger.org.ar\/wp-content\/uploads\/2018\/04\/detector-de-florescencia-85x85.jpg 85w, https:\/\/visitantes.auger.org.ar\/wp-content\/uploads\/2018\/04\/detector-de-florescencia-80x80.jpg 80w\" sizes=\"(max-width: 250px) 100vw, 250px\" \/><\/a>\n\t\t\t<\/div>\n\t\t\t\t<figcaption class='wp-caption-text gallery-caption' id='gallery-1-2725'>\n\t\t\t\tOLYMPUS DIGITAL CAMERA\n\t\t\t\t<\/figcaption><\/figure>\n\t\t<\/div>\n\t\t<\/div>\n\t\t\t\t\t\t<\/div>\n\t\t\t\t<\/div>\n\t\t\t\t\t<\/div>\n\t\t<\/div>\n\t\t\t\t\t<\/div>\n\t\t<\/section>\n\t\t\t\t<section class=\"elementor-section elementor-top-section elementor-element elementor-element-9ea4bb0 elementor-section-boxed elementor-section-height-default elementor-section-height-default\" data-id=\"9ea4bb0\" data-element_type=\"section\" data-e-type=\"section\">\n\t\t\t\t\t\t<div class=\"elementor-container elementor-column-gap-default\">\n\t\t\t\t\t<div class=\"elementor-column elementor-col-100 elementor-top-column elementor-element elementor-element-e21ca1a\" data-id=\"e21ca1a\" data-element_type=\"column\" data-e-type=\"column\">\n\t\t\t<div class=\"elementor-widget-wrap elementor-element-populated\">\n\t\t\t\t\t\t<div class=\"elementor-element elementor-element-4365172 elementor-widget elementor-widget-text-editor\" data-id=\"4365172\" data-element_type=\"widget\" data-e-type=\"widget\" data-widget_type=\"text-editor.default\">\n\t\t\t\t<div class=\"elementor-widget-container\">\n\t\t\t\t\t\t\t\t\t<div class=\"wrap mcb-wrap one valign-top clearfix\"><div class=\"mcb-wrap-inner\"><div class=\"column mcb-column one column_fancy_heading \"><div class=\"fancy_heading fancy_heading_line\"><h2 class=\"title\"><strong>\u00bfQu\u00e9 Es Un Tubo Fotomultiplicador?<\/strong><\/h2><div class=\"inside\">La luz ultravioleta generada por el efecto Cherenkov en el agua por los detectores de superficie o la fluorescencia en el aire que detectan los telescopios de fluorescencia, es muy d\u00e9bil para ser medida por los circuitos electr\u00f3nicos. Por ello, se utiliza un tubo fotomultiplicador (PMT) que adem\u00e1s de funcionar como transductor, funciona como amplificador: a partir de una d\u00e9bil luz, se genera una corriente el\u00e9ctrica f\u00e1cilmente medible.<\/div><\/div><\/div><\/div><\/div><div class=\"wrap mcb-wrap one-second valign-top clearfix\"><div class=\"mcb-wrap-inner\"><div class=\"column mcb-column one column_image \"><div class=\"image_frame image_item no_link scale-with-grid aligncenter no_border\"><div class=\"image_wrapper\"><img loading=\"lazy\" decoding=\"async\" class=\"scale-with-grid\" src=\"https:\/\/visitantes.auger.org.ar\/wp-content\/uploads\/2018\/05\/tubo-foto0.jpg\" alt=\"tubo-foto0\" width=\"900\" height=\"584\" \/><\/div><\/div><\/div><\/div><\/div><div class=\"wrap mcb-wrap one-second valign-top clearfix\"><div class=\"mcb-wrap-inner\"><div class=\"column mcb-column one column_column column-margin-0px\"><div class=\"column_attr clearfix\"><p class=\"big\">Se llama fotomultiplicador a un tipo de detector \u00f3ptico de vac\u00edo que aprovecha el efecto fotoel\u00e9ctrico (descubierto por Albert Einstein) de emisi\u00f3n secundaria de electrones para responder a niveles muy bajos de iluminaci\u00f3n, manteniendo un nivel de ruido aceptable. Los fotomultiplicadores han visto reducirse grandemente sus aplicaciones, quedando pr\u00e1cticamente reducidas a los detectores de part\u00edculas, basados en la radiaci\u00f3n de Cherenkov.<\/p><\/div><\/div><div class=\"column mcb-column one column_column column-margin-\"><div class=\"column_attr clearfix\"><p>Un fotomultiplicador est\u00e1 compuesto de un fotoc\u00e1todo, que emite electrones cuando sobre \u00e9l inciden fotones de energ\u00eda adecuada. Un campo el\u00e9ctrico acelera estos electrones y los dirige hacia un \u00e1nodo, que en estos tubos recibe el nombre de d\u00ednodo. La energ\u00eda de los electrones incidentes provoca la emisi\u00f3n un n\u00famero mayor de electrones secundarios que son dirigidos hacia un segundo d\u00ednodo. El n\u00famero de d\u00ednodos y su disposici\u00f3n var\u00eda con el modelo de fotomultiplicador.<\/p><p>La se\u00f1al el\u00e9ctrica contiene informaci\u00f3n valiosa sobre los efectos de los rayos c\u00f3smicos en la materia.<\/p><\/div><\/div><\/div><\/div>\t\t\t\t\t\t\t\t<\/div>\n\t\t\t\t<\/div>\n\t\t\t\t\t<\/div>\n\t\t<\/div>\n\t\t\t\t\t<\/div>\n\t\t<\/section>\n\t\t\t\t<\/div>\n\t\t","protected":false},"excerpt":{"rendered":"<p>DETECTORES DE FLUORESCENCIA Edificio de Fluorescencia en Cerro Los Leones Los Detectores de Fluorescencia registran el paso de la cascada de part\u00edculas secundarias por la atm\u00f3sfera. Una lluvia de rayos c\u00f3smicos de la mayor energ\u00eda contiene aproximadamente 1011\u00a0(cien mil millones) de part\u00edculas, que surcan la atm\u00f3sfera a una velocidad cercana a la de la luz. [&hellip;]<\/p>\n","protected":false},"author":6,"featured_media":0,"parent":0,"menu_order":0,"comment_status":"closed","ping_status":"closed","template":"","meta":{"footnotes":""},"class_list":["post-5038","page","type-page","status-publish","hentry"],"jetpack_sharing_enabled":true,"rttpg_featured_image_url":null,"rttpg_author":{"display_name":"Beatriz Garcia","author_link":"https:\/\/visitantes.auger.org.ar\/index.php\/author\/beatriz\/"},"rttpg_comment":0,"rttpg_category":null,"rttpg_excerpt":"DETECTORES DE FLUORESCENCIA Edificio de Fluorescencia en Cerro Los Leones Los Detectores de Fluorescencia registran el paso de la cascada de part\u00edculas secundarias por la atm\u00f3sfera. Una lluvia de rayos c\u00f3smicos de la mayor energ\u00eda contiene aproximadamente 1011\u00a0(cien mil millones) de part\u00edculas, que surcan la atm\u00f3sfera a una velocidad cercana a la de la luz.&hellip;","_links":{"self":[{"href":"https:\/\/visitantes.auger.org.ar\/index.php\/wp-json\/wp\/v2\/pages\/5038","targetHints":{"allow":["GET"]}}],"collection":[{"href":"https:\/\/visitantes.auger.org.ar\/index.php\/wp-json\/wp\/v2\/pages"}],"about":[{"href":"https:\/\/visitantes.auger.org.ar\/index.php\/wp-json\/wp\/v2\/types\/page"}],"author":[{"embeddable":true,"href":"https:\/\/visitantes.auger.org.ar\/index.php\/wp-json\/wp\/v2\/users\/6"}],"replies":[{"embeddable":true,"href":"https:\/\/visitantes.auger.org.ar\/index.php\/wp-json\/wp\/v2\/comments?post=5038"}],"version-history":[{"count":22,"href":"https:\/\/visitantes.auger.org.ar\/index.php\/wp-json\/wp\/v2\/pages\/5038\/revisions"}],"predecessor-version":[{"id":8150,"href":"https:\/\/visitantes.auger.org.ar\/index.php\/wp-json\/wp\/v2\/pages\/5038\/revisions\/8150"}],"wp:attachment":[{"href":"https:\/\/visitantes.auger.org.ar\/index.php\/wp-json\/wp\/v2\/media?parent=5038"}],"curies":[{"name":"wp","href":"https:\/\/api.w.org\/{rel}","templated":true}]}}