{"id":6759,"date":"2024-06-17T14:40:11","date_gmt":"2024-06-17T14:40:11","guid":{"rendered":"https:\/\/visitantes.auger.org.ar\/?page_id=6759"},"modified":"2026-03-06T15:38:31","modified_gmt":"2026-03-06T18:38:31","slug":"auger-en-foco","status":"publish","type":"page","link":"https:\/\/visitantes.auger.org.ar\/index.php\/auger-en-foco\/","title":{"rendered":"Auger en Foco"},"content":{"rendered":"\t\t<div data-elementor-type=\"wp-page\" data-elementor-id=\"6759\" class=\"elementor elementor-6759\">\n\t\t\t\t\t\t<section class=\"elementor-section elementor-top-section elementor-element elementor-element-10af1c7e elementor-section-full_width elementor-section-height-min-height elementor-section-height-default elementor-section-items-middle\" data-id=\"10af1c7e\" data-element_type=\"section\" data-e-type=\"section\" data-settings=\"{&quot;background_background&quot;:&quot;classic&quot;}\">\n\t\t\t\t\t\t\t<div class=\"elementor-background-overlay\"><\/div>\n\t\t\t\t\t\t\t<div class=\"elementor-container elementor-column-gap-default\">\n\t\t\t\t\t<div class=\"elementor-column elementor-col-100 elementor-top-column elementor-element elementor-element-29945b4a\" data-id=\"29945b4a\" data-element_type=\"column\" data-e-type=\"column\">\n\t\t\t<div class=\"elementor-widget-wrap elementor-element-populated\">\n\t\t\t\t\t\t<div class=\"elementor-element elementor-element-2a5f06b1 elementor-widget elementor-widget-heading\" data-id=\"2a5f06b1\" data-element_type=\"widget\" data-e-type=\"widget\" data-widget_type=\"heading.default\">\n\t\t\t\t<div class=\"elementor-widget-container\">\n\t\t\t\t\t<h2 class=\"elementor-heading-title elementor-size-default\">AUGER EN FOCO<\/h2>\t\t\t\t<\/div>\n\t\t\t\t<\/div>\n\t\t\t\t\t<\/div>\n\t\t<\/div>\n\t\t\t\t\t<\/div>\n\t\t<\/section>\n\t\t\t\t<section class=\"elementor-section elementor-top-section elementor-element elementor-element-61e7cd83 elementor-section-boxed elementor-section-height-default elementor-section-height-default\" data-id=\"61e7cd83\" data-element_type=\"section\" data-e-type=\"section\">\n\t\t\t\t\t\t<div class=\"elementor-container elementor-column-gap-default\">\n\t\t\t\t\t<div class=\"elementor-column elementor-col-100 elementor-top-column elementor-element elementor-element-63e8dc0d\" data-id=\"63e8dc0d\" data-element_type=\"column\" data-e-type=\"column\">\n\t\t\t<div class=\"elementor-widget-wrap elementor-element-populated\">\n\t\t\t\t\t\t<div class=\"elementor-element elementor-element-220faba2 elementor-widget elementor-widget-text-editor\" data-id=\"220faba2\" data-element_type=\"widget\" data-e-type=\"widget\" data-widget_type=\"text-editor.default\">\n\t\t\t\t<div class=\"elementor-widget-container\">\n\t\t\t\t\t\t\t\t\t<h4>El Observatorio Pierre Auger recibe un promedio de 10.000 visitantes al a\u00f1o.<\/h4>\n<p><!-- \/wp:paragraph --><!-- wp:paragraph --><\/p>\n<p>Durante cada visita surgen una serie de preguntas que requerir\u00edan de explicaciones m\u00e1s detalladas.<\/p>\n<p><!-- \/wp:paragraph --><!-- wp:paragraph --><\/p>\n<p>La selecci\u00f3n de temas espec\u00edficos, que se repiten como parte de los interrogantes del p\u00fablico y la b\u00fasqueda de las mejores respuestas, fueron el punto de partida para la creaci\u00f3n de &#8220;<strong>Auger en Foco<\/strong>&#8220;, un bolet\u00edn de consulta que ayuda a profundizar en temas que hacen al trabajo relacionado con la ciencia y la tecnolog\u00eda en el Observatorio Pierre Auger.<\/p>\n<p><!-- \/wp:paragraph --><!-- wp:paragraph --><\/p>\n<p>A partir del 16 de mayo de 2024, el Observatorio publica\u00a0 Auger en Foco.<\/p>\n<p><!-- \/wp:paragraph --><!-- wp:paragraph --><\/p>\n<p>Desde esta p\u00e1gina, se pueden descargar la Presentaci\u00f3n (<span style=\"color: #0000ff;\"><a style=\"color: #0000ff;\" href=\"https:\/\/visitantes.auger.org.ar\/wp-content\/uploads\/2024\/05\/Intro.pdf\">Castellano<\/a> &#8211; <a style=\"color: #0000ff;\" href=\"https:\/\/visitantes.auger.org.ar\/wp-content\/uploads\/2024\/05\/Intro1.jpg\">Ingl\u00e9s<\/a>)<\/span><span style=\"color: #000000;\"> y todos los numeros que durante 2025 y 2026 aparecen bimestralmente.<\/span><\/p>\n<h5>\u00a0<\/h5>\n<h5><span style=\"text-decoration: underline;\">2026<\/span><\/h5>\n<p><strong>N\u00famero 15<\/strong>: La Planta Purificadora de Agua del Observatorio Pierre Auger (<span style=\"color: #0000ff;\"><a style=\"color: #0000ff;\" href=\"https:\/\/visitantes.auger.org.ar\/wp-content\/uploads\/2026\/03\/AugerEnFoco_15.pdf\">SPA<\/a>&#8211;<a style=\"color: #0000ff;\" href=\"https:\/\/visitantes.auger.org.ar\/wp-content\/uploads\/2026\/03\/AugerInFocus_15.pdf\">ENG<\/a><\/span>)\u00a0 <span style=\"color: #ff0000;\">NEW!<\/span><\/p>\n<p>\u00a0<\/p>\n<p>\u00a0<\/p>\n<h5>2025<\/h5>\n<div>\n<p>La frecuencia de\u00a0 aparici\u00f3n de Auger en Foco en 2025 sera bimestral. Los nuevos n\u00fameros apareceran en la mitad de cada\u00a0 per\u00edodo.<\/p>\n<p>\u00a0<\/p>\n<\/div>\n<p><strong>N\u00famero 9<\/strong> (Ene-Feb): Datos P\u00fablicos (<span style=\"color: #0000ff;\"><a style=\"color: #0000ff;\" href=\"https:\/\/visitantes.auger.org.ar\/wp-content\/uploads\/2025\/02\/9-Datos-publicos.pdf\">SPA-<\/a><a style=\"color: #0000ff;\" href=\"https:\/\/visitantes.auger.org.ar\/wp-content\/uploads\/2025\/02\/9-OpenData.pdf\">ENG<\/a><\/span>), contribuci\u00f3n de Viviana Scherini.<\/p>\n<p><strong>N\u00famero 10<\/strong>\u00a0(Mar-Abr): Clases Maestras (Masterclasses) (<a href=\"https:\/\/visitantes.auger.org.ar\/wp-content\/uploads\/2025\/03\/10-Clases.pdf\"><span style=\"color: #0000ff;\">SPA<\/span><\/a><span style=\"color: #0000ff;\">&#8211;<a style=\"color: #0000ff;\" href=\"https:\/\/visitantes.auger.org.ar\/wp-content\/uploads\/2025\/03\/10-Masterclasses.pdf\">ENG<\/a><\/span>), contribuci\u00f3n de Raul Sarmento<\/p>\n<p><strong>N\u00famero 11 <\/strong>(May-Jun): Composici\u00f3n\u00a0 (Mass composition) (<a href=\"https:\/\/visitantes.auger.org.ar\/wp-content\/uploads\/2025\/05\/11-Composicion.pdf\"><span style=\"color: #0000ff;\">SPA<\/span><\/a><span style=\"color: #0000ff;\">&#8211;<a style=\"color: #0000ff;\" href=\"https:\/\/visitantes.auger.org.ar\/wp-content\/uploads\/2025\/05\/11-Composition.pdf\">ENG<\/a><\/span>), contribuci\u00f3n de Markus Roth\u00a0<\/p>\n<p><strong>N\u00famero 12<\/strong> (Jul-Ago): Mirando al pasado (Looking Back) (<span style=\"color: #0000ff;\"><a style=\"color: #0000ff;\" href=\"https:\/\/visitantes.auger.org.ar\/wp-content\/uploads\/2025\/07\/12-Historia-Mantsch-.pdf\">SPA<\/a>&#8211;<a style=\"color: #0000ff;\" href=\"https:\/\/visitantes.auger.org.ar\/wp-content\/uploads\/2025\/07\/12-History-Mantsch.pdf\">ENG<\/a><\/span>), contribuci\u00f3n de Paul Mantsch<\/p>\n<p><strong>N\u00famero 13<\/strong> (Sep-Oct): Espectro de energ\u00eda (Energy Spectrum) (<a href=\"https:\/\/visitantes.auger.org.ar\/wp-content\/uploads\/2025\/09\/13-Espectro-de-energia-Castellina-1.pdf\"><span style=\"color: #0000ff;\">SPA<\/span><\/a><span style=\"color: #0000ff;\">&#8211;<a style=\"color: #0000ff;\" href=\"https:\/\/visitantes.auger.org.ar\/wp-content\/uploads\/2025\/09\/13-Energy-Spec-Castellina.pdf\">ENG<\/a><\/span>), contribuci\u00f3n de Antonella Castellina.<\/p>\n<p><strong>N\u00famero 14<\/strong> (Nov-Dec): Medici\u00f3n de la energ\u00eda de los RC (Measurement of the CR energy) (<a href=\"https:\/\/visitantes.auger.org.ar\/wp-content\/uploads\/2025\/11\/14-Medicion-de-la-energia-de-los-RC-1.pdf\"><span style=\"color: #0000ff;\">SPA<\/span><\/a><span style=\"color: #0000ff;\">&#8211;<a style=\"color: #0000ff;\" href=\"https:\/\/visitantes.auger.org.ar\/wp-content\/uploads\/2025\/11\/14-Mesurement-of-theenergy.pdf\">ENG<\/a><\/span>), contribuci\u00f3n de la <b><span lang=\"es\">Asamblea de colaboradores en etapa inicial de Auger<\/span><\/b> (Auger Early Career Collaborators Assembly). (<strong>NEW<\/strong>)<\/p>\n<p>\u00a0<\/p>\n<p>\u00a0<\/p>\n<h5><span style=\"text-decoration: underline;\">2024<\/span><\/h5>\n<p><!-- \/wp:paragraph --><!-- wp:paragraph --><\/p>\n<p><strong>N\u00famero 1<\/strong>: C\u00e1mara de Chispas (<a href=\"https:\/\/visitantes.auger.org.ar\/wp-content\/uploads\/2024\/05\/Num1-CamaraChispas.pdf\"><span style=\"color: #0000ff;\">SPA<\/span><\/a><span style=\"color: #0000ff;\">&#8211;<a style=\"color: #0000ff;\" href=\"https:\/\/visitantes.auger.org.ar\/wp-content\/uploads\/2024\/05\/Spark-Chamber.pdf\">ENG<\/a><\/span>)<\/p>\n<p><!-- \/wp:paragraph --><!-- wp:paragraph --><\/p>\n<p><strong>N\u00famero 2<\/strong>: Contador Geiger (<span style=\"color: #0000ff;\"><a style=\"color: #0000ff;\" title=\"\" href=\"https:\/\/visitantes.auger.org.ar\/wp-content\/uploads\/2024\/06\/AeF-2-Junio-Geiger-SPA.pdf\">SPA<\/a>&#8211;<a style=\"color: #0000ff;\" href=\"https:\/\/visitantes.auger.org.ar\/wp-content\/uploads\/2024\/06\/AiF-2-June-Geiger-ENG.pdf\">ENG<\/a><\/span>&#8211;<span style=\"color: #0000ff;\"><a style=\"color: #0000ff;\" href=\"https:\/\/visitantes.auger.org.ar\/wp-content\/uploads\/2024\/06\/AeF-2-Junio-Geiger-SPA_French.pdf\">FR<\/a><\/span>)<\/p>\n<p><strong>N\u00famero 3<\/strong>: Centelladores (<a href=\"https:\/\/visitantes.auger.org.ar\/wp-content\/uploads\/2024\/07\/3-Centelladores.pdf\"><span style=\"color: #0000ff;\">SPA<\/span><\/a><span style=\"color: #0000ff;\">&#8211;<a href=\"https:\/\/visitantes.auger.org.ar\/wp-content\/uploads\/2024\/07\/3-Scintillators.pdf\"><span style=\"color: #0000ff;\">ENG<\/span><\/a>)<\/span><\/p>\n<p><strong>N\u00famero 4<\/strong>: Cascadas de part\u00edculas secundarias y flujo (<a href=\"https:\/\/visitantes.auger.org.ar\/wp-content\/uploads\/2024\/08\/4-Lluvias-Flujo-1.pdf\"><span style=\"color: #0000ff;\">SPA<\/span><\/a>&#8211;<a href=\"https:\/\/visitantes.auger.org.ar\/wp-content\/uploads\/2024\/08\/4-Showers-Flux.pdf\"><span style=\"color: #0000ff;\">ENG<\/span><\/a>)<\/p>\n<p><strong>N\u00famero 5<\/strong>: Proyecto AMIGA (<span style=\"color: #0000ff;\"><a style=\"color: #0000ff;\" href=\"https:\/\/visitantes.auger.org.ar\/wp-content\/uploads\/2024\/09\/5-AEF-AMIGA.pdf\">SPA<\/a>&#8211;<a style=\"color: #0000ff;\" href=\"https:\/\/visitantes.auger.org.ar\/wp-content\/uploads\/2024\/09\/5-AIF-AMIGA.pdf\">ENG<\/a><\/span>)<\/p>\n<p><strong>N\u00famero 6<\/strong>: AugerPrime (<span style=\"color: #0000ff;\"><a style=\"color: #0000ff;\" href=\"https:\/\/visitantes.auger.org.ar\/wp-content\/uploads\/2024\/10\/6-AeF-Auger-PRIME.pdf\">SPA<\/a>&#8211;<a style=\"color: #0000ff;\" href=\"https:\/\/visitantes.auger.org.ar\/wp-content\/uploads\/2024\/10\/6-AiF-Auger-Prime.pdf\">ENG<\/a><\/span>), este n\u00famero fue preparado por\u00a0 <span style=\"color: #000000; font-weight: bold; font-style: normal; font-kerning: none;\">la <\/span><b><span lang=\"es\">Asamblea de colaboradores en etapa inicial de AUGER<\/span><\/b><span style=\"color: #000000; font-weight: bold; font-style: normal; font-kerning: none;\"> (AUGER Early Career Collaborators Assembly).<\/span><\/p>\n<p><strong>N\u00famero 7<\/strong>: Los muones y el modelo estandard de la f\u00edsica de part\u00edculas (<span style=\"color: #0000ff;\"><a style=\"color: #0000ff;\" href=\"https:\/\/visitantes.auger.org.ar\/wp-content\/uploads\/2024\/11\/7-Muones.pdf\">SPA<\/a><\/span>&#8211;<span style=\"color: #0000ff;\"><a style=\"color: #0000ff;\" href=\"https:\/\/visitantes.auger.org.ar\/wp-content\/uploads\/2024\/11\/7-Muons.pdf\">ENG<\/a><\/span>).<\/p>\n<p><b>N\u00famero 8<\/b>: Ciencia y Arte en Auger (<span style=\"color: #0000ff;\"><a style=\"color: #0000ff;\" href=\"https:\/\/visitantes.auger.org.ar\/wp-content\/uploads\/2024\/12\/8-Ciencia-y-Arte.pdf\">SPA<\/a>&#8211;<a style=\"color: #0000ff;\" href=\"https:\/\/visitantes.auger.org.ar\/wp-content\/uploads\/2024\/12\/8-Science-and-Art.pdf\">ENG<\/a><\/span>)<\/p>\n<p>\u00a0<\/p>\n<h5>\u00a0<\/h5>\n<p>\u00a0<\/p>\n<p><span style=\"color: #339966;\"><em>Las traducciones a distintos idiomas ir\u00e1n surgiendo gracias a la cooperaci\u00f3n de los cient\u00edficos que forman parte de la Colaboraci\u00f3n Internacional en el Observatorio Pierre Auger.<\/em><\/span><\/p>\n<p><!-- \/wp:paragraph --><\/p>\n<p>\u00a0<\/p>\t\t\t\t\t\t\t\t<\/div>\n\t\t\t\t<\/div>\n\t\t\t\t\t<\/div>\n\t\t<\/div>\n\t\t\t\t\t<\/div>\n\t\t<\/section>\n\t\t\t\t<\/div>\n\t\t","protected":false},"excerpt":{"rendered":"<p>AUGER EN FOCO El Observatorio Pierre Auger recibe un promedio de 10.000 visitantes al a\u00f1o. Durante cada visita surgen una serie de preguntas que requerir\u00edan de explicaciones m\u00e1s detalladas. La selecci\u00f3n de temas espec\u00edficos, que se repiten como parte de los interrogantes del p\u00fablico y la b\u00fasqueda de las mejores respuestas, fueron el punto de [&hellip;]<\/p>\n","protected":false},"author":6,"featured_media":0,"parent":0,"menu_order":0,"comment_status":"closed","ping_status":"closed","template":"","meta":{"footnotes":""},"class_list":["post-6759","page","type-page","status-publish","hentry"],"jetpack_sharing_enabled":true,"rttpg_featured_image_url":null,"rttpg_author":{"display_name":"Beatriz Garcia","author_link":"https:\/\/visitantes.auger.org.ar\/index.php\/author\/beatriz\/"},"rttpg_comment":0,"rttpg_category":null,"rttpg_excerpt":"AUGER EN FOCO El Observatorio Pierre Auger recibe un promedio de 10.000 visitantes al a\u00f1o. Durante cada visita surgen una serie de preguntas que requerir\u00edan de explicaciones m\u00e1s detalladas. La selecci\u00f3n de temas espec\u00edficos, que se repiten como parte de los interrogantes del p\u00fablico y la b\u00fasqueda de las mejores respuestas, fueron el punto de&hellip;","_links":{"self":[{"href":"https:\/\/visitantes.auger.org.ar\/index.php\/wp-json\/wp\/v2\/pages\/6759","targetHints":{"allow":["GET"]}}],"collection":[{"href":"https:\/\/visitantes.auger.org.ar\/index.php\/wp-json\/wp\/v2\/pages"}],"about":[{"href":"https:\/\/visitantes.auger.org.ar\/index.php\/wp-json\/wp\/v2\/types\/page"}],"author":[{"embeddable":true,"href":"https:\/\/visitantes.auger.org.ar\/index.php\/wp-json\/wp\/v2\/users\/6"}],"replies":[{"embeddable":true,"href":"https:\/\/visitantes.auger.org.ar\/index.php\/wp-json\/wp\/v2\/comments?post=6759"}],"version-history":[{"count":142,"href":"https:\/\/visitantes.auger.org.ar\/index.php\/wp-json\/wp\/v2\/pages\/6759\/revisions"}],"predecessor-version":[{"id":9939,"href":"https:\/\/visitantes.auger.org.ar\/index.php\/wp-json\/wp\/v2\/pages\/6759\/revisions\/9939"}],"wp:attachment":[{"href":"https:\/\/visitantes.auger.org.ar\/index.php\/wp-json\/wp\/v2\/media?parent=6759"}],"curies":[{"name":"wp","href":"https:\/\/api.w.org\/{rel}","templated":true}]}}