{"id":7763,"date":"2024-07-17T09:34:53","date_gmt":"2024-07-17T12:34:53","guid":{"rendered":"https:\/\/visitantes.auger.org.ar\/?page_id=7763"},"modified":"2024-07-18T12:45:49","modified_gmt":"2024-07-18T15:45:49","slug":"noticias","status":"publish","type":"page","link":"https:\/\/visitantes.auger.org.ar\/index.php\/noticias\/","title":{"rendered":"Noticias"},"content":{"rendered":"\t\t<div data-elementor-type=\"wp-page\" data-elementor-id=\"7763\" class=\"elementor elementor-7763\">\n\t\t\t\t\t\t<section class=\"elementor-section elementor-top-section elementor-element elementor-element-c1f9e5f elementor-section-full_width elementor-section-height-min-height elementor-section-height-default elementor-section-items-middle\" data-id=\"c1f9e5f\" data-element_type=\"section\" data-e-type=\"section\" data-settings=\"{&quot;background_background&quot;:&quot;classic&quot;}\">\n\t\t\t\t\t\t\t<div class=\"elementor-background-overlay\"><\/div>\n\t\t\t\t\t\t\t<div class=\"elementor-container elementor-column-gap-default\">\n\t\t\t\t\t<div class=\"elementor-column elementor-col-100 elementor-top-column elementor-element elementor-element-4aa709b\" data-id=\"4aa709b\" data-element_type=\"column\" data-e-type=\"column\">\n\t\t\t<div class=\"elementor-widget-wrap elementor-element-populated\">\n\t\t\t\t\t\t<div class=\"elementor-element elementor-element-75e993f elementor-widget elementor-widget-heading\" data-id=\"75e993f\" data-element_type=\"widget\" data-e-type=\"widget\" data-widget_type=\"heading.default\">\n\t\t\t\t<div class=\"elementor-widget-container\">\n\t\t\t\t\t<h2 class=\"elementor-heading-title elementor-size-default\">NOTICIAS<\/h2>\t\t\t\t<\/div>\n\t\t\t\t<\/div>\n\t\t\t\t\t<\/div>\n\t\t<\/div>\n\t\t\t\t\t<\/div>\n\t\t<\/section>\n\t\t\t\t<section class=\"elementor-section elementor-top-section elementor-element elementor-element-d21914f elementor-section-boxed elementor-section-height-default elementor-section-height-default\" data-id=\"d21914f\" data-element_type=\"section\" data-e-type=\"section\">\n\t\t\t\t\t\t<div class=\"elementor-container elementor-column-gap-default\">\n\t\t\t\t\t<div class=\"elementor-column elementor-col-100 elementor-top-column elementor-element elementor-element-adc168d\" data-id=\"adc168d\" data-element_type=\"column\" data-e-type=\"column\">\n\t\t\t<div class=\"elementor-widget-wrap elementor-element-populated\">\n\t\t\t\t\t\t<div class=\"elementor-element elementor-element-ea65272 elementor-widget elementor-widget-spacer\" data-id=\"ea65272\" data-element_type=\"widget\" data-e-type=\"widget\" data-widget_type=\"spacer.default\">\n\t\t\t\t<div class=\"elementor-widget-container\">\n\t\t\t\t\t\t\t<div class=\"elementor-spacer\">\n\t\t\t<div class=\"elementor-spacer-inner\"><\/div>\n\t\t<\/div>\n\t\t\t\t\t\t<\/div>\n\t\t\t\t<\/div>\n\t\t\t\t\t<\/div>\n\t\t<\/div>\n\t\t\t\t\t<\/div>\n\t\t<\/section>\n\t\t\t\t<section class=\"elementor-section elementor-top-section elementor-element elementor-element-4c7c0e4 elementor-section-boxed elementor-section-height-default elementor-section-height-default\" data-id=\"4c7c0e4\" data-element_type=\"section\" data-e-type=\"section\">\n\t\t\t\t\t\t<div class=\"elementor-container elementor-column-gap-default\">\n\t\t\t\t\t<div class=\"elementor-column elementor-col-100 elementor-top-column elementor-element elementor-element-040a6f9\" data-id=\"040a6f9\" data-element_type=\"column\" data-e-type=\"column\">\n\t\t\t<div class=\"elementor-widget-wrap elementor-element-populated\">\n\t\t\t\t\t\t<div class=\"elementor-element elementor-element-5c646a2 meta-visibility-show title_position_default title_hover_border_default title-default img_hover_animation_default meta_position_default readmore-btn-default-style grid-hover-overlay-type-always tpg-el-box-border-enable tpg-border-bottom-disable elementor-widget elementor-widget-tpg-grid-layout\" data-id=\"5c646a2\" data-element_type=\"widget\" data-e-type=\"widget\" data-widget_type=\"tpg-grid-layout.default\">\n\t\t\t\t<div class=\"elementor-widget-container\">\n\t\t\t\t\t\t\t<div class=\"rt-container-fluid rt-tpg-container tpg-el-main-wrapper clearfix grid-layout1-main \"\n\t\t\t id=\"rt-tpg-container-761849692\"\n\t\t\t data-layout=\"grid-layout1\"\n\t\t\t data-grid-style=\"tpg-full-height\"\n\t\t\t data-sc-id=\"elementor\"\n\t\t\t data-el-settings=''\n\t\t\t data-el-query=''\n\t\t\t data-el-path=''\n\t\t>\n\t\t\t\t\t\t<div class='tpg-header-wrapper '>\n\t\t\t\t\t\t\t<\/div>\n\n\t\t\t<div data-title=\"Loading ...\" class=\"rt-row rt-content-loader grid-layout1 grid-behaviour tpg-full-height grid_layout_wrapper\">\n\t\t\t\t<div class=\"rt-col-md-4 rt-col-sm-6 rt-col-xs-12 default rt-grid-item post-9951 post type-post status-publish format-standard has-post-thumbnail hentry category-novedades\"        data-id=\"9951\">\n    <div class=\"rt-holder tpg-post-holder \">\n        <div class=\"rt-detail rt-el-content-wrapper\">\n\t\t\t                <div class=\"rt-img-holder tpg-el-image-wrap has-thumbnail\">\n\t\t\t\t\t<a data-id=\"9951\" href=\"https:\/\/visitantes.auger.org.ar\/index.php\/reunion-de-marzo-de-la-colaboracion-en-el-observatorio-pierre-auger\/\" class=\"tpg-post-link\" target=\"_self\">                        <img fetchpriority=\"high\" decoding=\"async\" src=\"https:\/\/visitantes.auger.org.ar\/wp-content\/uploads\/2026\/03\/meeing-march-768x382.png\"\n                             class=\"rt-img-responsive\"\n                             width=\"768\"\n                             height=\"382\"\n                             alt=\"Reuni\u00f3n de marzo de la Colaboraci\u00f3n en el Observatorio Pierre Auger\">\n                        \n                            \n        <\/a>\n                <div class=\"overlay grid-hover-content\"><\/div>\n                        <\/div>\n\t\t\t\n\t\t\t<div class=\"entry-title-wrapper\"><h3 class=\"entry-title\"><a data-id=\"9951\" href=\"https:\/\/visitantes.auger.org.ar\/index.php\/reunion-de-marzo-de-la-colaboracion-en-el-observatorio-pierre-auger\/\" class=\"tpg-post-link\" target=\"_self\">Reuni\u00f3n de marzo de la Colaboraci\u00f3n en el Observatorio Pierre Auger<\/a><\/h3><\/div>\n\t\t\t                <div class=\"post-meta-tags rt-el-post-meta\">\n\t\t\t\t\t            <span class='date'>\n\t\t\t\t<i class='far fa-calendar-alt '><\/i>                                    <a href=\"https:\/\/visitantes.auger.org.ar\/index.php\/2026\/03\/23\/\">\n\t\t\t\t\tmarzo 23, 2026\t\t\t\t<\/a>\n                \t\t\t<\/span>\n                            <\/div>\n\t\t\t\n\n\t\t\t                <div class=\"tpg-excerpt tpg-el-excerpt\">\n\t\t\t\t\t                        <div class=\"tpg-excerpt-inner\">\n\t\t\t\t\t\t\tEl 22 de marzo de 2026 comenz\u00f3 la reuni\u00f3n de la Colaboraci\u00f3n Internacional en el Observatorio Pierre Auger. Adem\u00e1s de la bienvenida, por parte de los directores cient\u00edficos Antonella Castellina y...                        <\/div>\n\t\t\t\t\t\t\t\t\t\t                <\/div>\n\t\t\t\n\t\t\t        <div class=\"post-footer\">\n            <div class=\"post-footer\">\n                <div class=\"read-more\">\n                    <a data-id=\"9951\" href=\"https:\/\/visitantes.auger.org.ar\/index.php\/reunion-de-marzo-de-la-colaboracion-en-el-observatorio-pierre-auger\/\" class=\"tpg-post-link\" target=\"_self\">Leer nota<\/a>                <\/div>\n            <\/div>\n        <\/div>\n                <\/div>\n    <\/div>\n<\/div>\n<div class=\"rt-col-md-4 rt-col-sm-6 rt-col-xs-12 default rt-grid-item post-9941 post type-post status-publish format-standard has-post-thumbnail hentry category-novedades\"        data-id=\"9941\">\n    <div class=\"rt-holder tpg-post-holder \">\n        <div class=\"rt-detail rt-el-content-wrapper\">\n\t\t\t                <div class=\"rt-img-holder tpg-el-image-wrap has-thumbnail\">\n\t\t\t\t\t<a data-id=\"9941\" href=\"https:\/\/visitantes.auger.org.ar\/index.php\/vistan-el-pierre-auger-estudiantes-de-la-universidad-de-michingan\/\" class=\"tpg-post-link\" target=\"_self\">                        <img decoding=\"async\" src=\"https:\/\/visitantes.auger.org.ar\/wp-content\/uploads\/2026\/03\/20260302_122558-768x432.jpg\"\n                             class=\"rt-img-responsive\"\n                             width=\"768\"\n                             height=\"432\"\n                             alt=\"Visitaron el Observatorio Pierre Auger estudiantes de la Universidad de Michingan\">\n                        \n                            \n        <\/a>\n                <div class=\"overlay grid-hover-content\"><\/div>\n                        <\/div>\n\t\t\t\n\t\t\t<div class=\"entry-title-wrapper\"><h3 class=\"entry-title\"><a data-id=\"9941\" href=\"https:\/\/visitantes.auger.org.ar\/index.php\/vistan-el-pierre-auger-estudiantes-de-la-universidad-de-michingan\/\" class=\"tpg-post-link\" target=\"_self\">Visitaron el Observatorio Pierre Auger estudiantes de la Universidad de Michingan<\/a><\/h3><\/div>\n\t\t\t                <div class=\"post-meta-tags rt-el-post-meta\">\n\t\t\t\t\t            <span class='date'>\n\t\t\t\t<i class='far fa-calendar-alt '><\/i>                                    <a href=\"https:\/\/visitantes.auger.org.ar\/index.php\/2026\/03\/18\/\">\n\t\t\t\t\tmarzo 18, 2026\t\t\t\t<\/a>\n                \t\t\t<\/span>\n                            <\/div>\n\t\t\t\n\n\t\t\t                <div class=\"tpg-excerpt tpg-el-excerpt\">\n\t\t\t\t\t                        <div class=\"tpg-excerpt-inner\">\n\t\t\t\t\t\t\tComo cada a\u00f1o, estudiantes de la Universidad de Michigan, de la mano de David Nitz, visitan el Observatorio Pierre Auger y el departamento de Malarg\u00fce. En esta oportunidad y desde el 23 de febrero al...                        <\/div>\n\t\t\t\t\t\t\t\t\t\t                <\/div>\n\t\t\t\n\t\t\t        <div class=\"post-footer\">\n            <div class=\"post-footer\">\n                <div class=\"read-more\">\n                    <a data-id=\"9941\" href=\"https:\/\/visitantes.auger.org.ar\/index.php\/vistan-el-pierre-auger-estudiantes-de-la-universidad-de-michingan\/\" class=\"tpg-post-link\" target=\"_self\">Leer nota<\/a>                <\/div>\n            <\/div>\n        <\/div>\n                <\/div>\n    <\/div>\n<\/div>\n<div class=\"rt-col-md-4 rt-col-sm-6 rt-col-xs-12 default rt-grid-item post-9927 post type-post status-publish format-standard has-post-thumbnail hentry category-novedades\"        data-id=\"9927\">\n    <div class=\"rt-holder tpg-post-holder \">\n        <div class=\"rt-detail rt-el-content-wrapper\">\n\t\t\t                <div class=\"rt-img-holder tpg-el-image-wrap has-thumbnail\">\n\t\t\t\t\t<a data-id=\"9927\" href=\"https:\/\/visitantes.auger.org.ar\/index.php\/se-publica-en-auger-en-foco-15\/\" class=\"tpg-post-link\" target=\"_self\">                        <img decoding=\"async\" src=\"https:\/\/visitantes.auger.org.ar\/wp-content\/uploads\/2026\/03\/tapa-1-768x562.png\"\n                             class=\"rt-img-responsive\"\n                             width=\"768\"\n                             height=\"562\"\n                             alt=\"Se publica el Auger en Foco #15\">\n                        \n                            \n        <\/a>\n                <div class=\"overlay grid-hover-content\"><\/div>\n                        <\/div>\n\t\t\t\n\t\t\t<div class=\"entry-title-wrapper\"><h3 class=\"entry-title\"><a data-id=\"9927\" href=\"https:\/\/visitantes.auger.org.ar\/index.php\/se-publica-en-auger-en-foco-15\/\" class=\"tpg-post-link\" target=\"_self\">Se publica el Auger en Foco #15<\/a><\/h3><\/div>\n\t\t\t                <div class=\"post-meta-tags rt-el-post-meta\">\n\t\t\t\t\t            <span class='date'>\n\t\t\t\t<i class='far fa-calendar-alt '><\/i>                                    <a href=\"https:\/\/visitantes.auger.org.ar\/index.php\/2026\/03\/06\/\">\n\t\t\t\t\tmarzo 6, 2026\t\t\t\t<\/a>\n                \t\t\t<\/span>\n                            <\/div>\n\t\t\t\n\n\t\t\t                <div class=\"tpg-excerpt tpg-el-excerpt\">\n\t\t\t\t\t                        <div class=\"tpg-excerpt-inner\">\n\t\t\t\t\t\t\tCada bimestre el Observatorio Pierre Auger comparte sus actividades, proyectos y descubrimientos a trav\u00e9s del bolet\u00edn de novedades &#8220;Auger en Foco&#8221;. El primer n\u00famero de 2026 est\u00e1 dedicado a...                        <\/div>\n\t\t\t\t\t\t\t\t\t\t                <\/div>\n\t\t\t\n\t\t\t        <div class=\"post-footer\">\n            <div class=\"post-footer\">\n                <div class=\"read-more\">\n                    <a data-id=\"9927\" href=\"https:\/\/visitantes.auger.org.ar\/index.php\/se-publica-en-auger-en-foco-15\/\" class=\"tpg-post-link\" target=\"_self\">Leer nota<\/a>                <\/div>\n            <\/div>\n        <\/div>\n                <\/div>\n    <\/div>\n<\/div>\n<div class=\"rt-col-md-4 rt-col-sm-6 rt-col-xs-12 default rt-grid-item post-9879 post type-post status-publish format-standard has-post-thumbnail hentry category-novedades\"        data-id=\"9879\">\n    <div class=\"rt-holder tpg-post-holder \">\n        <div class=\"rt-detail rt-el-content-wrapper\">\n\t\t\t                <div class=\"rt-img-holder tpg-el-image-wrap has-thumbnail\">\n\t\t\t\t\t<a data-id=\"9879\" href=\"https:\/\/visitantes.auger.org.ar\/index.php\/11f-dia-internacional-de-la-mujer-y-la-nina-en-ciencias\/\" class=\"tpg-post-link\" target=\"_self\">                        <img loading=\"lazy\" decoding=\"async\" src=\"https:\/\/visitantes.auger.org.ar\/wp-content\/uploads\/2026\/02\/11F-2026-768x432.png\"\n                             class=\"rt-img-responsive\"\n                             width=\"768\"\n                             height=\"432\"\n                             alt=\"11F &#8211; D\u00eda Internacional de la Mujer y la Ni\u00f1a en Ciencias\">\n                        \n                            \n        <\/a>\n                <div class=\"overlay grid-hover-content\"><\/div>\n                        <\/div>\n\t\t\t\n\t\t\t<div class=\"entry-title-wrapper\"><h3 class=\"entry-title\"><a data-id=\"9879\" href=\"https:\/\/visitantes.auger.org.ar\/index.php\/11f-dia-internacional-de-la-mujer-y-la-nina-en-ciencias\/\" class=\"tpg-post-link\" target=\"_self\">11F &#8211; D\u00eda Internacional de la Mujer y la Ni\u00f1a en Ciencias<\/a><\/h3><\/div>\n\t\t\t                <div class=\"post-meta-tags rt-el-post-meta\">\n\t\t\t\t\t            <span class='date'>\n\t\t\t\t<i class='far fa-calendar-alt '><\/i>                                    <a href=\"https:\/\/visitantes.auger.org.ar\/index.php\/2026\/02\/11\/\">\n\t\t\t\t\tfebrero 11, 2026\t\t\t\t<\/a>\n                \t\t\t<\/span>\n                            <\/div>\n\t\t\t\n\n\t\t\t                <div class=\"tpg-excerpt tpg-el-excerpt\">\n\t\t\t\t\t                        <div class=\"tpg-excerpt-inner\">\n\t\t\t\t\t\t\tLos grupos de Mujeres y J\u00f3venes Investigadores de Auger organizaron una convocatoria en l\u00ednea para toda la colaboraci\u00f3n con motivo del D\u00eda Internacional de la Mujer y la Ni\u00f1a en la Ciencia, el 11 de...                        <\/div>\n\t\t\t\t\t\t\t\t\t\t                <\/div>\n\t\t\t\n\t\t\t        <div class=\"post-footer\">\n            <div class=\"post-footer\">\n                <div class=\"read-more\">\n                    <a data-id=\"9879\" href=\"https:\/\/visitantes.auger.org.ar\/index.php\/11f-dia-internacional-de-la-mujer-y-la-nina-en-ciencias\/\" class=\"tpg-post-link\" target=\"_self\">Leer nota<\/a>                <\/div>\n            <\/div>\n        <\/div>\n                <\/div>\n    <\/div>\n<\/div>\n\t\t\t<\/div>\n\t\t\t<div class='rt-pagination-wrap' data-total-pages='24' data-posts-per-page='4' data-type='pagination'><div class=\"rt-pagination\"><ul class=\"pagination-list\"><li class=\"active\"><span>1<\/span><\/li><li><a data-paged='2' href='https:\/\/visitantes.auger.org.ar\/index.php\/wp-json\/wp\/v2\/pages\/7763\/page\/2\/'>2<\/a><\/li><li><a data-paged='3' href='https:\/\/visitantes.auger.org.ar\/index.php\/wp-json\/wp\/v2\/pages\/7763\/page\/3\/'>3<\/a><\/li><li><a data-paged='4' href='https:\/\/visitantes.auger.org.ar\/index.php\/wp-json\/wp\/v2\/pages\/7763\/page\/4\/'>4<\/a><\/li><li><a data-paged='5' href='https:\/\/visitantes.auger.org.ar\/index.php\/wp-json\/wp\/v2\/pages\/7763\/page\/5\/'>5<\/a><\/li><li><a data-paged='2' href=\"https:\/\/visitantes.auger.org.ar\/index.php\/wp-json\/wp\/v2\/pages\/7763\/page\/2\/\" aria-label='Next'>&rsaquo;<\/a><\/li><li><a data-paged='24' href='https:\/\/visitantes.auger.org.ar\/index.php\/wp-json\/wp\/v2\/pages\/7763\/page\/24\/' aria-label='Last'>&raquo;<\/a><\/li><\/ul><\/div><\/div>\n\t\t<\/div>\n\t\t\t\t\t\t<\/div>\n\t\t\t\t<\/div>\n\t\t\t\t\t<\/div>\n\t\t<\/div>\n\t\t\t\t\t<\/div>\n\t\t<\/section>\n\t\t\t\t<\/div>\n\t\t","protected":false},"excerpt":{"rendered":"<p>NOTICIAS Semana Argentina de la Ciencia y la Tecnolog\u00eda octubre 1, 2023 Desde el 2 al 8 de octubre se celebra en todo el pa\u00eds la Semana Nacional de la CyT. El Pierre Auger se suma a esta actividad con una jornada para experimentar con la luz y las part\u00edculas. Las escuelas&#8230; Leer nota El [&hellip;]<\/p>\n","protected":false},"author":11,"featured_media":0,"parent":0,"menu_order":0,"comment_status":"closed","ping_status":"closed","template":"","meta":{"footnotes":""},"class_list":["post-7763","page","type-page","status-publish","hentry"],"jetpack_sharing_enabled":true,"rttpg_featured_image_url":null,"rttpg_author":{"display_name":"Carlos Aluch","author_link":"https:\/\/visitantes.auger.org.ar\/index.php\/author\/carlos\/"},"rttpg_comment":0,"rttpg_category":"","rttpg_excerpt":"NOTICIAS Semana Argentina de la Ciencia y la Tecnolog\u00eda octubre 1, 2023 Desde el 2 al 8 de octubre se celebra en todo el pa\u00eds la Semana Nacional de la CyT. El Pierre Auger se suma a esta actividad con una jornada para experimentar con la luz y las part\u00edculas. Las escuelas&#8230; Leer nota El&hellip;","_links":{"self":[{"href":"https:\/\/visitantes.auger.org.ar\/index.php\/wp-json\/wp\/v2\/pages\/7763","targetHints":{"allow":["GET"]}}],"collection":[{"href":"https:\/\/visitantes.auger.org.ar\/index.php\/wp-json\/wp\/v2\/pages"}],"about":[{"href":"https:\/\/visitantes.auger.org.ar\/index.php\/wp-json\/wp\/v2\/types\/page"}],"author":[{"embeddable":true,"href":"https:\/\/visitantes.auger.org.ar\/index.php\/wp-json\/wp\/v2\/users\/11"}],"replies":[{"embeddable":true,"href":"https:\/\/visitantes.auger.org.ar\/index.php\/wp-json\/wp\/v2\/comments?post=7763"}],"version-history":[{"count":10,"href":"https:\/\/visitantes.auger.org.ar\/index.php\/wp-json\/wp\/v2\/pages\/7763\/revisions"}],"predecessor-version":[{"id":7967,"href":"https:\/\/visitantes.auger.org.ar\/index.php\/wp-json\/wp\/v2\/pages\/7763\/revisions\/7967"}],"wp:attachment":[{"href":"https:\/\/visitantes.auger.org.ar\/index.php\/wp-json\/wp\/v2\/media?parent=7763"}],"curies":[{"name":"wp","href":"https:\/\/api.w.org\/{rel}","templated":true}]}}